{"id":1642,"date":"2020-07-21T11:16:03","date_gmt":"2020-07-21T09:16:03","guid":{"rendered":"http:\/\/www.kunertwellpappe.de\/?page_id=1642"},"modified":"2023-05-19T21:18:16","modified_gmt":"2023-05-19T19:18:16","slug":"herkunft-zukunft","status":"publish","type":"page","link":"https:\/\/www.kunertwellpappe.de\/de\/herkunft-zukunft\/","title":{"rendered":"Herkunft &#038; Zukunft"},"content":{"rendered":"\t\t<div data-elementor-type=\"wp-page\" data-elementor-id=\"1642\" class=\"elementor elementor-1642\" data-elementor-settings=\"{&quot;element_pack_global_tooltip_width&quot;:{&quot;unit&quot;:&quot;px&quot;,&quot;size&quot;:&quot;&quot;,&quot;sizes&quot;:[]},&quot;element_pack_global_tooltip_width_tablet&quot;:{&quot;unit&quot;:&quot;px&quot;,&quot;size&quot;:&quot;&quot;,&quot;sizes&quot;:[]},&quot;element_pack_global_tooltip_width_mobile&quot;:{&quot;unit&quot;:&quot;px&quot;,&quot;size&quot;:&quot;&quot;,&quot;sizes&quot;:[]},&quot;element_pack_global_tooltip_padding&quot;:{&quot;unit&quot;:&quot;px&quot;,&quot;top&quot;:&quot;&quot;,&quot;right&quot;:&quot;&quot;,&quot;bottom&quot;:&quot;&quot;,&quot;left&quot;:&quot;&quot;,&quot;isLinked&quot;:true},&quot;element_pack_global_tooltip_padding_tablet&quot;:{&quot;unit&quot;:&quot;px&quot;,&quot;top&quot;:&quot;&quot;,&quot;right&quot;:&quot;&quot;,&quot;bottom&quot;:&quot;&quot;,&quot;left&quot;:&quot;&quot;,&quot;isLinked&quot;:true},&quot;element_pack_global_tooltip_padding_mobile&quot;:{&quot;unit&quot;:&quot;px&quot;,&quot;top&quot;:&quot;&quot;,&quot;right&quot;:&quot;&quot;,&quot;bottom&quot;:&quot;&quot;,&quot;left&quot;:&quot;&quot;,&quot;isLinked&quot;:true},&quot;element_pack_global_tooltip_border_radius&quot;:{&quot;unit&quot;:&quot;px&quot;,&quot;top&quot;:&quot;&quot;,&quot;right&quot;:&quot;&quot;,&quot;bottom&quot;:&quot;&quot;,&quot;left&quot;:&quot;&quot;,&quot;isLinked&quot;:true},&quot;element_pack_global_tooltip_border_radius_tablet&quot;:{&quot;unit&quot;:&quot;px&quot;,&quot;top&quot;:&quot;&quot;,&quot;right&quot;:&quot;&quot;,&quot;bottom&quot;:&quot;&quot;,&quot;left&quot;:&quot;&quot;,&quot;isLinked&quot;:true},&quot;element_pack_global_tooltip_border_radius_mobile&quot;:{&quot;unit&quot;:&quot;px&quot;,&quot;top&quot;:&quot;&quot;,&quot;right&quot;:&quot;&quot;,&quot;bottom&quot;:&quot;&quot;,&quot;left&quot;:&quot;&quot;,&quot;isLinked&quot;:true}}\" data-elementor-post-type=\"page\">\n\t\t\t\t\t\t<section class=\"elementor-section elementor-top-section elementor-element elementor-element-9f53047 elementor-section-stretched elementor-section-full_width elementor-section-height-min-height elementor-section-height-default elementor-section-items-middle\" data-id=\"9f53047\" data-element_type=\"section\" data-e-type=\"section\" data-settings=\"{&quot;stretch_section&quot;:&quot;section-stretched&quot;,&quot;background_background&quot;:&quot;slideshow&quot;,&quot;background_slideshow_gallery&quot;:[{&quot;id&quot;:1797,&quot;url&quot;:&quot;https:\\\/\\\/www.kunertwellpappe.de\\\/de\\\/wp-content\\\/uploads\\\/2020\\\/07\\\/Kunert_Herkunft-und-Zukunft.png&quot;}],&quot;background_slideshow_ken_burns&quot;:&quot;yes&quot;,&quot;jet_parallax_layout_list&quot;:[],&quot;background_slideshow_loop&quot;:&quot;yes&quot;,&quot;background_slideshow_slide_duration&quot;:5000,&quot;background_slideshow_slide_transition&quot;:&quot;fade&quot;,&quot;background_slideshow_transition_duration&quot;:500,&quot;background_slideshow_ken_burns_zoom_direction&quot;:&quot;in&quot;}\">\n\t\t\t\t\t\t<div class=\"elementor-container elementor-column-gap-default\">\n\t\t\t\t\t<div class=\"elementor-column elementor-col-100 elementor-top-column elementor-element elementor-element-c37b44e\" data-id=\"c37b44e\" data-element_type=\"column\" data-e-type=\"column\">\n\t\t\t<div class=\"elementor-widget-wrap\">\n\t\t\t\t\t\t\t<\/div>\n\t\t<\/div>\n\t\t\t\t\t<\/div>\n\t\t<\/section>\n\t\t\t\t<section class=\"elementor-section elementor-top-section elementor-element elementor-element-b25bb29 elementor-section-boxed elementor-section-height-default elementor-section-height-default\" data-id=\"b25bb29\" data-element_type=\"section\" data-e-type=\"section\" data-settings=\"{&quot;jet_parallax_layout_list&quot;:[]}\">\n\t\t\t\t\t\t<div class=\"elementor-container elementor-column-gap-default\">\n\t\t\t\t\t<div class=\"elementor-column elementor-col-100 elementor-top-column elementor-element elementor-element-b83634c\" data-id=\"b83634c\" data-element_type=\"column\" data-e-type=\"column\">\n\t\t\t<div class=\"elementor-widget-wrap elementor-element-populated\">\n\t\t\t\t\t\t<div class=\"elementor-element elementor-element-a92c638 elementor-widget elementor-widget-heading\" data-id=\"a92c638\" data-element_type=\"widget\" data-e-type=\"widget\" data-widget_type=\"heading.default\">\n\t\t\t\t<div class=\"elementor-widget-container\">\n\t\t\t\t\t<h1 class=\"elementor-heading-title elementor-size-default\">Herkunft &amp; Zukunft<\/h1>\t\t\t\t<\/div>\n\t\t\t\t<\/div>\n\t\t\t\t<div class=\"elementor-element elementor-element-4d24aa4 elementor-widget elementor-widget-heading\" data-id=\"4d24aa4\" data-element_type=\"widget\" data-e-type=\"widget\" data-widget_type=\"heading.default\">\n\t\t\t\t<div class=\"elementor-widget-container\">\n\t\t\t\t\t<h2 class=\"elementor-heading-title elementor-size-default\">Wir sind ein kundenorientiertes und traditionsbewusstes Serviceunternehmen. Gemeinsam mit Ihnen setzen wir Ma\u00dfst\u00e4be!<\/h2>\t\t\t\t<\/div>\n\t\t\t\t<\/div>\n\t\t\t\t<div class=\"elementor-element elementor-element-c990f3e elementor-widget elementor-widget-text-editor\" data-id=\"c990f3e\" data-element_type=\"widget\" data-e-type=\"widget\" data-widget_type=\"text-editor.default\">\n\t\t\t\t<div class=\"elementor-widget-container\">\n\t\t\t\t\t\t\t\t\t<p>Hier k\u00f6nnen Sie etwas eintauchen in die Geschichte und den Unternehmergeist der Familie Kunert. Wie hat alles begonnen? Was treibt uns an?<\/p>\t\t\t\t\t\t\t\t<\/div>\n\t\t\t\t<\/div>\n\t\t\t\t\t<\/div>\n\t\t<\/div>\n\t\t\t\t\t<\/div>\n\t\t<\/section>\n\t\t\t\t<section class=\"elementor-section elementor-top-section elementor-element elementor-element-af52661 elementor-section-stretched elementor-section-boxed elementor-section-height-default elementor-section-height-default elementor-invisible\" data-id=\"af52661\" data-element_type=\"section\" data-e-type=\"section\" data-settings=\"{&quot;animation&quot;:&quot;fadeInUp&quot;,&quot;stretch_section&quot;:&quot;section-stretched&quot;,&quot;jet_parallax_layout_list&quot;:[]}\">\n\t\t\t\t\t\t<div class=\"elementor-container elementor-column-gap-default\">\n\t\t\t\t\t<div class=\"elementor-column elementor-col-100 elementor-top-column elementor-element elementor-element-2933588\" data-id=\"2933588\" data-element_type=\"column\" data-e-type=\"column\">\n\t\t\t<div class=\"elementor-widget-wrap elementor-element-populated\">\n\t\t\t\t\t\t<div class=\"elementor-element elementor-element-5f0cfcd elementor-widget elementor-widget-bdt-timeline\" data-id=\"5f0cfcd\" data-element_type=\"widget\" data-e-type=\"widget\" data-widget_type=\"bdt-timeline.default\">\n\t\t\t\t<div class=\"elementor-widget-container\">\n\t\t\t\t\t\t\t<div id=\"bdt-timeline-5f0cfcd\" class=\"bdt-timeline bdt-timeline-skin-default bdt-timeline-center\">\n\t\t\t<div class=\"bdt-grid bdt-grid-collapse\" bdt-grid>\n\t\t\t\t\t\t\t\t\t<div class=\" bdt-width-1-2@m bdt-timeline-item left-part\">\n\t\t\t\t\t\t<div class=\"bdt-timeline-item-main-wrapper\">\n\t\t\t\t\t\t\t\t\t\t\t\t\t\t\t<div class=\"bdt-timeline-line\">\n\t\t\t\t\t\t\t\t\t<span ><\/span>\n\t\t\t\t\t\t\t\t<\/div>\n\t\t\t\t\t\t\t\t\t\t\t\t\t\t<div class=\"bdt-timeline-item-main-container\">\n\t\t\t\t\t\t\t\t\t\t\t\t\t\t\t\t\t\t\t\t\t\t\t\t<div class=\"bdt-timeline-icon\" >\n\t\t\t\t\t\t\t\t\t<span>\n\t\t\t\t\t\t\t\t\t\t\t\t\t\t\t\t\t\t\t\t\t\t\t\t\t\t\t\t\t\t\t\t\t<i aria-hidden=\"true\" class=\"fas fa-arrow-left\"><\/i>\t\t\t\t\t\t\t\t\t\t\t\t\t\t\t\t\t\t\t\t\t\t\t\t\t\t\t\t\t\t<\/span>\n\t\t\t\t\t\t\t\t<\/div>\n\t\t\t\t\t\t\t\t\t\t<div class=\"bdt-timeline-item-main elementor-repeater-item-d8cbf63\" >\n\t\t\t\t\t\t\t<span class=\"bdt-timeline-arrow\"><\/span>\n\t\t\t\t\t\t\t\t\t\t<span class=\"bdt-timeline-arrow bdt-visible@m\"><\/span>\n\t\t\t\t\t\t\t\t\t<div class=\"bdt-timeline-desc\">\n\t\t\t\t\t\t<h4 class=\"bdt-timeline-title\">\n\t\t\t\t\t\t\t<a href=\"\" title=\"Alois Paul gr\u00fcndet die Schachtelproduktion in Eulau im Sudetenland.\">\n\t\t\t\t\tAlois Paul gr\u00fcndet die Schachtelproduktion in Eulau im Sudetenland.\t\t\t\t<\/a>\n\t\t\t\t\t<\/h4>\n\t\t\t\t\t\t\t\t\t\t\t\t\t<div class=\"bdt-timeline-excerpt\">\n\t\t\t\t<p><img fetchpriority=\"high\" decoding=\"async\" class=\"alignnone size-medium wp-image-1655\" src=\"https:\/\/www.kunertwellpappe.de\/de\/wp-content\/uploads\/2020\/07\/csm_zeitstrahl-gruppe-alois-paul_e6f8f84077-300x176.jpg\" alt=\"\" width=\"300\" height=\"176\" srcset=\"https:\/\/www.kunertwellpappe.de\/de\/wp-content\/uploads\/2020\/07\/csm_zeitstrahl-gruppe-alois-paul_e6f8f84077-300x176.jpg 300w, https:\/\/www.kunertwellpappe.de\/de\/wp-content\/uploads\/2020\/07\/csm_zeitstrahl-gruppe-alois-paul_e6f8f84077.jpg 340w\" sizes=\"(max-width: 300px) 100vw, 300px\" \/><\/p>\t\t\t<\/div>\n\t\t\t\t\t\t\t\t\t\t<\/div>\n\t\t<\/div>\n\t\t\t\t\t\t\t\t\t<\/div>\n\t\t\t\t\t\t<\/div>\n\t\t\t\t\t<\/div>\n\t\t\t\t\t\t\t\t\t\t\t\t\t<div class=\"bdt-timeline-item bdt-width-1-2@m bdt-visible@m\">\n\t\t\t<div class=\"bdt-timeline-date bdt-text-left\" >\n\t\t\t\t<span>1893<\/span>\n\t\t\t<\/div>\n\t\t<\/div>\n\t\t\t\t\t\t\t\t\t\t\t\t\t<div class=\"bdt-timeline-item bdt-width-1-2@m bdt-visible@m\">\n\t\t\t<div class=\"bdt-timeline-date bdt-text-right\" >\n\t\t\t\t<span>1945<\/span>\n\t\t\t<\/div>\n\t\t<\/div>\n\t\t\t\t\t\t\t<div class=\" bdt-width-1-2@m bdt-timeline-item right-part\">\n\t\t\t\t\t\t<div class=\"bdt-timeline-item-main-wrapper\">\n\t\t\t\t\t\t\t\t\t\t\t\t\t\t\t<div class=\"bdt-timeline-line\">\n\t\t\t\t\t\t\t\t\t<span ><\/span>\n\t\t\t\t\t\t\t\t<\/div>\n\t\t\t\t\t\t\t\t\t\t\t\t\t\t<div class=\"bdt-timeline-item-main-container\">\n\t\t\t\t\t\t\t\t\t\t\t\t\t\t\t\t\t\t\t\t\t\t\t\t<div class=\"bdt-timeline-icon\" >\n\t\t\t\t\t\t\t\t\t<span>\n\t\t\t\t\t\t\t\t\t\t\t\t\t\t\t\t\t\t\t\t\t\t\t\t\t\t\t\t\t\t\t\t\t<i aria-hidden=\"true\" class=\"fas fa-arrow-right\"><\/i>\t\t\t\t\t\t\t\t\t\t\t\t\t\t\t\t\t\t\t\t\t\t\t\t\t\t\t\t\t\t<\/span>\n\t\t\t\t\t\t\t\t<\/div>\n\t\t\t\t\t\t\t\t\t\t<div class=\"bdt-timeline-item-main elementor-repeater-item-ec55bf9\" >\n\t\t\t\t\t\t\t<span class=\"bdt-timeline-arrow\"><\/span>\n\t\t\t\t\t\t\t\t\t\t<span class=\"bdt-timeline-arrow bdt-visible@m\"><\/span>\n\t\t\t\t\t\t\t\t\t<div class=\"bdt-timeline-desc\">\n\t\t\t\t\t\t<h4 class=\"bdt-timeline-title bdt-timeline-title\">\n\t\t\t\t\t\t\t<a href=\"https:\/\/bdthemes.com\" title=\"Enteignung und Vertreibung der Familie Kunert aus Eulau. Das Werk mit 250 Mitarbeitern wird aufgegeben.\" target=\"_blank\" rel=\"noopener\">\n\t\t\t\t\tEnteignung und Vertreibung der Familie Kunert aus Eulau. Das Werk mit 250 Mitarbeitern wird aufgegeben.\t\t\t\t<\/a>\n\t\t\t\t\t<\/h4>\n\t\t\t\t\t\t\t\t\t\t\t\t\t<div class=\"bdt-timeline-excerpt\">\n\t\t\t\t<p><img decoding=\"async\" class=\"alignnone size-medium wp-image-1654\" src=\"https:\/\/www.kunertwellpappe.de\/de\/wp-content\/uploads\/2020\/07\/csm_zeitstrahl-gruppe-paul-und-co-eulau_9e9f58a9f7-300x176.jpg\" alt=\"\" width=\"300\" height=\"176\" srcset=\"https:\/\/www.kunertwellpappe.de\/de\/wp-content\/uploads\/2020\/07\/csm_zeitstrahl-gruppe-paul-und-co-eulau_9e9f58a9f7-300x176.jpg 300w, https:\/\/www.kunertwellpappe.de\/de\/wp-content\/uploads\/2020\/07\/csm_zeitstrahl-gruppe-paul-und-co-eulau_9e9f58a9f7.jpg 340w\" sizes=\"(max-width: 300px) 100vw, 300px\" \/><\/p>\t\t\t<\/div>\n\t\t\t\t\t\t\t\t\t\t<\/div>\n\t\t<\/div>\n\t\t\t\t\t\t\t\t\t<\/div>\n\t\t\t\t\t\t<\/div>\n\t\t\t\t\t<\/div>\n\t\t\t\t\t\t\t\t\t\t\t\t\t\t<div class=\" bdt-width-1-2@m bdt-timeline-item left-part\">\n\t\t\t\t\t\t<div class=\"bdt-timeline-item-main-wrapper\">\n\t\t\t\t\t\t\t\t\t\t\t\t\t\t\t<div class=\"bdt-timeline-line\">\n\t\t\t\t\t\t\t\t\t<span ><\/span>\n\t\t\t\t\t\t\t\t<\/div>\n\t\t\t\t\t\t\t\t\t\t\t\t\t\t<div class=\"bdt-timeline-item-main-container\">\n\t\t\t\t\t\t\t\t\t\t\t\t\t\t\t\t\t\t\t\t\t\t\t\t<div class=\"bdt-timeline-icon\" >\n\t\t\t\t\t\t\t\t\t<span>\n\t\t\t\t\t\t\t\t\t\t\t\t\t\t\t\t\t\t\t\t\t\t\t\t\t\t\t\t\t\t\t\t\t<i aria-hidden=\"true\" class=\"fas fa-arrow-left\"><\/i>\t\t\t\t\t\t\t\t\t\t\t\t\t\t\t\t\t\t\t\t\t\t\t\t\t\t\t\t\t\t<\/span>\n\t\t\t\t\t\t\t\t<\/div>\n\t\t\t\t\t\t\t\t\t\t<div class=\"bdt-timeline-item-main elementor-repeater-item-2e58be4\" >\n\t\t\t\t\t\t\t<span class=\"bdt-timeline-arrow\"><\/span>\n\t\t\t\t\t\t\t\t\t\t<span class=\"bdt-timeline-arrow bdt-visible@m\"><\/span>\n\t\t\t\t\t\t\t\t\t<div class=\"bdt-timeline-desc\">\n\t\t\t\t\t\t<h4 class=\"bdt-timeline-title bdt-timeline-title bdt-timeline-title\">\n\t\t\t\t\t\t\t<a href=\"https:\/\/bdthemes.com\" title=\"Gr\u00fcndung der \u201eWellpappen &amp; Kartonagenfabrik Paul &amp; Co\u201c in Bad Neustadt.\" target=\"_blank\" rel=\"noopener\">\n\t\t\t\t\tGr\u00fcndung der \u201eWellpappen &amp; Kartonagenfabrik Paul &amp; Co\u201c in Bad Neustadt.\t\t\t\t<\/a>\n\t\t\t\t\t<\/h4>\n\t\t\t\t\t\t\t\t\t\t\t\t\t<div class=\"bdt-timeline-excerpt\">\n\t\t\t\t\t\t\t<\/div>\n\t\t\t\t\t\t\t\t\t\t<\/div>\n\t\t<\/div>\n\t\t\t\t\t\t\t\t\t<\/div>\n\t\t\t\t\t\t<\/div>\n\t\t\t\t\t<\/div>\n\t\t\t\t\t\t\t\t\t\t\t\t\t<div class=\"bdt-timeline-item bdt-width-1-2@m bdt-visible@m\">\n\t\t\t<div class=\"bdt-timeline-date bdt-text-left\" >\n\t\t\t\t<span>1948<\/span>\n\t\t\t<\/div>\n\t\t<\/div>\n\t\t\t\t\t\t\t\t\t\t\t\t\t<div class=\"bdt-timeline-item bdt-width-1-2@m bdt-visible@m\">\n\t\t\t<div class=\"bdt-timeline-date bdt-text-right\" >\n\t\t\t\t<span>1957<\/span>\n\t\t\t<\/div>\n\t\t<\/div>\n\t\t\t\t\t\t\t<div class=\" bdt-width-1-2@m bdt-timeline-item right-part\">\n\t\t\t\t\t\t<div class=\"bdt-timeline-item-main-wrapper\">\n\t\t\t\t\t\t\t\t\t\t\t\t\t\t\t<div class=\"bdt-timeline-line\">\n\t\t\t\t\t\t\t\t\t<span ><\/span>\n\t\t\t\t\t\t\t\t<\/div>\n\t\t\t\t\t\t\t\t\t\t\t\t\t\t<div class=\"bdt-timeline-item-main-container\">\n\t\t\t\t\t\t\t\t\t\t\t\t\t\t\t\t\t\t\t\t\t\t\t\t<div class=\"bdt-timeline-icon\" >\n\t\t\t\t\t\t\t\t\t<span>\n\t\t\t\t\t\t\t\t\t\t\t\t\t\t\t\t\t\t\t\t\t\t\t\t\t\t\t\t\t\t\t\t\t<i aria-hidden=\"true\" class=\"fas fa-arrow-right\"><\/i>\t\t\t\t\t\t\t\t\t\t\t\t\t\t\t\t\t\t\t\t\t\t\t\t\t\t\t\t\t\t<\/span>\n\t\t\t\t\t\t\t\t<\/div>\n\t\t\t\t\t\t\t\t\t\t<div class=\"bdt-timeline-item-main elementor-repeater-item-961ebab\" >\n\t\t\t\t\t\t\t<span class=\"bdt-timeline-arrow\"><\/span>\n\t\t\t\t\t\t\t\t\t\t<span class=\"bdt-timeline-arrow bdt-visible@m\"><\/span>\n\t\t\t\t\t\t\t\t\t<div class=\"bdt-timeline-desc\">\n\t\t\t\t\t\t<h4 class=\"bdt-timeline-title bdt-timeline-title bdt-timeline-title bdt-timeline-title\">\n\t\t\t\t\t\t\t<a href=\"https:\/\/bdthemes.com\" title=\"Kunert Wellpappe Bad Neustadt wird von den Br\u00fcdern Anton, Karl und Walter Kunert in Bad Neustadt in neuen Fertigungshallen mit B\u00fcrogeb\u00e4ude, Kesselhaus und kleiner Produktionshalle neu gegr\u00fcndet.\" target=\"_blank\" rel=\"noopener\">\n\t\t\t\t\tKunert Wellpappe Bad Neustadt wird von den Br\u00fcdern Anton, Karl und Walter Kunert in Bad Neustadt in neuen Fertigungshallen mit B\u00fcrogeb\u00e4ude, Kesselhaus und kleiner Produktionshalle neu gegr\u00fcndet.\t\t\t\t<\/a>\n\t\t\t\t\t<\/h4>\n\t\t\t\t\t\t\t\t\t\t\t\t\t<div class=\"bdt-timeline-excerpt\">\n\t\t\t\t\t\t\t<\/div>\n\t\t\t\t\t\t\t\t\t\t<\/div>\n\t\t<\/div>\n\t\t\t\t\t\t\t\t\t<\/div>\n\t\t\t\t\t\t<\/div>\n\t\t\t\t\t<\/div>\n\t\t\t\t\t\t\t\t\t\t\t\t\t\t<div class=\" bdt-width-1-2@m bdt-timeline-item left-part\">\n\t\t\t\t\t\t<div class=\"bdt-timeline-item-main-wrapper\">\n\t\t\t\t\t\t\t\t\t\t\t\t\t\t\t<div class=\"bdt-timeline-line\">\n\t\t\t\t\t\t\t\t\t<span ><\/span>\n\t\t\t\t\t\t\t\t<\/div>\n\t\t\t\t\t\t\t\t\t\t\t\t\t\t<div class=\"bdt-timeline-item-main-container\">\n\t\t\t\t\t\t\t\t\t\t\t\t\t\t\t\t\t\t\t\t\t\t\t\t<div class=\"bdt-timeline-icon\" >\n\t\t\t\t\t\t\t\t\t<span>\n\t\t\t\t\t\t\t\t\t\t\t\t\t\t\t\t\t\t\t\t\t\t\t\t\t\t\t\t\t\t\t\t\t<i aria-hidden=\"true\" class=\"fas fa-arrow-left\"><\/i>\t\t\t\t\t\t\t\t\t\t\t\t\t\t\t\t\t\t\t\t\t\t\t\t\t\t\t\t\t\t<\/span>\n\t\t\t\t\t\t\t\t<\/div>\n\t\t\t\t\t\t\t\t\t\t<div class=\"bdt-timeline-item-main elementor-repeater-item-4babffb\" >\n\t\t\t\t\t\t\t<span class=\"bdt-timeline-arrow\"><\/span>\n\t\t\t\t\t\t\t\t\t\t<span class=\"bdt-timeline-arrow bdt-visible@m\"><\/span>\n\t\t\t\t\t\t\t\t\t<div class=\"bdt-timeline-desc\">\n\t\t\t\t\t\t<h4 class=\"bdt-timeline-title bdt-timeline-title bdt-timeline-title bdt-timeline-title bdt-timeline-title\">\n\t\t\t\t\t\t\t<a href=\"https:\/\/bdthemes.com\" title=\"Die Produktivit\u00e4t in Bad Neustadt w\u00e4chst. Eine weitere Produktionshalle und B\u00fcrogeb\u00e4ude werden angebaut.\" target=\"_blank\" rel=\"noopener\">\n\t\t\t\t\tDie Produktivit\u00e4t in Bad Neustadt w\u00e4chst. Eine weitere Produktionshalle und B\u00fcrogeb\u00e4ude werden angebaut.\t\t\t\t<\/a>\n\t\t\t\t\t<\/h4>\n\t\t\t\t\t\t\t\t\t\t\t\t\t<div class=\"bdt-timeline-excerpt\">\n\t\t\t\t\t\t\t<\/div>\n\t\t\t\t\t\t\t\t\t\t<\/div>\n\t\t<\/div>\n\t\t\t\t\t\t\t\t\t<\/div>\n\t\t\t\t\t\t<\/div>\n\t\t\t\t\t<\/div>\n\t\t\t\t\t\t\t\t\t\t\t\t\t<div class=\"bdt-timeline-item bdt-width-1-2@m bdt-visible@m\">\n\t\t\t<div class=\"bdt-timeline-date bdt-text-left\" >\n\t\t\t\t<span>1963<\/span>\n\t\t\t<\/div>\n\t\t<\/div>\n\t\t\t\t\t\t\t\t\t\t\t\t\t<div class=\"bdt-timeline-item bdt-width-1-2@m bdt-visible@m\">\n\t\t\t<div class=\"bdt-timeline-date bdt-text-right\" >\n\t\t\t\t<span>1974<\/span>\n\t\t\t<\/div>\n\t\t<\/div>\n\t\t\t\t\t\t\t<div class=\" bdt-width-1-2@m bdt-timeline-item right-part\">\n\t\t\t\t\t\t<div class=\"bdt-timeline-item-main-wrapper\">\n\t\t\t\t\t\t\t\t\t\t\t\t\t\t\t<div class=\"bdt-timeline-line\">\n\t\t\t\t\t\t\t\t\t<span ><\/span>\n\t\t\t\t\t\t\t\t<\/div>\n\t\t\t\t\t\t\t\t\t\t\t\t\t\t<div class=\"bdt-timeline-item-main-container\">\n\t\t\t\t\t\t\t\t\t\t\t\t\t\t\t\t\t\t\t\t\t\t\t\t<div class=\"bdt-timeline-icon\" >\n\t\t\t\t\t\t\t\t\t<span>\n\t\t\t\t\t\t\t\t\t\t\t\t\t\t\t\t\t\t\t\t\t\t\t\t\t\t\t\t\t\t\t\t\t<i aria-hidden=\"true\" class=\"fas fa-arrow-right\"><\/i>\t\t\t\t\t\t\t\t\t\t\t\t\t\t\t\t\t\t\t\t\t\t\t\t\t\t\t\t\t\t<\/span>\n\t\t\t\t\t\t\t\t<\/div>\n\t\t\t\t\t\t\t\t\t\t<div class=\"bdt-timeline-item-main elementor-repeater-item-0648878\" >\n\t\t\t\t\t\t\t<span class=\"bdt-timeline-arrow\"><\/span>\n\t\t\t\t\t\t\t\t\t\t<span class=\"bdt-timeline-arrow bdt-visible@m\"><\/span>\n\t\t\t\t\t\t\t\t\t<div class=\"bdt-timeline-desc\">\n\t\t\t\t\t\t<h4 class=\"bdt-timeline-title bdt-timeline-title bdt-timeline-title bdt-timeline-title bdt-timeline-title bdt-timeline-title\">\n\t\t\t\t\t\t\t<a href=\"https:\/\/bdthemes.com\" title=\"Eine neue Lagerhalle f\u00fcr Rohpapier wird gebaut.\" target=\"_blank\" rel=\"noopener\">\n\t\t\t\t\tEine neue Lagerhalle f\u00fcr Rohpapier wird gebaut.\t\t\t\t<\/a>\n\t\t\t\t\t<\/h4>\n\t\t\t\t\t\t\t\t\t\t\t\t\t<div class=\"bdt-timeline-excerpt\">\n\t\t\t\t\t\t\t<\/div>\n\t\t\t\t\t\t\t\t\t\t<\/div>\n\t\t<\/div>\n\t\t\t\t\t\t\t\t\t<\/div>\n\t\t\t\t\t\t<\/div>\n\t\t\t\t\t<\/div>\n\t\t\t\t\t\t\t\t\t\t\t\t\t\t<div class=\" bdt-width-1-2@m bdt-timeline-item left-part\">\n\t\t\t\t\t\t<div class=\"bdt-timeline-item-main-wrapper\">\n\t\t\t\t\t\t\t\t\t\t\t\t\t\t\t<div class=\"bdt-timeline-line\">\n\t\t\t\t\t\t\t\t\t<span ><\/span>\n\t\t\t\t\t\t\t\t<\/div>\n\t\t\t\t\t\t\t\t\t\t\t\t\t\t<div class=\"bdt-timeline-item-main-container\">\n\t\t\t\t\t\t\t\t\t\t\t\t\t\t\t\t\t\t\t\t\t\t\t\t<div class=\"bdt-timeline-icon\" >\n\t\t\t\t\t\t\t\t\t<span>\n\t\t\t\t\t\t\t\t\t\t\t\t\t\t\t\t\t\t\t\t\t\t\t\t\t\t\t\t\t\t\t\t\t<i aria-hidden=\"true\" class=\"fas fa-arrow-left\"><\/i>\t\t\t\t\t\t\t\t\t\t\t\t\t\t\t\t\t\t\t\t\t\t\t\t\t\t\t\t\t\t<\/span>\n\t\t\t\t\t\t\t\t<\/div>\n\t\t\t\t\t\t\t\t\t\t<div class=\"bdt-timeline-item-main elementor-repeater-item-393f595\" >\n\t\t\t\t\t\t\t<span class=\"bdt-timeline-arrow\"><\/span>\n\t\t\t\t\t\t\t\t\t\t<span class=\"bdt-timeline-arrow bdt-visible@m\"><\/span>\n\t\t\t\t\t\t\t\t\t<div class=\"bdt-timeline-desc\">\n\t\t\t\t\t\t<h4 class=\"bdt-timeline-title bdt-timeline-title bdt-timeline-title bdt-timeline-title bdt-timeline-title bdt-timeline-title bdt-timeline-title\">\n\t\t\t\t\t\t\t<a href=\"https:\/\/bdthemes.com\" title=\"Kunert Wellpappe Bad Neustadt stellt erstmals dreiwellige Wellpappe her.\" target=\"_blank\" rel=\"noopener\">\n\t\t\t\t\tKunert Wellpappe Bad Neustadt stellt erstmals dreiwellige Wellpappe her.\t\t\t\t<\/a>\n\t\t\t\t\t<\/h4>\n\t\t\t\t\t\t\t\t\t\t\t\t\t<div class=\"bdt-timeline-excerpt\">\n\t\t\t\t\t\t\t<\/div>\n\t\t\t\t\t\t\t\t\t\t<\/div>\n\t\t<\/div>\n\t\t\t\t\t\t\t\t\t<\/div>\n\t\t\t\t\t\t<\/div>\n\t\t\t\t\t<\/div>\n\t\t\t\t\t\t\t\t\t\t\t\t\t<div class=\"bdt-timeline-item bdt-width-1-2@m bdt-visible@m\">\n\t\t\t<div class=\"bdt-timeline-date bdt-text-left\" >\n\t\t\t\t<span>1979<\/span>\n\t\t\t<\/div>\n\t\t<\/div>\n\t\t\t\t\t\t\t\t\t\t\t\t\t<div class=\"bdt-timeline-item bdt-width-1-2@m bdt-visible@m\">\n\t\t\t<div class=\"bdt-timeline-date bdt-text-right\" >\n\t\t\t\t<span>1985<\/span>\n\t\t\t<\/div>\n\t\t<\/div>\n\t\t\t\t\t\t\t<div class=\" bdt-width-1-2@m bdt-timeline-item right-part\">\n\t\t\t\t\t\t<div class=\"bdt-timeline-item-main-wrapper\">\n\t\t\t\t\t\t\t\t\t\t\t\t\t\t\t<div class=\"bdt-timeline-line\">\n\t\t\t\t\t\t\t\t\t<span ><\/span>\n\t\t\t\t\t\t\t\t<\/div>\n\t\t\t\t\t\t\t\t\t\t\t\t\t\t<div class=\"bdt-timeline-item-main-container\">\n\t\t\t\t\t\t\t\t\t\t\t\t\t\t\t\t\t\t\t\t\t\t\t\t<div class=\"bdt-timeline-icon\" >\n\t\t\t\t\t\t\t\t\t<span>\n\t\t\t\t\t\t\t\t\t\t\t\t\t\t\t\t\t\t\t\t\t\t\t\t\t\t\t\t\t\t\t\t\t<i aria-hidden=\"true\" class=\"fas fa-arrow-right\"><\/i>\t\t\t\t\t\t\t\t\t\t\t\t\t\t\t\t\t\t\t\t\t\t\t\t\t\t\t\t\t\t<\/span>\n\t\t\t\t\t\t\t\t<\/div>\n\t\t\t\t\t\t\t\t\t\t<div class=\"bdt-timeline-item-main elementor-repeater-item-7d4f1b9\" >\n\t\t\t\t\t\t\t<span class=\"bdt-timeline-arrow\"><\/span>\n\t\t\t\t\t\t\t\t\t\t<span class=\"bdt-timeline-arrow bdt-visible@m\"><\/span>\n\t\t\t\t\t\t\t\t\t<div class=\"bdt-timeline-desc\">\n\t\t\t\t\t\t<h4 class=\"bdt-timeline-title bdt-timeline-title bdt-timeline-title bdt-timeline-title bdt-timeline-title bdt-timeline-title bdt-timeline-title bdt-timeline-title\">\n\t\t\t\t\t\t\t<a href=\"https:\/\/bdthemes.com\" title=\"Die Kunert Gruppe \u00fcbernimmt das Wellpappenwerk in Biebesheim\" target=\"_blank\" rel=\"noopener\">\n\t\t\t\t\tDie Kunert Gruppe \u00fcbernimmt das Wellpappenwerk in Biebesheim\t\t\t\t<\/a>\n\t\t\t\t\t<\/h4>\n\t\t\t\t\t\t\t\t\t\t\t\t\t<div class=\"bdt-timeline-excerpt\">\n\t\t\t\t\t\t\t<\/div>\n\t\t\t\t\t\t\t\t\t\t<\/div>\n\t\t<\/div>\n\t\t\t\t\t\t\t\t\t<\/div>\n\t\t\t\t\t\t<\/div>\n\t\t\t\t\t<\/div>\n\t\t\t\t\t\t\t\t\t\t\t\t\t\t<div class=\" bdt-width-1-2@m bdt-timeline-item left-part\">\n\t\t\t\t\t\t<div class=\"bdt-timeline-item-main-wrapper\">\n\t\t\t\t\t\t\t\t\t\t\t\t\t\t\t<div class=\"bdt-timeline-line\">\n\t\t\t\t\t\t\t\t\t<span ><\/span>\n\t\t\t\t\t\t\t\t<\/div>\n\t\t\t\t\t\t\t\t\t\t\t\t\t\t<div class=\"bdt-timeline-item-main-container\">\n\t\t\t\t\t\t\t\t\t\t\t\t\t\t\t\t\t\t\t\t\t\t\t\t<div class=\"bdt-timeline-icon\" >\n\t\t\t\t\t\t\t\t\t<span>\n\t\t\t\t\t\t\t\t\t\t\t\t\t\t\t\t\t\t\t\t\t\t\t\t\t\t\t\t\t\t\t\t\t<i aria-hidden=\"true\" class=\"fas fa-arrow-left\"><\/i>\t\t\t\t\t\t\t\t\t\t\t\t\t\t\t\t\t\t\t\t\t\t\t\t\t\t\t\t\t\t<\/span>\n\t\t\t\t\t\t\t\t<\/div>\n\t\t\t\t\t\t\t\t\t\t<div class=\"bdt-timeline-item-main elementor-repeater-item-ee5541a\" >\n\t\t\t\t\t\t\t<span class=\"bdt-timeline-arrow\"><\/span>\n\t\t\t\t\t\t\t\t\t\t<span class=\"bdt-timeline-arrow bdt-visible@m\"><\/span>\n\t\t\t\t\t\t\t\t\t<div class=\"bdt-timeline-desc\">\n\t\t\t\t\t\t<h4 class=\"bdt-timeline-title bdt-timeline-title bdt-timeline-title bdt-timeline-title bdt-timeline-title bdt-timeline-title bdt-timeline-title bdt-timeline-title bdt-timeline-title\">\n\t\t\t\t\t\t\t<a href=\"https:\/\/bdthemes.com\" title=\"In Bad Neustadt werden eine Produktionshalle f\u00fcr die Wellpappenanlage sowie ein Lager f\u00fcr Rohpapier angebaut.\" target=\"_blank\" rel=\"noopener\">\n\t\t\t\t\tIn Bad Neustadt werden eine Produktionshalle f\u00fcr die Wellpappenanlage sowie ein Lager f\u00fcr Rohpapier angebaut.\t\t\t\t<\/a>\n\t\t\t\t\t<\/h4>\n\t\t\t\t\t\t\t\t\t\t\t\t\t<div class=\"bdt-timeline-excerpt\">\n\t\t\t\t\t\t\t<\/div>\n\t\t\t\t\t\t\t\t\t\t<\/div>\n\t\t<\/div>\n\t\t\t\t\t\t\t\t\t<\/div>\n\t\t\t\t\t\t<\/div>\n\t\t\t\t\t<\/div>\n\t\t\t\t\t\t\t\t\t\t\t\t\t<div class=\"bdt-timeline-item bdt-width-1-2@m bdt-visible@m\">\n\t\t\t<div class=\"bdt-timeline-date bdt-text-left\" >\n\t\t\t\t<span>1987<\/span>\n\t\t\t<\/div>\n\t\t<\/div>\n\t\t\t\t\t\t\t\t\t\t\t\t\t<div class=\"bdt-timeline-item bdt-width-1-2@m bdt-visible@m\">\n\t\t\t<div class=\"bdt-timeline-date bdt-text-right\" >\n\t\t\t\t<span>1988<\/span>\n\t\t\t<\/div>\n\t\t<\/div>\n\t\t\t\t\t\t\t<div class=\" bdt-width-1-2@m bdt-timeline-item right-part\">\n\t\t\t\t\t\t<div class=\"bdt-timeline-item-main-wrapper\">\n\t\t\t\t\t\t\t\t\t\t\t\t\t\t\t<div class=\"bdt-timeline-line\">\n\t\t\t\t\t\t\t\t\t<span ><\/span>\n\t\t\t\t\t\t\t\t<\/div>\n\t\t\t\t\t\t\t\t\t\t\t\t\t\t<div class=\"bdt-timeline-item-main-container\">\n\t\t\t\t\t\t\t\t\t\t\t\t\t\t\t\t\t\t\t\t\t\t\t\t<div class=\"bdt-timeline-icon\" >\n\t\t\t\t\t\t\t\t\t<span>\n\t\t\t\t\t\t\t\t\t\t\t\t\t\t\t\t\t\t\t\t\t\t\t\t\t\t\t\t\t\t\t\t\t<i aria-hidden=\"true\" class=\"fas fa-arrow-right\"><\/i>\t\t\t\t\t\t\t\t\t\t\t\t\t\t\t\t\t\t\t\t\t\t\t\t\t\t\t\t\t\t<\/span>\n\t\t\t\t\t\t\t\t<\/div>\n\t\t\t\t\t\t\t\t\t\t<div class=\"bdt-timeline-item-main elementor-repeater-item-4343c93\" >\n\t\t\t\t\t\t\t<span class=\"bdt-timeline-arrow\"><\/span>\n\t\t\t\t\t\t\t\t\t\t<span class=\"bdt-timeline-arrow bdt-visible@m\"><\/span>\n\t\t\t\t\t\t\t\t\t<div class=\"bdt-timeline-desc\">\n\t\t\t\t\t\t<h4 class=\"bdt-timeline-title bdt-timeline-title bdt-timeline-title bdt-timeline-title bdt-timeline-title bdt-timeline-title bdt-timeline-title bdt-timeline-title bdt-timeline-title bdt-timeline-title\">\n\t\t\t\t\t\t\t<a href=\"https:\/\/bdthemes.com\" title=\"Installation der dritten Hochleistungs-Wellpappenanlage mit einer Arbeitsbreite von 2.500 Millimetern in Bad Neustadt.\" target=\"_blank\" rel=\"noopener\">\n\t\t\t\t\tInstallation der dritten Hochleistungs-Wellpappenanlage mit einer Arbeitsbreite von 2.500 Millimetern in Bad Neustadt.\t\t\t\t<\/a>\n\t\t\t\t\t<\/h4>\n\t\t\t\t\t\t\t\t\t\t\t\t\t<div class=\"bdt-timeline-excerpt\">\n\t\t\t\t\t\t\t<\/div>\n\t\t\t\t\t\t\t\t\t\t<\/div>\n\t\t<\/div>\n\t\t\t\t\t\t\t\t\t<\/div>\n\t\t\t\t\t\t<\/div>\n\t\t\t\t\t<\/div>\n\t\t\t\t\t\t\t\t\t\t\t\t\t\t<div class=\" bdt-width-1-2@m bdt-timeline-item left-part\">\n\t\t\t\t\t\t<div class=\"bdt-timeline-item-main-wrapper\">\n\t\t\t\t\t\t\t\t\t\t\t\t\t\t\t<div class=\"bdt-timeline-line\">\n\t\t\t\t\t\t\t\t\t<span ><\/span>\n\t\t\t\t\t\t\t\t<\/div>\n\t\t\t\t\t\t\t\t\t\t\t\t\t\t<div class=\"bdt-timeline-item-main-container\">\n\t\t\t\t\t\t\t\t\t\t\t\t\t\t\t\t\t\t\t\t\t\t\t\t<div class=\"bdt-timeline-icon\" >\n\t\t\t\t\t\t\t\t\t<span>\n\t\t\t\t\t\t\t\t\t\t\t\t\t\t\t\t\t\t\t\t\t\t\t\t\t\t\t\t\t\t\t\t\t<i aria-hidden=\"true\" class=\"fas fa-arrow-left\"><\/i>\t\t\t\t\t\t\t\t\t\t\t\t\t\t\t\t\t\t\t\t\t\t\t\t\t\t\t\t\t\t<\/span>\n\t\t\t\t\t\t\t\t<\/div>\n\t\t\t\t\t\t\t\t\t\t<div class=\"bdt-timeline-item-main elementor-repeater-item-4ff825e\" >\n\t\t\t\t\t\t\t<span class=\"bdt-timeline-arrow\"><\/span>\n\t\t\t\t\t\t\t\t\t\t<span class=\"bdt-timeline-arrow bdt-visible@m\"><\/span>\n\t\t\t\t\t\t\t\t\t<div class=\"bdt-timeline-desc\">\n\t\t\t\t\t\t<h4 class=\"bdt-timeline-title bdt-timeline-title bdt-timeline-title bdt-timeline-title bdt-timeline-title bdt-timeline-title bdt-timeline-title bdt-timeline-title bdt-timeline-title bdt-timeline-title bdt-timeline-title\">\n\t\t\t\t\t\t\t<a href=\"https:\/\/bdthemes.com\" title=\"Einrichtung der ersten Verarbeitungslinie f\u00fcr Gro\u00dfverpackungen in Bad Neustadt. Erweiterung der Produktionshallen in Biebesheim um weitere 3.000 Quadratmeter.\" target=\"_blank\" rel=\"noopener\">\n\t\t\t\t\tEinrichtung der ersten Verarbeitungslinie f\u00fcr Gro\u00dfverpackungen in Bad Neustadt. Erweiterung der Produktionshallen in Biebesheim um weitere 3.000 Quadratmeter.\t\t\t\t<\/a>\n\t\t\t\t\t<\/h4>\n\t\t\t\t\t\t\t\t\t\t\t\t\t<div class=\"bdt-timeline-excerpt\">\n\t\t\t\t\t\t\t<\/div>\n\t\t\t\t\t\t\t\t\t\t<\/div>\n\t\t<\/div>\n\t\t\t\t\t\t\t\t\t<\/div>\n\t\t\t\t\t\t<\/div>\n\t\t\t\t\t<\/div>\n\t\t\t\t\t\t\t\t\t\t\t\t\t<div class=\"bdt-timeline-item bdt-width-1-2@m bdt-visible@m\">\n\t\t\t<div class=\"bdt-timeline-date bdt-text-left\" >\n\t\t\t\t<span>1989<\/span>\n\t\t\t<\/div>\n\t\t<\/div>\n\t\t\t\t\t\t\t\t\t\t\t\t\t<div class=\"bdt-timeline-item bdt-width-1-2@m bdt-visible@m\">\n\t\t\t<div class=\"bdt-timeline-date bdt-text-right\" >\n\t\t\t\t<span>1993<\/span>\n\t\t\t<\/div>\n\t\t<\/div>\n\t\t\t\t\t\t\t<div class=\" bdt-width-1-2@m bdt-timeline-item right-part\">\n\t\t\t\t\t\t<div class=\"bdt-timeline-item-main-wrapper\">\n\t\t\t\t\t\t\t\t\t\t\t\t\t\t\t<div class=\"bdt-timeline-line\">\n\t\t\t\t\t\t\t\t\t<span ><\/span>\n\t\t\t\t\t\t\t\t<\/div>\n\t\t\t\t\t\t\t\t\t\t\t\t\t\t<div class=\"bdt-timeline-item-main-container\">\n\t\t\t\t\t\t\t\t\t\t\t\t\t\t\t\t\t\t\t\t\t\t\t\t<div class=\"bdt-timeline-icon\" >\n\t\t\t\t\t\t\t\t\t<span>\n\t\t\t\t\t\t\t\t\t\t\t\t\t\t\t\t\t\t\t\t\t\t\t\t\t\t\t\t\t\t\t\t\t<i aria-hidden=\"true\" class=\"fas fa-arrow-right\"><\/i>\t\t\t\t\t\t\t\t\t\t\t\t\t\t\t\t\t\t\t\t\t\t\t\t\t\t\t\t\t\t<\/span>\n\t\t\t\t\t\t\t\t<\/div>\n\t\t\t\t\t\t\t\t\t\t<div class=\"bdt-timeline-item-main elementor-repeater-item-6b5653a\" >\n\t\t\t\t\t\t\t<span class=\"bdt-timeline-arrow\"><\/span>\n\t\t\t\t\t\t\t\t\t\t<span class=\"bdt-timeline-arrow bdt-visible@m\"><\/span>\n\t\t\t\t\t\t\t\t\t<div class=\"bdt-timeline-desc\">\n\t\t\t\t\t\t<h4 class=\"bdt-timeline-title bdt-timeline-title bdt-timeline-title bdt-timeline-title bdt-timeline-title bdt-timeline-title bdt-timeline-title bdt-timeline-title bdt-timeline-title bdt-timeline-title bdt-timeline-title bdt-timeline-title\">\n\t\t\t\t\t\t\t<a href=\"https:\/\/bdthemes.com\" title=\"Vergr\u00f6\u00dferung und Neuausrichtung der Entwicklungsabteilung mit CAD-Arbeitspl\u00e4tzen in Bad Neustadt.\" target=\"_blank\" rel=\"noopener\">\n\t\t\t\t\tVergr\u00f6\u00dferung und Neuausrichtung der Entwicklungsabteilung mit CAD-Arbeitspl\u00e4tzen in Bad Neustadt.\t\t\t\t<\/a>\n\t\t\t\t\t<\/h4>\n\t\t\t\t\t\t\t\t\t\t\t\t\t<div class=\"bdt-timeline-excerpt\">\n\t\t\t\t\t\t\t<\/div>\n\t\t\t\t\t\t\t\t\t\t<\/div>\n\t\t<\/div>\n\t\t\t\t\t\t\t\t\t<\/div>\n\t\t\t\t\t\t<\/div>\n\t\t\t\t\t<\/div>\n\t\t\t\t\t\t\t\t\t\t\t\t\t\t<div class=\" bdt-width-1-2@m bdt-timeline-item left-part\">\n\t\t\t\t\t\t<div class=\"bdt-timeline-item-main-wrapper\">\n\t\t\t\t\t\t\t\t\t\t\t\t\t\t\t<div class=\"bdt-timeline-line\">\n\t\t\t\t\t\t\t\t\t<span ><\/span>\n\t\t\t\t\t\t\t\t<\/div>\n\t\t\t\t\t\t\t\t\t\t\t\t\t\t<div class=\"bdt-timeline-item-main-container\">\n\t\t\t\t\t\t\t\t\t\t\t\t\t\t\t\t\t\t\t\t\t\t\t\t<div class=\"bdt-timeline-icon\" >\n\t\t\t\t\t\t\t\t\t<span>\n\t\t\t\t\t\t\t\t\t\t\t\t\t\t\t\t\t\t\t\t\t\t\t\t\t\t\t\t\t\t\t\t\t<i aria-hidden=\"true\" class=\"fas fa-arrow-left\"><\/i>\t\t\t\t\t\t\t\t\t\t\t\t\t\t\t\t\t\t\t\t\t\t\t\t\t\t\t\t\t\t<\/span>\n\t\t\t\t\t\t\t\t<\/div>\n\t\t\t\t\t\t\t\t\t\t<div class=\"bdt-timeline-item-main elementor-repeater-item-ed276c0\" >\n\t\t\t\t\t\t\t<span class=\"bdt-timeline-arrow\"><\/span>\n\t\t\t\t\t\t\t\t\t\t<span class=\"bdt-timeline-arrow bdt-visible@m\"><\/span>\n\t\t\t\t\t\t\t\t\t<div class=\"bdt-timeline-desc\">\n\t\t\t\t\t\t<h4 class=\"bdt-timeline-title bdt-timeline-title bdt-timeline-title bdt-timeline-title bdt-timeline-title bdt-timeline-title bdt-timeline-title bdt-timeline-title bdt-timeline-title bdt-timeline-title bdt-timeline-title bdt-timeline-title bdt-timeline-title\">\n\t\t\t\t\t\t\t<a href=\"https:\/\/bdthemes.com\" title=\"Neubau einer 5.000 Quadratmeter gro\u00dfen Lagerhalle in Biebesheim.\" target=\"_blank\" rel=\"noopener\">\n\t\t\t\t\tNeubau einer 5.000 Quadratmeter gro\u00dfen Lagerhalle in Biebesheim.\t\t\t\t<\/a>\n\t\t\t\t\t<\/h4>\n\t\t\t\t\t\t\t\t\t\t\t\t\t<div class=\"bdt-timeline-excerpt\">\n\t\t\t\t\t\t\t<\/div>\n\t\t\t\t\t\t\t\t\t\t<\/div>\n\t\t<\/div>\n\t\t\t\t\t\t\t\t\t<\/div>\n\t\t\t\t\t\t<\/div>\n\t\t\t\t\t<\/div>\n\t\t\t\t\t\t\t\t\t\t\t\t\t<div class=\"bdt-timeline-item bdt-width-1-2@m bdt-visible@m\">\n\t\t\t<div class=\"bdt-timeline-date bdt-text-left\" >\n\t\t\t\t<span>1996<\/span>\n\t\t\t<\/div>\n\t\t<\/div>\n\t\t\t\t\t\t\t\t\t\t\t\t\t<div class=\"bdt-timeline-item bdt-width-1-2@m bdt-visible@m\">\n\t\t\t<div class=\"bdt-timeline-date bdt-text-right\" >\n\t\t\t\t<span>1998<\/span>\n\t\t\t<\/div>\n\t\t<\/div>\n\t\t\t\t\t\t\t<div class=\" bdt-width-1-2@m bdt-timeline-item right-part\">\n\t\t\t\t\t\t<div class=\"bdt-timeline-item-main-wrapper\">\n\t\t\t\t\t\t\t\t\t\t\t\t\t\t\t<div class=\"bdt-timeline-line\">\n\t\t\t\t\t\t\t\t\t<span ><\/span>\n\t\t\t\t\t\t\t\t<\/div>\n\t\t\t\t\t\t\t\t\t\t\t\t\t\t<div class=\"bdt-timeline-item-main-container\">\n\t\t\t\t\t\t\t\t\t\t\t\t\t\t\t\t\t\t\t\t\t\t\t\t<div class=\"bdt-timeline-icon\" >\n\t\t\t\t\t\t\t\t\t<span>\n\t\t\t\t\t\t\t\t\t\t\t\t\t\t\t\t\t\t\t\t\t\t\t\t\t\t\t\t\t\t\t\t\t<i aria-hidden=\"true\" class=\"fas fa-arrow-right\"><\/i>\t\t\t\t\t\t\t\t\t\t\t\t\t\t\t\t\t\t\t\t\t\t\t\t\t\t\t\t\t\t<\/span>\n\t\t\t\t\t\t\t\t<\/div>\n\t\t\t\t\t\t\t\t\t\t<div class=\"bdt-timeline-item-main elementor-repeater-item-491b280\" >\n\t\t\t\t\t\t\t<span class=\"bdt-timeline-arrow\"><\/span>\n\t\t\t\t\t\t\t\t\t\t<span class=\"bdt-timeline-arrow bdt-visible@m\"><\/span>\n\t\t\t\t\t\t\t\t\t<div class=\"bdt-timeline-desc\">\n\t\t\t\t\t\t<h4 class=\"bdt-timeline-title bdt-timeline-title bdt-timeline-title bdt-timeline-title bdt-timeline-title bdt-timeline-title bdt-timeline-title bdt-timeline-title bdt-timeline-title bdt-timeline-title bdt-timeline-title bdt-timeline-title bdt-timeline-title bdt-timeline-title\">\n\t\t\t\t\t\t\t<a href=\"https:\/\/bdthemes.com\" title=\"Neubau einer 2.700 Quadratmeter gro\u00dfen Lagerhalle f\u00fcr Rohpapiere in Bad Neustadt.\" target=\"_blank\" rel=\"noopener\">\n\t\t\t\t\tNeubau einer 2.700 Quadratmeter gro\u00dfen Lagerhalle f\u00fcr Rohpapiere in Bad Neustadt.\t\t\t\t<\/a>\n\t\t\t\t\t<\/h4>\n\t\t\t\t\t\t\t\t\t\t\t\t\t<div class=\"bdt-timeline-excerpt\">\n\t\t\t\t\t\t\t<\/div>\n\t\t\t\t\t\t\t\t\t\t<\/div>\n\t\t<\/div>\n\t\t\t\t\t\t\t\t\t<\/div>\n\t\t\t\t\t\t<\/div>\n\t\t\t\t\t<\/div>\n\t\t\t\t\t\t\t\t\t\t\t\t\t\t<div class=\" bdt-width-1-2@m bdt-timeline-item left-part\">\n\t\t\t\t\t\t<div class=\"bdt-timeline-item-main-wrapper\">\n\t\t\t\t\t\t\t\t\t\t\t\t\t\t\t<div class=\"bdt-timeline-line\">\n\t\t\t\t\t\t\t\t\t<span ><\/span>\n\t\t\t\t\t\t\t\t<\/div>\n\t\t\t\t\t\t\t\t\t\t\t\t\t\t<div class=\"bdt-timeline-item-main-container\">\n\t\t\t\t\t\t\t\t\t\t\t\t\t\t\t\t\t\t\t\t\t\t\t\t<div class=\"bdt-timeline-icon\" >\n\t\t\t\t\t\t\t\t\t<span>\n\t\t\t\t\t\t\t\t\t\t\t\t\t\t\t\t\t\t\t\t\t\t\t\t\t\t\t\t\t\t\t\t\t<i aria-hidden=\"true\" class=\"fas fa-arrow-left\"><\/i>\t\t\t\t\t\t\t\t\t\t\t\t\t\t\t\t\t\t\t\t\t\t\t\t\t\t\t\t\t\t<\/span>\n\t\t\t\t\t\t\t\t<\/div>\n\t\t\t\t\t\t\t\t\t\t<div class=\"bdt-timeline-item-main elementor-repeater-item-6b43613\" >\n\t\t\t\t\t\t\t<span class=\"bdt-timeline-arrow\"><\/span>\n\t\t\t\t\t\t\t\t\t\t<span class=\"bdt-timeline-arrow bdt-visible@m\"><\/span>\n\t\t\t\t\t\t\t\t\t<div class=\"bdt-timeline-desc\">\n\t\t\t\t\t\t<h4 class=\"bdt-timeline-title bdt-timeline-title bdt-timeline-title bdt-timeline-title bdt-timeline-title bdt-timeline-title bdt-timeline-title bdt-timeline-title bdt-timeline-title bdt-timeline-title bdt-timeline-title bdt-timeline-title bdt-timeline-title bdt-timeline-title bdt-timeline-title\">\n\t\t\t\t\t\t\t<a href=\"https:\/\/bdthemes.com\" title=\"Modernisierung der Wellpappenerzeugungsanlage auf eine Arbeitsbreite von 2800 mm.\" target=\"_blank\" rel=\"noopener\">\n\t\t\t\t\tModernisierung der Wellpappenerzeugungsanlage auf eine Arbeitsbreite von 2800 mm.\t\t\t\t<\/a>\n\t\t\t\t\t<\/h4>\n\t\t\t\t\t\t\t\t\t\t\t\t\t<div class=\"bdt-timeline-excerpt\">\n\t\t\t\t\t\t\t<\/div>\n\t\t\t\t\t\t\t\t\t\t<\/div>\n\t\t<\/div>\n\t\t\t\t\t\t\t\t\t<\/div>\n\t\t\t\t\t\t<\/div>\n\t\t\t\t\t<\/div>\n\t\t\t\t\t\t\t\t\t\t\t\t\t<div class=\"bdt-timeline-item bdt-width-1-2@m bdt-visible@m\">\n\t\t\t<div class=\"bdt-timeline-date bdt-text-left\" >\n\t\t\t\t<span>2000<\/span>\n\t\t\t<\/div>\n\t\t<\/div>\n\t\t\t\t\t\t\t\t\t\t\t\t\t<div class=\"bdt-timeline-item bdt-width-1-2@m bdt-visible@m\">\n\t\t\t<div class=\"bdt-timeline-date bdt-text-right\" >\n\t\t\t\t<span>2003<\/span>\n\t\t\t<\/div>\n\t\t<\/div>\n\t\t\t\t\t\t\t<div class=\" bdt-width-1-2@m bdt-timeline-item right-part\">\n\t\t\t\t\t\t<div class=\"bdt-timeline-item-main-wrapper\">\n\t\t\t\t\t\t\t\t\t\t\t\t\t\t\t<div class=\"bdt-timeline-line\">\n\t\t\t\t\t\t\t\t\t<span ><\/span>\n\t\t\t\t\t\t\t\t<\/div>\n\t\t\t\t\t\t\t\t\t\t\t\t\t\t<div class=\"bdt-timeline-item-main-container\">\n\t\t\t\t\t\t\t\t\t\t\t\t\t\t\t\t\t\t\t\t\t\t\t\t<div class=\"bdt-timeline-icon\" >\n\t\t\t\t\t\t\t\t\t<span>\n\t\t\t\t\t\t\t\t\t\t\t\t\t\t\t\t\t\t\t\t\t\t\t\t\t\t\t\t\t\t\t\t\t<i aria-hidden=\"true\" class=\"fas fa-arrow-right\"><\/i>\t\t\t\t\t\t\t\t\t\t\t\t\t\t\t\t\t\t\t\t\t\t\t\t\t\t\t\t\t\t<\/span>\n\t\t\t\t\t\t\t\t<\/div>\n\t\t\t\t\t\t\t\t\t\t<div class=\"bdt-timeline-item-main elementor-repeater-item-2ccc39f\" >\n\t\t\t\t\t\t\t<span class=\"bdt-timeline-arrow\"><\/span>\n\t\t\t\t\t\t\t\t\t\t<span class=\"bdt-timeline-arrow bdt-visible@m\"><\/span>\n\t\t\t\t\t\t\t\t\t<div class=\"bdt-timeline-desc\">\n\t\t\t\t\t\t<h4 class=\"bdt-timeline-title bdt-timeline-title bdt-timeline-title bdt-timeline-title bdt-timeline-title bdt-timeline-title bdt-timeline-title bdt-timeline-title bdt-timeline-title bdt-timeline-title bdt-timeline-title bdt-timeline-title bdt-timeline-title bdt-timeline-title bdt-timeline-title bdt-timeline-title\">\n\t\t\t\t\t\t\t<a href=\"https:\/\/bdthemes.com\" title=\"Erweiterung der Produktionsfl\u00e4che in Bad Neustadt auf 14.000 Quadratmeter. Insgesamt lag damit die \u00fcberbaute Fl\u00e4che mit Lager und Verwaltung bei zirka 35.000 Quadratmetern.\" target=\"_blank\" rel=\"noopener\">\n\t\t\t\t\tErweiterung der Produktionsfl\u00e4che in Bad Neustadt auf 14.000 Quadratmeter. Insgesamt lag damit die \u00fcberbaute Fl\u00e4che mit Lager und Verwaltung bei zirka 35.000 Quadratmetern.\t\t\t\t<\/a>\n\t\t\t\t\t<\/h4>\n\t\t\t\t\t\t\t\t\t\t\t\t\t<div class=\"bdt-timeline-excerpt\">\n\t\t\t\t\t\t\t<\/div>\n\t\t\t\t\t\t\t\t\t\t<\/div>\n\t\t<\/div>\n\t\t\t\t\t\t\t\t\t<\/div>\n\t\t\t\t\t\t<\/div>\n\t\t\t\t\t<\/div>\n\t\t\t\t\t\t\t\t\t\t\t\t\t\t<div class=\" bdt-width-1-2@m bdt-timeline-item left-part\">\n\t\t\t\t\t\t<div class=\"bdt-timeline-item-main-wrapper\">\n\t\t\t\t\t\t\t\t\t\t\t\t\t\t\t<div class=\"bdt-timeline-line\">\n\t\t\t\t\t\t\t\t\t<span ><\/span>\n\t\t\t\t\t\t\t\t<\/div>\n\t\t\t\t\t\t\t\t\t\t\t\t\t\t<div class=\"bdt-timeline-item-main-container\">\n\t\t\t\t\t\t\t\t\t\t\t\t\t\t\t\t\t\t\t\t\t\t\t\t<div class=\"bdt-timeline-icon\" >\n\t\t\t\t\t\t\t\t\t<span>\n\t\t\t\t\t\t\t\t\t\t\t\t\t\t\t\t\t\t\t\t\t\t\t\t\t\t\t\t\t\t\t\t\t<i aria-hidden=\"true\" class=\"fas fa-arrow-left\"><\/i>\t\t\t\t\t\t\t\t\t\t\t\t\t\t\t\t\t\t\t\t\t\t\t\t\t\t\t\t\t\t<\/span>\n\t\t\t\t\t\t\t\t<\/div>\n\t\t\t\t\t\t\t\t\t\t<div class=\"bdt-timeline-item-main elementor-repeater-item-ebca2f3\" >\n\t\t\t\t\t\t\t<span class=\"bdt-timeline-arrow\"><\/span>\n\t\t\t\t\t\t\t\t\t\t<span class=\"bdt-timeline-arrow bdt-visible@m\"><\/span>\n\t\t\t\t\t\t\t\t\t<div class=\"bdt-timeline-desc\">\n\t\t\t\t\t\t<h4 class=\"bdt-timeline-title bdt-timeline-title bdt-timeline-title bdt-timeline-title bdt-timeline-title bdt-timeline-title bdt-timeline-title bdt-timeline-title bdt-timeline-title bdt-timeline-title bdt-timeline-title bdt-timeline-title bdt-timeline-title bdt-timeline-title bdt-timeline-title bdt-timeline-title bdt-timeline-title\">\n\t\t\t\t\t\t\t<a href=\"https:\/\/bdthemes.com\" title=\"Inbetriebnahme der zweiten Inline-Maschine f\u00fcr Gro\u00dfverpackungen in Bad Neustadt.\" target=\"_blank\" rel=\"noopener\">\n\t\t\t\t\tInbetriebnahme der zweiten Inline-Maschine f\u00fcr Gro\u00dfverpackungen in Bad Neustadt.\t\t\t\t<\/a>\n\t\t\t\t\t<\/h4>\n\t\t\t\t\t\t\t\t\t\t\t\t\t<div class=\"bdt-timeline-excerpt\">\n\t\t\t\t\t\t\t<\/div>\n\t\t\t\t\t\t\t\t\t\t<\/div>\n\t\t<\/div>\n\t\t\t\t\t\t\t\t\t<\/div>\n\t\t\t\t\t\t<\/div>\n\t\t\t\t\t<\/div>\n\t\t\t\t\t\t\t\t\t\t\t\t\t<div class=\"bdt-timeline-item bdt-width-1-2@m bdt-visible@m\">\n\t\t\t<div class=\"bdt-timeline-date bdt-text-left\" >\n\t\t\t\t<span>2004<\/span>\n\t\t\t<\/div>\n\t\t<\/div>\n\t\t\t\t\t\t\t\t\t\t\t\t\t<div class=\"bdt-timeline-item bdt-width-1-2@m bdt-visible@m\">\n\t\t\t<div class=\"bdt-timeline-date bdt-text-right\" >\n\t\t\t\t<span>2008<\/span>\n\t\t\t<\/div>\n\t\t<\/div>\n\t\t\t\t\t\t\t<div class=\" bdt-width-1-2@m bdt-timeline-item right-part\">\n\t\t\t\t\t\t<div class=\"bdt-timeline-item-main-wrapper\">\n\t\t\t\t\t\t\t\t\t\t\t\t\t\t\t<div class=\"bdt-timeline-line\">\n\t\t\t\t\t\t\t\t\t<span ><\/span>\n\t\t\t\t\t\t\t\t<\/div>\n\t\t\t\t\t\t\t\t\t\t\t\t\t\t<div class=\"bdt-timeline-item-main-container\">\n\t\t\t\t\t\t\t\t\t\t\t\t\t\t\t\t\t\t\t\t\t\t\t\t<div class=\"bdt-timeline-icon\" >\n\t\t\t\t\t\t\t\t\t<span>\n\t\t\t\t\t\t\t\t\t\t\t\t\t\t\t\t\t\t\t\t\t\t\t\t\t\t\t\t\t\t\t\t\t<i aria-hidden=\"true\" class=\"fas fa-arrow-right\"><\/i>\t\t\t\t\t\t\t\t\t\t\t\t\t\t\t\t\t\t\t\t\t\t\t\t\t\t\t\t\t\t<\/span>\n\t\t\t\t\t\t\t\t<\/div>\n\t\t\t\t\t\t\t\t\t\t<div class=\"bdt-timeline-item-main elementor-repeater-item-913774f\" >\n\t\t\t\t\t\t\t<span class=\"bdt-timeline-arrow\"><\/span>\n\t\t\t\t\t\t\t\t\t\t<span class=\"bdt-timeline-arrow bdt-visible@m\"><\/span>\n\t\t\t\t\t\t\t\t\t<div class=\"bdt-timeline-desc\">\n\t\t\t\t\t\t<h4 class=\"bdt-timeline-title bdt-timeline-title bdt-timeline-title bdt-timeline-title bdt-timeline-title bdt-timeline-title bdt-timeline-title bdt-timeline-title bdt-timeline-title bdt-timeline-title bdt-timeline-title bdt-timeline-title bdt-timeline-title bdt-timeline-title bdt-timeline-title bdt-timeline-title bdt-timeline-title bdt-timeline-title\">\n\t\t\t\t\t\t\t<a href=\"https:\/\/bdthemes.com\" title=\"Minda Intralogistik wird in Betrieb genommen und die neue Flachbettstanze ASAHI nimmt ihre Arbeit in Biebesheim auf.\" target=\"_blank\" rel=\"noopener\">\n\t\t\t\t\tMinda Intralogistik wird in Betrieb genommen und die neue Flachbettstanze ASAHI nimmt ihre Arbeit in Biebesheim auf.\t\t\t\t<\/a>\n\t\t\t\t\t<\/h4>\n\t\t\t\t\t\t\t\t\t\t\t\t\t<div class=\"bdt-timeline-excerpt\">\n\t\t\t\t\t\t\t<\/div>\n\t\t\t\t\t\t\t\t\t\t<\/div>\n\t\t<\/div>\n\t\t\t\t\t\t\t\t\t<\/div>\n\t\t\t\t\t\t<\/div>\n\t\t\t\t\t<\/div>\n\t\t\t\t\t\t\t\t\t\t\t\t\t\t<div class=\" bdt-width-1-2@m bdt-timeline-item left-part\">\n\t\t\t\t\t\t<div class=\"bdt-timeline-item-main-wrapper\">\n\t\t\t\t\t\t\t\t\t\t\t\t\t\t\t<div class=\"bdt-timeline-line\">\n\t\t\t\t\t\t\t\t\t<span ><\/span>\n\t\t\t\t\t\t\t\t<\/div>\n\t\t\t\t\t\t\t\t\t\t\t\t\t\t<div class=\"bdt-timeline-item-main-container\">\n\t\t\t\t\t\t\t\t\t\t\t\t\t\t\t\t\t\t\t\t\t\t\t\t<div class=\"bdt-timeline-icon\" >\n\t\t\t\t\t\t\t\t\t<span>\n\t\t\t\t\t\t\t\t\t\t\t\t\t\t\t\t\t\t\t\t\t\t\t\t\t\t\t\t\t\t\t\t\t<i aria-hidden=\"true\" class=\"fas fa-arrow-left\"><\/i>\t\t\t\t\t\t\t\t\t\t\t\t\t\t\t\t\t\t\t\t\t\t\t\t\t\t\t\t\t\t<\/span>\n\t\t\t\t\t\t\t\t<\/div>\n\t\t\t\t\t\t\t\t\t\t<div class=\"bdt-timeline-item-main elementor-repeater-item-4df344f\" >\n\t\t\t\t\t\t\t<span class=\"bdt-timeline-arrow\"><\/span>\n\t\t\t\t\t\t\t\t\t\t<span class=\"bdt-timeline-arrow bdt-visible@m\"><\/span>\n\t\t\t\t\t\t\t\t\t<div class=\"bdt-timeline-desc\">\n\t\t\t\t\t\t<h4 class=\"bdt-timeline-title bdt-timeline-title bdt-timeline-title bdt-timeline-title bdt-timeline-title bdt-timeline-title bdt-timeline-title bdt-timeline-title bdt-timeline-title bdt-timeline-title bdt-timeline-title bdt-timeline-title bdt-timeline-title bdt-timeline-title bdt-timeline-title bdt-timeline-title bdt-timeline-title bdt-timeline-title bdt-timeline-title\">\n\t\t\t\t\t\t\t<a href=\"https:\/\/bdthemes.com\" title=\"Neubau einer Papierlagerhalle in Biebesheim.\" target=\"_blank\" rel=\"noopener\">\n\t\t\t\t\tNeubau einer Papierlagerhalle in Biebesheim.\t\t\t\t<\/a>\n\t\t\t\t\t<\/h4>\n\t\t\t\t\t\t\t\t\t\t\t\t\t<div class=\"bdt-timeline-excerpt\">\n\t\t\t\t\t\t\t<\/div>\n\t\t\t\t\t\t\t\t\t\t<\/div>\n\t\t<\/div>\n\t\t\t\t\t\t\t\t\t<\/div>\n\t\t\t\t\t\t<\/div>\n\t\t\t\t\t<\/div>\n\t\t\t\t\t\t\t\t\t\t\t\t\t<div class=\"bdt-timeline-item bdt-width-1-2@m bdt-visible@m\">\n\t\t\t<div class=\"bdt-timeline-date bdt-text-left\" >\n\t\t\t\t<span>2009<\/span>\n\t\t\t<\/div>\n\t\t<\/div>\n\t\t\t\t\t\t\t\t\t\t\t\t\t<div class=\"bdt-timeline-item bdt-width-1-2@m bdt-visible@m\">\n\t\t\t<div class=\"bdt-timeline-date bdt-text-right\" >\n\t\t\t\t<span>2011<\/span>\n\t\t\t<\/div>\n\t\t<\/div>\n\t\t\t\t\t\t\t<div class=\" bdt-width-1-2@m bdt-timeline-item right-part\">\n\t\t\t\t\t\t<div class=\"bdt-timeline-item-main-wrapper\">\n\t\t\t\t\t\t\t\t\t\t\t\t\t\t\t<div class=\"bdt-timeline-line\">\n\t\t\t\t\t\t\t\t\t<span ><\/span>\n\t\t\t\t\t\t\t\t<\/div>\n\t\t\t\t\t\t\t\t\t\t\t\t\t\t<div class=\"bdt-timeline-item-main-container\">\n\t\t\t\t\t\t\t\t\t\t\t\t\t\t\t\t\t\t\t\t\t\t\t\t<div class=\"bdt-timeline-icon\" >\n\t\t\t\t\t\t\t\t\t<span>\n\t\t\t\t\t\t\t\t\t\t\t\t\t\t\t\t\t\t\t\t\t\t\t\t\t\t\t\t\t\t\t\t\t<i aria-hidden=\"true\" class=\"fas fa-arrow-right\"><\/i>\t\t\t\t\t\t\t\t\t\t\t\t\t\t\t\t\t\t\t\t\t\t\t\t\t\t\t\t\t\t<\/span>\n\t\t\t\t\t\t\t\t<\/div>\n\t\t\t\t\t\t\t\t\t\t<div class=\"bdt-timeline-item-main elementor-repeater-item-0f60f3d\" >\n\t\t\t\t\t\t\t<span class=\"bdt-timeline-arrow\"><\/span>\n\t\t\t\t\t\t\t\t\t\t<span class=\"bdt-timeline-arrow bdt-visible@m\"><\/span>\n\t\t\t\t\t\t\t\t\t<div class=\"bdt-timeline-desc\">\n\t\t\t\t\t\t<h4 class=\"bdt-timeline-title bdt-timeline-title bdt-timeline-title bdt-timeline-title bdt-timeline-title bdt-timeline-title bdt-timeline-title bdt-timeline-title bdt-timeline-title bdt-timeline-title bdt-timeline-title bdt-timeline-title bdt-timeline-title bdt-timeline-title bdt-timeline-title bdt-timeline-title bdt-timeline-title bdt-timeline-title bdt-timeline-title bdt-timeline-title\">\n\t\t\t\t\t\t\t<a href=\"https:\/\/bdthemes.com\" title=\"Installation der neuen Inline-Maschine BGM CL 13\/32 in Bad Neustadt.\" target=\"_blank\" rel=\"noopener\">\n\t\t\t\t\tInstallation der neuen Inline-Maschine BGM CL 13\/32 in Bad Neustadt.\t\t\t\t<\/a>\n\t\t\t\t\t<\/h4>\n\t\t\t\t\t\t\t\t\t\t\t\t\t<div class=\"bdt-timeline-excerpt\">\n\t\t\t\t\t\t\t<\/div>\n\t\t\t\t\t\t\t\t\t\t<\/div>\n\t\t<\/div>\n\t\t\t\t\t\t\t\t\t<\/div>\n\t\t\t\t\t\t<\/div>\n\t\t\t\t\t<\/div>\n\t\t\t\t\t\t\t\t\t\t\t\t\t\t<div class=\" bdt-width-1-2@m bdt-timeline-item left-part\">\n\t\t\t\t\t\t<div class=\"bdt-timeline-item-main-wrapper\">\n\t\t\t\t\t\t\t\t\t\t\t\t\t\t\t<div class=\"bdt-timeline-line\">\n\t\t\t\t\t\t\t\t\t<span ><\/span>\n\t\t\t\t\t\t\t\t<\/div>\n\t\t\t\t\t\t\t\t\t\t\t\t\t\t<div class=\"bdt-timeline-item-main-container\">\n\t\t\t\t\t\t\t\t\t\t\t\t\t\t\t\t\t\t\t\t\t\t\t\t<div class=\"bdt-timeline-icon\" >\n\t\t\t\t\t\t\t\t\t<span>\n\t\t\t\t\t\t\t\t\t\t\t\t\t\t\t\t\t\t\t\t\t\t\t\t\t\t\t\t\t\t\t\t\t<i aria-hidden=\"true\" class=\"fas fa-arrow-left\"><\/i>\t\t\t\t\t\t\t\t\t\t\t\t\t\t\t\t\t\t\t\t\t\t\t\t\t\t\t\t\t\t<\/span>\n\t\t\t\t\t\t\t\t<\/div>\n\t\t\t\t\t\t\t\t\t\t<div class=\"bdt-timeline-item-main elementor-repeater-item-e16262d\" >\n\t\t\t\t\t\t\t<span class=\"bdt-timeline-arrow\"><\/span>\n\t\t\t\t\t\t\t\t\t\t<span class=\"bdt-timeline-arrow bdt-visible@m\"><\/span>\n\t\t\t\t\t\t\t\t\t<div class=\"bdt-timeline-desc\">\n\t\t\t\t\t\t<h4 class=\"bdt-timeline-title bdt-timeline-title bdt-timeline-title bdt-timeline-title bdt-timeline-title bdt-timeline-title bdt-timeline-title bdt-timeline-title bdt-timeline-title bdt-timeline-title bdt-timeline-title bdt-timeline-title bdt-timeline-title bdt-timeline-title bdt-timeline-title bdt-timeline-title bdt-timeline-title bdt-timeline-title bdt-timeline-title bdt-timeline-title bdt-timeline-title\">\n\t\t\t\t\t\t\t<a href=\"https:\/\/bdthemes.com\" title=\"Einrichtung der neuen Curioni Inline Maschine in Biebesheim.\" target=\"_blank\" rel=\"noopener\">\n\t\t\t\t\tEinrichtung der neuen Curioni Inline Maschine in Biebesheim.\t\t\t\t<\/a>\n\t\t\t\t\t<\/h4>\n\t\t\t\t\t\t\t\t\t\t\t\t\t<div class=\"bdt-timeline-excerpt\">\n\t\t\t\t\t\t\t<\/div>\n\t\t\t\t\t\t\t\t\t\t<\/div>\n\t\t<\/div>\n\t\t\t\t\t\t\t\t\t<\/div>\n\t\t\t\t\t\t<\/div>\n\t\t\t\t\t<\/div>\n\t\t\t\t\t\t\t\t\t\t\t\t\t<div class=\"bdt-timeline-item bdt-width-1-2@m bdt-visible@m\">\n\t\t\t<div class=\"bdt-timeline-date bdt-text-left\" >\n\t\t\t\t<span>2013<\/span>\n\t\t\t<\/div>\n\t\t<\/div>\n\t\t\t\t\t\t\t\t\t\t\t\t\t<div class=\"bdt-timeline-item bdt-width-1-2@m bdt-visible@m\">\n\t\t\t<div class=\"bdt-timeline-date bdt-text-right\" >\n\t\t\t\t<span>2014<\/span>\n\t\t\t<\/div>\n\t\t<\/div>\n\t\t\t\t\t\t\t<div class=\" bdt-width-1-2@m bdt-timeline-item right-part\">\n\t\t\t\t\t\t<div class=\"bdt-timeline-item-main-wrapper\">\n\t\t\t\t\t\t\t\t\t\t\t\t\t\t\t<div class=\"bdt-timeline-line\">\n\t\t\t\t\t\t\t\t\t<span ><\/span>\n\t\t\t\t\t\t\t\t<\/div>\n\t\t\t\t\t\t\t\t\t\t\t\t\t\t<div class=\"bdt-timeline-item-main-container\">\n\t\t\t\t\t\t\t\t\t\t\t\t\t\t\t\t\t\t\t\t\t\t\t\t<div class=\"bdt-timeline-icon\" >\n\t\t\t\t\t\t\t\t\t<span>\n\t\t\t\t\t\t\t\t\t\t\t\t\t\t\t\t\t\t\t\t\t\t\t\t\t\t\t\t\t\t\t\t\t<i aria-hidden=\"true\" class=\"fas fa-arrow-right\"><\/i>\t\t\t\t\t\t\t\t\t\t\t\t\t\t\t\t\t\t\t\t\t\t\t\t\t\t\t\t\t\t<\/span>\n\t\t\t\t\t\t\t\t<\/div>\n\t\t\t\t\t\t\t\t\t\t<div class=\"bdt-timeline-item-main elementor-repeater-item-6a7cf3f\" >\n\t\t\t\t\t\t\t<span class=\"bdt-timeline-arrow\"><\/span>\n\t\t\t\t\t\t\t\t\t\t<span class=\"bdt-timeline-arrow bdt-visible@m\"><\/span>\n\t\t\t\t\t\t\t\t\t<div class=\"bdt-timeline-desc\">\n\t\t\t\t\t\t<h4 class=\"bdt-timeline-title bdt-timeline-title bdt-timeline-title bdt-timeline-title bdt-timeline-title bdt-timeline-title bdt-timeline-title bdt-timeline-title bdt-timeline-title bdt-timeline-title bdt-timeline-title bdt-timeline-title bdt-timeline-title bdt-timeline-title bdt-timeline-title bdt-timeline-title bdt-timeline-title bdt-timeline-title bdt-timeline-title bdt-timeline-title bdt-timeline-title bdt-timeline-title\">\n\t\t\t\t\t\t\t<a href=\"https:\/\/bdthemes.com\" title=\"Modernisierung der Dampferzeugung mit einem neuen 14 to-Dampfkessel in Bad Neustadt.\" target=\"_blank\" rel=\"noopener\">\n\t\t\t\t\tModernisierung der Dampferzeugung mit einem neuen 14 to-Dampfkessel in Bad Neustadt.\t\t\t\t<\/a>\n\t\t\t\t\t<\/h4>\n\t\t\t\t\t\t\t\t\t\t\t\t\t<div class=\"bdt-timeline-excerpt\">\n\t\t\t\t\t\t\t<\/div>\n\t\t\t\t\t\t\t\t\t\t<\/div>\n\t\t<\/div>\n\t\t\t\t\t\t\t\t\t<\/div>\n\t\t\t\t\t\t<\/div>\n\t\t\t\t\t<\/div>\n\t\t\t\t\t\t\t\t\t\t\t\t\t\t<div class=\" bdt-width-1-2@m bdt-timeline-item left-part\">\n\t\t\t\t\t\t<div class=\"bdt-timeline-item-main-wrapper\">\n\t\t\t\t\t\t\t\t\t\t\t\t\t\t\t<div class=\"bdt-timeline-line\">\n\t\t\t\t\t\t\t\t\t<span ><\/span>\n\t\t\t\t\t\t\t\t<\/div>\n\t\t\t\t\t\t\t\t\t\t\t\t\t\t<div class=\"bdt-timeline-item-main-container\">\n\t\t\t\t\t\t\t\t\t\t\t\t\t\t\t\t\t\t\t\t\t\t\t\t<div class=\"bdt-timeline-icon\" >\n\t\t\t\t\t\t\t\t\t<span>\n\t\t\t\t\t\t\t\t\t\t\t\t\t\t\t\t\t\t\t\t\t\t\t\t\t\t\t\t\t\t\t\t\t<i aria-hidden=\"true\" class=\"fas fa-arrow-left\"><\/i>\t\t\t\t\t\t\t\t\t\t\t\t\t\t\t\t\t\t\t\t\t\t\t\t\t\t\t\t\t\t<\/span>\n\t\t\t\t\t\t\t\t<\/div>\n\t\t\t\t\t\t\t\t\t\t<div class=\"bdt-timeline-item-main elementor-repeater-item-854ce15\" >\n\t\t\t\t\t\t\t<span class=\"bdt-timeline-arrow\"><\/span>\n\t\t\t\t\t\t\t\t\t\t<span class=\"bdt-timeline-arrow bdt-visible@m\"><\/span>\n\t\t\t\t\t\t\t\t\t<div class=\"bdt-timeline-desc\">\n\t\t\t\t\t\t<h4 class=\"bdt-timeline-title bdt-timeline-title bdt-timeline-title bdt-timeline-title bdt-timeline-title bdt-timeline-title bdt-timeline-title bdt-timeline-title bdt-timeline-title bdt-timeline-title bdt-timeline-title bdt-timeline-title bdt-timeline-title bdt-timeline-title bdt-timeline-title bdt-timeline-title bdt-timeline-title bdt-timeline-title bdt-timeline-title bdt-timeline-title bdt-timeline-title bdt-timeline-title bdt-timeline-title\">\n\t\t\t\t\t\t\t<a href=\"https:\/\/bdthemes.com\" title=\"Kompletterneuerung von der Wellpappanlage (WPA) in Biebesheim. Ausbau von innerbetrieblichen Transportsystem in Biebesheim.\" target=\"_blank\" rel=\"noopener\">\n\t\t\t\t\tKompletterneuerung von der Wellpappanlage (WPA) in Biebesheim. Ausbau von innerbetrieblichen Transportsystem in Biebesheim.\t\t\t\t<\/a>\n\t\t\t\t\t<\/h4>\n\t\t\t\t\t\t\t\t\t\t\t\t\t<div class=\"bdt-timeline-excerpt\">\n\t\t\t\t\t\t\t<\/div>\n\t\t\t\t\t\t\t\t\t\t<\/div>\n\t\t<\/div>\n\t\t\t\t\t\t\t\t\t<\/div>\n\t\t\t\t\t\t<\/div>\n\t\t\t\t\t<\/div>\n\t\t\t\t\t\t\t\t\t\t\t\t\t<div class=\"bdt-timeline-item bdt-width-1-2@m bdt-visible@m\">\n\t\t\t<div class=\"bdt-timeline-date bdt-text-left\" >\n\t\t\t\t<span>2016<\/span>\n\t\t\t<\/div>\n\t\t<\/div>\n\t\t\t\t\t\t\t\t\t\t\t\t\t<div class=\"bdt-timeline-item bdt-width-1-2@m bdt-visible@m\">\n\t\t\t<div class=\"bdt-timeline-date bdt-text-right\" >\n\t\t\t\t<span>2017 - 2019<\/span>\n\t\t\t<\/div>\n\t\t<\/div>\n\t\t\t\t\t\t\t<div class=\" bdt-width-1-2@m bdt-timeline-item right-part\">\n\t\t\t\t\t\t<div class=\"bdt-timeline-item-main-wrapper\">\n\t\t\t\t\t\t\t\t\t\t\t\t\t\t\t<div class=\"bdt-timeline-line\">\n\t\t\t\t\t\t\t\t\t<span ><\/span>\n\t\t\t\t\t\t\t\t<\/div>\n\t\t\t\t\t\t\t\t\t\t\t\t\t\t<div class=\"bdt-timeline-item-main-container\">\n\t\t\t\t\t\t\t\t\t\t\t\t\t\t\t\t\t\t\t\t\t\t\t\t<div class=\"bdt-timeline-icon\" >\n\t\t\t\t\t\t\t\t\t<span>\n\t\t\t\t\t\t\t\t\t\t\t\t\t\t\t\t\t\t\t\t\t\t\t\t\t\t\t\t\t\t\t\t\t<i aria-hidden=\"true\" class=\"fas fa-file-alt\"><\/i>\t\t\t\t\t\t\t\t\t\t\t\t\t\t\t\t\t\t\t\t\t\t\t\t\t\t\t\t\t\t<\/span>\n\t\t\t\t\t\t\t\t<\/div>\n\t\t\t\t\t\t\t\t\t\t<div class=\"bdt-timeline-item-main elementor-repeater-item-707a91b\" >\n\t\t\t\t\t\t\t<span class=\"bdt-timeline-arrow\"><\/span>\n\t\t\t\t\t\t\t\t\t\t<span class=\"bdt-timeline-arrow bdt-visible@m\"><\/span>\n\t\t\t\t\t\t\t\t\t<div class=\"bdt-timeline-desc\">\n\t\t\t\t\t\t<h4 class=\"bdt-timeline-title bdt-timeline-title bdt-timeline-title bdt-timeline-title bdt-timeline-title bdt-timeline-title bdt-timeline-title bdt-timeline-title bdt-timeline-title bdt-timeline-title bdt-timeline-title bdt-timeline-title bdt-timeline-title bdt-timeline-title bdt-timeline-title bdt-timeline-title bdt-timeline-title bdt-timeline-title bdt-timeline-title bdt-timeline-title bdt-timeline-title bdt-timeline-title bdt-timeline-title bdt-timeline-title\">\n\t\t\t\t\t\t\t<a href=\"https:\/\/bdthemes.com\" title=\"\" target=\"_blank\" rel=\"noopener\">\n\t\t\t\t\t\t\t\t\t<\/a>\n\t\t\t\t\t<\/h4>\n\t\t\t\t\t\t\t\t\t\t\t\t\t<div class=\"bdt-timeline-excerpt\">\n\t\t\t\t<p><img decoding=\"async\" class=\"alignnone size-medium wp-image-46\" src=\"https:\/\/www.kunertwellpappe.de\/de\/wp-content\/uploads\/2020\/04\/Fa.-Kunert_Full_300dpi-0368-300x225.jpg\" alt=\"\" width=\"300\" height=\"225\" srcset=\"https:\/\/www.kunertwellpappe.de\/de\/wp-content\/uploads\/2020\/04\/Fa.-Kunert_Full_300dpi-0368-300x225.jpg 300w, https:\/\/www.kunertwellpappe.de\/de\/wp-content\/uploads\/2020\/04\/Fa.-Kunert_Full_300dpi-0368-1024x767.jpg 1024w, https:\/\/www.kunertwellpappe.de\/de\/wp-content\/uploads\/2020\/04\/Fa.-Kunert_Full_300dpi-0368-768x575.jpg 768w, https:\/\/www.kunertwellpappe.de\/de\/wp-content\/uploads\/2020\/04\/Fa.-Kunert_Full_300dpi-0368.jpg 1442w\" sizes=\"(max-width: 300px) 100vw, 300px\" \/><\/p><p>Neubau unseres <strong>Logistik-Zentrums<\/strong> mit <strong>15.000qm und <\/strong><strong>42 Meter hohen Hochregallager <\/strong>ausgestattet mit modernster Technik in Bad Neustadt.<\/p>\t\t\t<\/div>\n\t\t\t\t\t\t\t\t\t\t<\/div>\n\t\t<\/div>\n\t\t\t\t\t\t\t\t\t<\/div>\n\t\t\t\t\t\t<\/div>\n\t\t\t\t\t<\/div>\n\t\t\t\t\t\t\t\t\t\t\t\t\t\t<div class=\" bdt-width-1-2@m bdt-timeline-item left-part\">\n\t\t\t\t\t\t<div class=\"bdt-timeline-item-main-wrapper\">\n\t\t\t\t\t\t\t\t\t\t\t\t\t\t\t<div class=\"bdt-timeline-line\">\n\t\t\t\t\t\t\t\t\t<span ><\/span>\n\t\t\t\t\t\t\t\t<\/div>\n\t\t\t\t\t\t\t\t\t\t\t\t\t\t<div class=\"bdt-timeline-item-main-container\">\n\t\t\t\t\t\t\t\t\t\t\t\t\t\t\t\t\t\t\t\t\t\t\t\t<div class=\"bdt-timeline-icon\" >\n\t\t\t\t\t\t\t\t\t<span>\n\t\t\t\t\t\t\t\t\t\t\t\t\t\t\t\t\t\t\t\t\t\t\t\t\t\t\t\t\t\t\t\t\t<i aria-hidden=\"true\" class=\"fas fa-file-alt\"><\/i>\t\t\t\t\t\t\t\t\t\t\t\t\t\t\t\t\t\t\t\t\t\t\t\t\t\t\t\t\t\t<\/span>\n\t\t\t\t\t\t\t\t<\/div>\n\t\t\t\t\t\t\t\t\t\t<div class=\"bdt-timeline-item-main elementor-repeater-item-8db4ca4\" >\n\t\t\t\t\t\t\t<span class=\"bdt-timeline-arrow\"><\/span>\n\t\t\t\t\t\t\t\t\t\t<span class=\"bdt-timeline-arrow bdt-visible@m\"><\/span>\n\t\t\t\t\t\t\t\t\t<div class=\"bdt-timeline-desc\">\n\t\t\t\t\t\t<h4 class=\"bdt-timeline-title bdt-timeline-title bdt-timeline-title bdt-timeline-title bdt-timeline-title bdt-timeline-title bdt-timeline-title bdt-timeline-title bdt-timeline-title bdt-timeline-title bdt-timeline-title bdt-timeline-title bdt-timeline-title bdt-timeline-title bdt-timeline-title bdt-timeline-title bdt-timeline-title bdt-timeline-title bdt-timeline-title bdt-timeline-title bdt-timeline-title bdt-timeline-title bdt-timeline-title bdt-timeline-title bdt-timeline-title\">\n\t\t\t\t\t\t\t<a href=\"https:\/\/bdthemes.com\" title=\"\" target=\"_blank\" rel=\"noopener\">\n\t\t\t\t\t\t\t\t\t<\/a>\n\t\t\t\t\t<\/h4>\n\t\t\t\t\t\t\t\t\t\t\t\t\t<div class=\"bdt-timeline-excerpt\">\n\t\t\t\t<p><img loading=\"lazy\" decoding=\"async\" class=\"alignnone size-medium wp-image-1917\" src=\"https:\/\/www.kunertwellpappe.de\/de\/wp-content\/uploads\/2020\/08\/72dpi_mgo-media_2332-300x200.jpg\" alt=\"\" width=\"300\" height=\"200\" srcset=\"https:\/\/www.kunertwellpappe.de\/de\/wp-content\/uploads\/2020\/08\/72dpi_mgo-media_2332-300x200.jpg 300w, https:\/\/www.kunertwellpappe.de\/de\/wp-content\/uploads\/2020\/08\/72dpi_mgo-media_2332-1024x683.jpg 1024w, https:\/\/www.kunertwellpappe.de\/de\/wp-content\/uploads\/2020\/08\/72dpi_mgo-media_2332-768x512.jpg 768w, https:\/\/www.kunertwellpappe.de\/de\/wp-content\/uploads\/2020\/08\/72dpi_mgo-media_2332-1536x1024.jpg 1536w, https:\/\/www.kunertwellpappe.de\/de\/wp-content\/uploads\/2020\/08\/72dpi_mgo-media_2332.jpg 1620w\" sizes=\"(max-width: 300px) 100vw, 300px\" \/><\/p><p>Der neue Inliner BGM Caseline 1332 in Biebesheim druckt, stanzt, faltet, klebt und taped in nur einem Arbeitsgang Verpackungen mit einer Bogenformatbreite von bis zu 3,20 m bei bis zu 14.000 Bogen pro Stunde und das mit bis zu 3 Nutzen!<\/p>\t\t\t<\/div>\n\t\t\t\t\t\t\t\t\t\t<\/div>\n\t\t<\/div>\n\t\t\t\t\t\t\t\t\t<\/div>\n\t\t\t\t\t\t<\/div>\n\t\t\t\t\t<\/div>\n\t\t\t\t\t\t\t\t\t\t\t\t\t<div class=\"bdt-timeline-item bdt-width-1-2@m bdt-visible@m\">\n\t\t\t<div class=\"bdt-timeline-date bdt-text-left\" >\n\t\t\t\t<span>2020<\/span>\n\t\t\t<\/div>\n\t\t<\/div>\n\t\t\t\t\t\t\t\t\t\t\t\t\t<div class=\"bdt-timeline-item bdt-width-1-2@m bdt-visible@m\">\n\t\t\t<div class=\"bdt-timeline-date bdt-text-right\" >\n\t\t\t\t<span>2020<\/span>\n\t\t\t<\/div>\n\t\t<\/div>\n\t\t\t\t\t\t\t<div class=\" bdt-width-1-2@m bdt-timeline-item right-part\">\n\t\t\t\t\t\t<div class=\"bdt-timeline-item-main-wrapper\">\n\t\t\t\t\t\t\t\t\t\t\t\t\t\t\t<div class=\"bdt-timeline-line\">\n\t\t\t\t\t\t\t\t\t<span ><\/span>\n\t\t\t\t\t\t\t\t<\/div>\n\t\t\t\t\t\t\t\t\t\t\t\t\t\t<div class=\"bdt-timeline-item-main-container\">\n\t\t\t\t\t\t\t\t\t\t\t\t\t\t\t\t\t\t\t\t\t\t\t\t<div class=\"bdt-timeline-icon\" >\n\t\t\t\t\t\t\t\t\t<span>\n\t\t\t\t\t\t\t\t\t\t\t\t\t\t\t\t\t\t\t\t\t\t\t\t\t\t\t\t\t\t\t\t\t<i aria-hidden=\"true\" class=\"fas fa-file-alt\"><\/i>\t\t\t\t\t\t\t\t\t\t\t\t\t\t\t\t\t\t\t\t\t\t\t\t\t\t\t\t\t\t<\/span>\n\t\t\t\t\t\t\t\t<\/div>\n\t\t\t\t\t\t\t\t\t\t<div class=\"bdt-timeline-item-main elementor-repeater-item-653f5e0\" >\n\t\t\t\t\t\t\t<span class=\"bdt-timeline-arrow\"><\/span>\n\t\t\t\t\t\t\t\t\t\t<span class=\"bdt-timeline-arrow bdt-visible@m\"><\/span>\n\t\t\t\t\t\t\t\t\t<div class=\"bdt-timeline-desc\">\n\t\t\t\t\t\t<h4 class=\"bdt-timeline-title bdt-timeline-title bdt-timeline-title bdt-timeline-title bdt-timeline-title bdt-timeline-title bdt-timeline-title bdt-timeline-title bdt-timeline-title bdt-timeline-title bdt-timeline-title bdt-timeline-title bdt-timeline-title bdt-timeline-title bdt-timeline-title bdt-timeline-title bdt-timeline-title bdt-timeline-title bdt-timeline-title bdt-timeline-title bdt-timeline-title bdt-timeline-title bdt-timeline-title bdt-timeline-title bdt-timeline-title bdt-timeline-title\">\n\t\t\t\t\t\t\t<a href=\"https:\/\/bdthemes.com\" title=\"\" target=\"_blank\" rel=\"noopener\">\n\t\t\t\t\t\t\t\t\t<\/a>\n\t\t\t\t\t<\/h4>\n\t\t\t\t\t\t\t\t\t\t\t\t\t<div class=\"bdt-timeline-excerpt\">\n\t\t\t\t<p><img loading=\"lazy\" decoding=\"async\" class=\"size-medium wp-image-1099\" src=\"https:\/\/www.kunertwellpappe.de\/de\/wp-content\/uploads\/2020\/06\/DJI_0146-300x225.jpg\" alt=\"\" width=\"300\" height=\"225\" srcset=\"https:\/\/www.kunertwellpappe.de\/de\/wp-content\/uploads\/2020\/06\/DJI_0146-300x225.jpg 300w, https:\/\/www.kunertwellpappe.de\/de\/wp-content\/uploads\/2020\/06\/DJI_0146-1024x767.jpg 1024w, https:\/\/www.kunertwellpappe.de\/de\/wp-content\/uploads\/2020\/06\/DJI_0146-768x576.jpg 768w, https:\/\/www.kunertwellpappe.de\/de\/wp-content\/uploads\/2020\/06\/DJI_0146-1536x1151.jpg 1536w, https:\/\/www.kunertwellpappe.de\/de\/wp-content\/uploads\/2020\/06\/DJI_0146.jpg 1920w\" sizes=\"(max-width: 300px) 100vw, 300px\" \/><\/p><p>Einweihung neue Logistikhalle in Biebesheim<\/p>\t\t\t<\/div>\n\t\t\t\t\t\t\t\t\t\t<\/div>\n\t\t<\/div>\n\t\t\t\t\t\t\t\t\t<\/div>\n\t\t\t\t\t\t<\/div>\n\t\t\t\t\t<\/div>\n\t\t\t\t\t\t\t\t\t\t\t\t\t\t<div class=\" bdt-width-1-2@m bdt-timeline-item left-part\">\n\t\t\t\t\t\t<div class=\"bdt-timeline-item-main-wrapper\">\n\t\t\t\t\t\t\t\t\t\t\t\t\t\t\t<div class=\"bdt-timeline-line\">\n\t\t\t\t\t\t\t\t\t<span ><\/span>\n\t\t\t\t\t\t\t\t<\/div>\n\t\t\t\t\t\t\t\t\t\t\t\t\t\t<div class=\"bdt-timeline-item-main-container\">\n\t\t\t\t\t\t\t\t\t\t\t\t\t\t\t\t\t\t\t\t\t\t\t\t<div class=\"bdt-timeline-icon\" >\n\t\t\t\t\t\t\t\t\t<span>\n\t\t\t\t\t\t\t\t\t\t\t\t\t\t\t\t\t\t\t\t\t\t\t\t\t\t\t\t\t\t\t\t\t<i aria-hidden=\"true\" class=\"fas fa-file-alt\"><\/i>\t\t\t\t\t\t\t\t\t\t\t\t\t\t\t\t\t\t\t\t\t\t\t\t\t\t\t\t\t\t<\/span>\n\t\t\t\t\t\t\t\t<\/div>\n\t\t\t\t\t\t\t\t\t\t<div class=\"bdt-timeline-item-main elementor-repeater-item-be03917\" >\n\t\t\t\t\t\t\t<span class=\"bdt-timeline-arrow\"><\/span>\n\t\t\t\t\t\t\t\t\t\t<span class=\"bdt-timeline-arrow bdt-visible@m\"><\/span>\n\t\t\t\t\t\t\t\t\t<div class=\"bdt-timeline-desc\">\n\t\t\t\t\t\t<h4 class=\"bdt-timeline-title bdt-timeline-title bdt-timeline-title bdt-timeline-title bdt-timeline-title bdt-timeline-title bdt-timeline-title bdt-timeline-title bdt-timeline-title bdt-timeline-title bdt-timeline-title bdt-timeline-title bdt-timeline-title bdt-timeline-title bdt-timeline-title bdt-timeline-title bdt-timeline-title bdt-timeline-title bdt-timeline-title bdt-timeline-title bdt-timeline-title bdt-timeline-title bdt-timeline-title bdt-timeline-title bdt-timeline-title bdt-timeline-title bdt-timeline-title\">\n\t\t\t\t\t\t\t<a href=\"https:\/\/bdthemes.com\" title=\"Automatikverpackungen KuBIN + KuBOX am Produktionsstandort Bad Neustadt\" target=\"_blank\" rel=\"noopener\">\n\t\t\t\t\tAutomatikverpackungen KuBIN + KuBOX am Produktionsstandort Bad Neustadt\t\t\t\t<\/a>\n\t\t\t\t\t<\/h4>\n\t\t\t\t\t\t\t\t\t\t\t\t\t<div class=\"bdt-timeline-excerpt\">\n\t\t\t\t<p><img loading=\"lazy\" decoding=\"async\" class=\"alignnone size-medium wp-image-4336\" src=\"https:\/\/www.kunertwellpappe.de\/de\/wp-content\/uploads\/2022\/09\/Kunert-Wellpappe-Newsletter-300x300.jpg\" alt=\"\" width=\"300\" height=\"300\" srcset=\"https:\/\/www.kunertwellpappe.de\/de\/wp-content\/uploads\/2022\/09\/Kunert-Wellpappe-Newsletter-300x300.jpg 300w, https:\/\/www.kunertwellpappe.de\/de\/wp-content\/uploads\/2022\/09\/Kunert-Wellpappe-Newsletter-1024x1024.jpg 1024w, https:\/\/www.kunertwellpappe.de\/de\/wp-content\/uploads\/2022\/09\/Kunert-Wellpappe-Newsletter-150x150.jpg 150w, https:\/\/www.kunertwellpappe.de\/de\/wp-content\/uploads\/2022\/09\/Kunert-Wellpappe-Newsletter-768x768.jpg 768w, https:\/\/www.kunertwellpappe.de\/de\/wp-content\/uploads\/2022\/09\/Kunert-Wellpappe-Newsletter-700x700.jpg 700w, https:\/\/www.kunertwellpappe.de\/de\/wp-content\/uploads\/2022\/09\/Kunert-Wellpappe-Newsletter.jpg 1080w\" sizes=\"(max-width: 300px) 100vw, 300px\" \/><\/p>\t\t\t<\/div>\n\t\t\t\t\t\t\t\t\t\t<\/div>\n\t\t<\/div>\n\t\t\t\t\t\t\t\t\t<\/div>\n\t\t\t\t\t\t<\/div>\n\t\t\t\t\t<\/div>\n\t\t\t\t\t\t\t\t\t\t\t\t\t<div class=\"bdt-timeline-item bdt-width-1-2@m bdt-visible@m\">\n\t\t\t<div class=\"bdt-timeline-date bdt-text-left\" >\n\t\t\t\t<span>2021<\/span>\n\t\t\t<\/div>\n\t\t<\/div>\n\t\t\t\t\t\t\t\t\t\t\t\t\t<div class=\"bdt-timeline-item bdt-width-1-2@m bdt-visible@m\">\n\t\t\t<div class=\"bdt-timeline-date bdt-text-right\" >\n\t\t\t\t<span>2021<\/span>\n\t\t\t<\/div>\n\t\t<\/div>\n\t\t\t\t\t\t\t<div class=\" bdt-width-1-2@m bdt-timeline-item right-part\">\n\t\t\t\t\t\t<div class=\"bdt-timeline-item-main-wrapper\">\n\t\t\t\t\t\t\t\t\t\t\t\t\t\t<div class=\"bdt-timeline-item-main-container\">\n\t\t\t\t\t\t\t\t\t\t\t\t\t\t\t\t\t\t\t\t\t\t\t\t<div class=\"bdt-timeline-icon\" >\n\t\t\t\t\t\t\t\t\t<span>\n\t\t\t\t\t\t\t\t\t\t\t\t\t\t\t\t\t\t\t\t\t\t\t\t\t\t\t\t\t\t\t\t\t<i aria-hidden=\"true\" class=\"fas fa-file-alt\"><\/i>\t\t\t\t\t\t\t\t\t\t\t\t\t\t\t\t\t\t\t\t\t\t\t\t\t\t\t\t\t\t<\/span>\n\t\t\t\t\t\t\t\t<\/div>\n\t\t\t\t\t\t\t\t\t\t<div class=\"bdt-timeline-item-main elementor-repeater-item-6235b8d\" >\n\t\t\t\t\t\t\t<span class=\"bdt-timeline-arrow\"><\/span>\n\t\t\t\t\t\t\t\t\t\t<span class=\"bdt-timeline-arrow bdt-visible@m\"><\/span>\n\t\t\t\t\t\t\t\t\t<div class=\"bdt-timeline-desc\">\n\t\t\t\t\t\t<h4 class=\"bdt-timeline-title bdt-timeline-title bdt-timeline-title bdt-timeline-title bdt-timeline-title bdt-timeline-title bdt-timeline-title bdt-timeline-title bdt-timeline-title bdt-timeline-title bdt-timeline-title bdt-timeline-title bdt-timeline-title bdt-timeline-title bdt-timeline-title bdt-timeline-title bdt-timeline-title bdt-timeline-title bdt-timeline-title bdt-timeline-title bdt-timeline-title bdt-timeline-title bdt-timeline-title bdt-timeline-title bdt-timeline-title bdt-timeline-title bdt-timeline-title bdt-timeline-title\">\n\t\t\t\t\t\t\t<a href=\"https:\/\/bdthemes.com\" title=\"Logistikpartnerschaft Geis + Kunert Wellpappe\" target=\"_blank\" rel=\"noopener\">\n\t\t\t\t\tLogistikpartnerschaft Geis + Kunert Wellpappe\t\t\t\t<\/a>\n\t\t\t\t\t<\/h4>\n\t\t\t\t\t\t\t\t\t\t\t\t\t<div class=\"bdt-timeline-excerpt\">\n\t\t\t\t<p><img loading=\"lazy\" decoding=\"async\" class=\"alignnone size-medium wp-image-4702\" src=\"https:\/\/www.kunertwellpappe.de\/de\/wp-content\/uploads\/2023\/05\/Kunert-Wellpappe_Geis-Logistik-300x251.jpg\" alt=\"\" width=\"300\" height=\"251\" srcset=\"https:\/\/www.kunertwellpappe.de\/de\/wp-content\/uploads\/2023\/05\/Kunert-Wellpappe_Geis-Logistik-300x251.jpg 300w, https:\/\/www.kunertwellpappe.de\/de\/wp-content\/uploads\/2023\/05\/Kunert-Wellpappe_Geis-Logistik-768x644.jpg 768w, https:\/\/www.kunertwellpappe.de\/de\/wp-content\/uploads\/2023\/05\/Kunert-Wellpappe_Geis-Logistik.jpg 940w\" sizes=\"(max-width: 300px) 100vw, 300px\" \/><\/p>\t\t\t<\/div>\n\t\t\t\t\t\t\t\t\t\t<\/div>\n\t\t<\/div>\n\t\t\t\t\t\t\t\t\t<\/div>\n\t\t\t\t\t\t<\/div>\n\t\t\t\t\t<\/div>\n\t\t\t\t\t\t\t\t\t\t\t\t<\/div>\n\t\t<\/div>\n\t\t\t\t\t\t<\/div>\n\t\t\t\t<\/div>\n\t\t\t\t\t<\/div>\n\t\t<\/div>\n\t\t\t\t\t<\/div>\n\t\t<\/section>\n\t\t\t\t<section class=\"elementor-section elementor-top-section elementor-element elementor-element-74481340 elementor-section-boxed elementor-section-height-default elementor-section-height-default\" data-id=\"74481340\" data-element_type=\"section\" data-e-type=\"section\" data-settings=\"{&quot;jet_parallax_layout_list&quot;:[]}\">\n\t\t\t\t\t\t<div class=\"elementor-container elementor-column-gap-default\">\n\t\t\t\t\t<div class=\"elementor-column elementor-col-100 elementor-top-column elementor-element elementor-element-12c31a68\" data-id=\"12c31a68\" data-element_type=\"column\" data-e-type=\"column\">\n\t\t\t<div class=\"elementor-widget-wrap elementor-element-populated\">\n\t\t\t\t\t\t<div class=\"elementor-element elementor-element-50c1ae07 elementor-widget elementor-widget-heading\" data-id=\"50c1ae07\" data-element_type=\"widget\" data-e-type=\"widget\" data-widget_type=\"heading.default\">\n\t\t\t\t<div class=\"elementor-widget-container\">\n\t\t\t\t\t<h2 class=\"elementor-heading-title elementor-size-default\"><span class=\"headline\" style=\"white-space: normal;line-height: 1.1;margin-top: 20px;margin-bottom: 20px\">Herausforderungen gesucht<\/span><\/h2>\t\t\t\t<\/div>\n\t\t\t\t<\/div>\n\t\t\t\t<div class=\"elementor-element elementor-element-32354c2b elementor-widget elementor-widget-heading\" data-id=\"32354c2b\" data-element_type=\"widget\" data-e-type=\"widget\" data-widget_type=\"heading.default\">\n\t\t\t\t<div class=\"elementor-widget-container\">\n\t\t\t\t\t<h3 class=\"elementor-heading-title elementor-size-default\">Unser Ziel: Ihre Zufriedenheit.<\/h3>\t\t\t\t<\/div>\n\t\t\t\t<\/div>\n\t\t\t\t<div class=\"elementor-element elementor-element-51d5be7f elementor-widget elementor-widget-text-editor\" data-id=\"51d5be7f\" data-element_type=\"widget\" data-e-type=\"widget\" data-widget_type=\"text-editor.default\">\n\t\t\t\t<div class=\"elementor-widget-container\">\n\t\t\t\t\t\t\t\t\t<p><strong>Wir werden Ihnen auch in Zukunft nicht \u201enur\u201c das Produkt liefern.<\/strong> Vielmehr stehen wir Ihnen bei jeder Herausforderung in Ihren Produktions- und Logistikprozessen aktiv zur Seite. Das Vertrauen, das Sie in der Vergangenheit bereits in uns gesetzt haben, werden wir nicht entt\u00e4uschen. <\/p><p><strong>Heute wie auch in Zukunft stehen Sie und Ihre individuellen Bed\u00fcrfnisse f\u00fcr uns an erster Stelle.<\/strong><\/p>\t\t\t\t\t\t\t\t<\/div>\n\t\t\t\t<\/div>\n\t\t\t\t\t<\/div>\n\t\t<\/div>\n\t\t\t\t\t<\/div>\n\t\t<\/section>\n\t\t\t\t<section class=\"elementor-section elementor-top-section elementor-element elementor-element-1b89a81e elementor-section-stretched elementor-section-boxed elementor-section-height-default elementor-section-height-default elementor-invisible\" data-id=\"1b89a81e\" data-element_type=\"section\" data-e-type=\"section\" data-settings=\"{&quot;stretch_section&quot;:&quot;section-stretched&quot;,&quot;background_background&quot;:&quot;classic&quot;,&quot;animation&quot;:&quot;slideInUp&quot;,&quot;jet_parallax_layout_list&quot;:[]}\">\n\t\t\t\t\t\t<div class=\"elementor-container elementor-column-gap-default\">\n\t\t\t\t\t<div class=\"elementor-column elementor-col-100 elementor-top-column elementor-element elementor-element-7eeb7bc7\" data-id=\"7eeb7bc7\" data-element_type=\"column\" data-e-type=\"column\">\n\t\t\t<div class=\"elementor-widget-wrap elementor-element-populated\">\n\t\t\t\t\t\t<section class=\"elementor-section elementor-inner-section elementor-element elementor-element-17afed2d elementor-section-boxed elementor-section-height-default elementor-section-height-default\" data-id=\"17afed2d\" data-element_type=\"section\" data-e-type=\"section\" data-settings=\"{&quot;jet_parallax_layout_list&quot;:[]}\">\n\t\t\t\t\t\t<div class=\"elementor-container elementor-column-gap-default\">\n\t\t\t\t\t<div class=\"elementor-column elementor-col-50 elementor-inner-column elementor-element elementor-element-497b9240 elementor-invisible\" data-id=\"497b9240\" data-element_type=\"column\" data-e-type=\"column\" data-settings=\"{&quot;animation&quot;:&quot;fadeInRight&quot;}\">\n\t\t\t<div class=\"elementor-widget-wrap elementor-element-populated\">\n\t\t\t\t\t\t<div class=\"elementor-element elementor-element-4f691e83 elementor-widget elementor-widget-image\" data-id=\"4f691e83\" data-element_type=\"widget\" data-e-type=\"widget\" data-widget_type=\"image.default\">\n\t\t\t\t<div class=\"elementor-widget-container\">\n\t\t\t\t\t\t\t\t\t\t\t\t\t\t\t<img loading=\"lazy\" decoding=\"async\" width=\"768\" height=\"999\" src=\"https:\/\/www.kunertwellpappe.de\/de\/wp-content\/uploads\/2020\/05\/Bildschirmfoto-2020-05-06-um-08.18.09-768x999.png\" class=\"attachment-medium_large size-medium_large wp-image-982\" alt=\"\" srcset=\"https:\/\/www.kunertwellpappe.de\/de\/wp-content\/uploads\/2020\/05\/Bildschirmfoto-2020-05-06-um-08.18.09-768x999.png 768w, https:\/\/www.kunertwellpappe.de\/de\/wp-content\/uploads\/2020\/05\/Bildschirmfoto-2020-05-06-um-08.18.09-231x300.png 231w, https:\/\/www.kunertwellpappe.de\/de\/wp-content\/uploads\/2020\/05\/Bildschirmfoto-2020-05-06-um-08.18.09-787x1024.png 787w, https:\/\/www.kunertwellpappe.de\/de\/wp-content\/uploads\/2020\/05\/Bildschirmfoto-2020-05-06-um-08.18.09.png 1058w\" sizes=\"(max-width: 768px) 100vw, 768px\" \/>\t\t\t\t\t\t\t\t\t\t\t\t\t\t\t<\/div>\n\t\t\t\t<\/div>\n\t\t\t\t\t<\/div>\n\t\t<\/div>\n\t\t\t\t<div class=\"elementor-column elementor-col-50 elementor-inner-column elementor-element elementor-element-2fcf3233 elementor-invisible\" data-id=\"2fcf3233\" data-element_type=\"column\" data-e-type=\"column\" data-settings=\"{&quot;animation&quot;:&quot;fadeInLeft&quot;}\">\n\t\t\t<div class=\"elementor-widget-wrap elementor-element-populated\">\n\t\t\t\t\t\t<div class=\"elementor-element elementor-element-673baf89 elementor-widget elementor-widget-heading\" data-id=\"673baf89\" data-element_type=\"widget\" data-e-type=\"widget\" data-widget_type=\"heading.default\">\n\t\t\t\t<div class=\"elementor-widget-container\">\n\t\t\t\t\t<h2 class=\"elementor-heading-title elementor-size-default\">FAMILIEN-MENSCHEN PR\u00c4GEN<\/Br>\nFAMILIEN-UNTERNEHMEN<\/h2>\t\t\t\t<\/div>\n\t\t\t\t<\/div>\n\t\t\t\t<div class=\"elementor-element elementor-element-2153ee4 elementor-widget elementor-widget-text-editor\" data-id=\"2153ee4\" data-element_type=\"widget\" data-e-type=\"widget\" data-widget_type=\"text-editor.default\">\n\t\t\t\t<div class=\"elementor-widget-container\">\n\t\t\t\t\t\t\t\t\t<p style=\"text-align: left;\"><span style=\"color: #ffffff;\">WIR HABEN UNSERE ZIELE H\u00d6HER GESTECKT,\u00a0ALS BILANZEN SIE ABBILDEN K\u00d6NNEN. WIR\u00a0WOLLEN MEHR ERREICHEN ALS GUTE ZAHLEN.\u00a0WIR WOLLEN UNS WEITERENTWICKELN, DAMIT\u00a0AUCH ZUK\u00dcNFTIGE GENERATIONEN IN DIESEM\u00a0UNTERNEHMEN IHRE IDEEN MIT BEGEISTERUNG\u00a0UMSETZEN K\u00d6NNEN.\u00a0DIESE AMBITION PR\u00c4GT UNSERE ARBEIT.\u00a0<\/span><\/p><p style=\"text-align: left;\"><span style=\"color: #ffffff;\"><strong>SIE BASIERT AUF WERTEN WIE WISSEN,\u00a0NACHHALTIGKEIT, QUALIT\u00c4T, ACHTSAMKEIT,\u00a0KREATIVIT\u00c4T UND MUT.<\/strong><\/span><\/p><p style=\"text-align: left;\"><span style=\"color: #ffffff;\"><strong>DIE KOMMENDEN GENERATIONEN SIND\u00a0UNSER MA\u00dfSTAB.<\/strong><\/span><\/p>\t\t\t\t\t\t\t\t<\/div>\n\t\t\t\t<\/div>\n\t\t\t\t<div class=\"elementor-element elementor-element-6e51dcb7 elementor-align-left elementor-widget elementor-widget-button\" data-id=\"6e51dcb7\" data-element_type=\"widget\" data-e-type=\"widget\" data-widget_type=\"button.default\">\n\t\t\t\t<div class=\"elementor-widget-container\">\n\t\t\t\t\t\t\t\t\t<div class=\"elementor-button-wrapper\">\n\t\t\t\t\t<a class=\"elementor-button elementor-button-link elementor-size-sm\" href=\"https:\/\/www.kunertwellpappe.de\/de\/standorte\/\">\n\t\t\t\t\t\t<span class=\"elementor-button-content-wrapper\">\n\t\t\t\t\t\t\t\t\t<span class=\"elementor-button-text\">&gt;&gt;mehr zu KUNERT-UNTERNEHMENSGRUPPE<\/span>\n\t\t\t\t\t<\/span>\n\t\t\t\t\t<\/a>\n\t\t\t\t<\/div>\n\t\t\t\t\t\t\t\t<\/div>\n\t\t\t\t<\/div>\n\t\t\t\t\t<\/div>\n\t\t<\/div>\n\t\t\t\t\t<\/div>\n\t\t<\/section>\n\t\t\t\t\t<\/div>\n\t\t<\/div>\n\t\t\t\t\t<\/div>\n\t\t<\/section>\n\t\t\t\t<section class=\"elementor-section elementor-top-section elementor-element elementor-element-f7e0f4d elementor-section-boxed elementor-section-height-default elementor-section-height-default elementor-invisible\" data-id=\"f7e0f4d\" data-element_type=\"section\" data-e-type=\"section\" data-settings=\"{&quot;animation&quot;:&quot;slideInUp&quot;,&quot;jet_parallax_layout_list&quot;:[]}\">\n\t\t\t\t\t\t<div class=\"elementor-container elementor-column-gap-default\">\n\t\t\t\t\t<div class=\"elementor-column elementor-col-100 elementor-top-column elementor-element elementor-element-1cd012de\" data-id=\"1cd012de\" data-element_type=\"column\" data-e-type=\"column\">\n\t\t\t<div class=\"elementor-widget-wrap\">\n\t\t\t\t\t\t\t<\/div>\n\t\t<\/div>\n\t\t\t\t\t<\/div>\n\t\t<\/section>\n\t\t\t\t<\/div>\n\t\t","protected":false},"excerpt":{"rendered":"<p>Herkunft &amp; Zukunft Wir sind ein kundenorientiertes und traditionsbewusstes Serviceunternehmen. Gemeinsam mit Ihnen setzen wir Ma\u00dfst\u00e4be! Hier k\u00f6nnen Sie etwas eintauchen in die Geschichte und den Unternehmergeist der Familie Kunert. Wie hat alles begonnen? Was treibt uns an? Alois Paul gr\u00fcndet die Schachtelproduktion in Eulau im Sudetenland. 1893 1945 Enteignung und Vertreibung der Familie Kunert &#8230; <a title=\"Herkunft &#038; Zukunft\" class=\"read-more\" href=\"https:\/\/www.kunertwellpappe.de\/de\/herkunft-zukunft\/\" aria-label=\"Mehr Informationen \u00fcber Herkunft &#038; Zukunft\">Weiterlesen<\/a><\/p>\n","protected":false},"author":3,"featured_media":0,"parent":0,"menu_order":0,"comment_status":"closed","ping_status":"closed","template":"","meta":{"_jf_save_progress":"","footnotes":""},"class_list":["post-1642","page","type-page","status-publish"],"_links":{"self":[{"href":"https:\/\/www.kunertwellpappe.de\/de\/wp-json\/wp\/v2\/pages\/1642","targetHints":{"allow":["GET"]}}],"collection":[{"href":"https:\/\/www.kunertwellpappe.de\/de\/wp-json\/wp\/v2\/pages"}],"about":[{"href":"https:\/\/www.kunertwellpappe.de\/de\/wp-json\/wp\/v2\/types\/page"}],"author":[{"embeddable":true,"href":"https:\/\/www.kunertwellpappe.de\/de\/wp-json\/wp\/v2\/users\/3"}],"replies":[{"embeddable":true,"href":"https:\/\/www.kunertwellpappe.de\/de\/wp-json\/wp\/v2\/comments?post=1642"}],"version-history":[{"count":77,"href":"https:\/\/www.kunertwellpappe.de\/de\/wp-json\/wp\/v2\/pages\/1642\/revisions"}],"predecessor-version":[{"id":4709,"href":"https:\/\/www.kunertwellpappe.de\/de\/wp-json\/wp\/v2\/pages\/1642\/revisions\/4709"}],"wp:attachment":[{"href":"https:\/\/www.kunertwellpappe.de\/de\/wp-json\/wp\/v2\/media?parent=1642"}],"curies":[{"name":"wp","href":"https:\/\/api.w.org\/{rel}","templated":true}]}}