{"id":1306,"date":"2020-07-09T15:34:11","date_gmt":"2020-07-09T13:34:11","guid":{"rendered":"http:\/\/www.kunertwellpappe.de\/?page_id=1306"},"modified":"2025-04-29T11:47:24","modified_gmt":"2025-04-29T09:47:24","slug":"standorte","status":"publish","type":"page","link":"https:\/\/www.kunertwellpappe.de\/de\/standorte\/","title":{"rendered":"STANDORTE"},"content":{"rendered":"\t\t<div data-elementor-type=\"wp-page\" data-elementor-id=\"1306\" class=\"elementor elementor-1306\" data-elementor-settings=\"{&quot;element_pack_global_tooltip_width&quot;:{&quot;unit&quot;:&quot;px&quot;,&quot;size&quot;:&quot;&quot;,&quot;sizes&quot;:[]},&quot;element_pack_global_tooltip_width_tablet&quot;:{&quot;unit&quot;:&quot;px&quot;,&quot;size&quot;:&quot;&quot;,&quot;sizes&quot;:[]},&quot;element_pack_global_tooltip_width_mobile&quot;:{&quot;unit&quot;:&quot;px&quot;,&quot;size&quot;:&quot;&quot;,&quot;sizes&quot;:[]},&quot;element_pack_global_tooltip_padding&quot;:{&quot;unit&quot;:&quot;px&quot;,&quot;top&quot;:&quot;&quot;,&quot;right&quot;:&quot;&quot;,&quot;bottom&quot;:&quot;&quot;,&quot;left&quot;:&quot;&quot;,&quot;isLinked&quot;:true},&quot;element_pack_global_tooltip_padding_tablet&quot;:{&quot;unit&quot;:&quot;px&quot;,&quot;top&quot;:&quot;&quot;,&quot;right&quot;:&quot;&quot;,&quot;bottom&quot;:&quot;&quot;,&quot;left&quot;:&quot;&quot;,&quot;isLinked&quot;:true},&quot;element_pack_global_tooltip_padding_mobile&quot;:{&quot;unit&quot;:&quot;px&quot;,&quot;top&quot;:&quot;&quot;,&quot;right&quot;:&quot;&quot;,&quot;bottom&quot;:&quot;&quot;,&quot;left&quot;:&quot;&quot;,&quot;isLinked&quot;:true},&quot;element_pack_global_tooltip_border_radius&quot;:{&quot;unit&quot;:&quot;px&quot;,&quot;top&quot;:&quot;&quot;,&quot;right&quot;:&quot;&quot;,&quot;bottom&quot;:&quot;&quot;,&quot;left&quot;:&quot;&quot;,&quot;isLinked&quot;:true},&quot;element_pack_global_tooltip_border_radius_tablet&quot;:{&quot;unit&quot;:&quot;px&quot;,&quot;top&quot;:&quot;&quot;,&quot;right&quot;:&quot;&quot;,&quot;bottom&quot;:&quot;&quot;,&quot;left&quot;:&quot;&quot;,&quot;isLinked&quot;:true},&quot;element_pack_global_tooltip_border_radius_mobile&quot;:{&quot;unit&quot;:&quot;px&quot;,&quot;top&quot;:&quot;&quot;,&quot;right&quot;:&quot;&quot;,&quot;bottom&quot;:&quot;&quot;,&quot;left&quot;:&quot;&quot;,&quot;isLinked&quot;:true}}\" data-elementor-post-type=\"page\">\n\t\t\t\t\t\t<section class=\"elementor-section elementor-top-section elementor-element elementor-element-23bc92 elementor-section-stretched elementor-section-full_width elementor-section-height-min-height elementor-section-height-default elementor-section-items-middle\" data-id=\"23bc92\" data-element_type=\"section\" data-e-type=\"section\" data-settings=\"{&quot;stretch_section&quot;:&quot;section-stretched&quot;,&quot;background_background&quot;:&quot;slideshow&quot;,&quot;background_slideshow_gallery&quot;:[{&quot;id&quot;:3796,&quot;url&quot;:&quot;https:\\\/\\\/www.kunertwellpappe.de\\\/de\\\/wp-content\\\/uploads\\\/2021\\\/09\\\/72dpi_KunertWellpappe-17092021_mgo-media_0355.jpg&quot;},{&quot;id&quot;:3798,&quot;url&quot;:&quot;https:\\\/\\\/www.kunertwellpappe.de\\\/de\\\/wp-content\\\/uploads\\\/2021\\\/09\\\/72dpi_KunertWellpappe-17092021_mgo-media_9987.jpg&quot;}],&quot;jet_parallax_layout_list&quot;:[],&quot;background_slideshow_loop&quot;:&quot;yes&quot;,&quot;background_slideshow_slide_duration&quot;:5000,&quot;background_slideshow_slide_transition&quot;:&quot;fade&quot;,&quot;background_slideshow_transition_duration&quot;:500}\">\n\t\t\t\t\t\t<div class=\"elementor-container elementor-column-gap-default\">\n\t\t\t\t\t<div class=\"elementor-column elementor-col-100 elementor-top-column elementor-element elementor-element-1bba31e5\" data-id=\"1bba31e5\" data-element_type=\"column\" data-e-type=\"column\">\n\t\t\t<div class=\"elementor-widget-wrap\">\n\t\t\t\t\t\t\t<\/div>\n\t\t<\/div>\n\t\t\t\t\t<\/div>\n\t\t<\/section>\n\t\t\t\t<section class=\"elementor-section elementor-top-section elementor-element elementor-element-368dd344 elementor-section-boxed elementor-section-height-default elementor-section-height-default\" data-id=\"368dd344\" data-element_type=\"section\" data-e-type=\"section\" data-settings=\"{&quot;jet_parallax_layout_list&quot;:[]}\">\n\t\t\t\t\t\t<div class=\"elementor-container elementor-column-gap-default\">\n\t\t\t\t\t<div class=\"elementor-column elementor-col-100 elementor-top-column elementor-element elementor-element-20509334\" data-id=\"20509334\" data-element_type=\"column\" data-e-type=\"column\">\n\t\t\t<div class=\"elementor-widget-wrap elementor-element-populated\">\n\t\t\t\t\t\t<section class=\"elementor-section elementor-inner-section elementor-element elementor-element-640b6a28 elementor-section-boxed elementor-section-height-default elementor-section-height-default\" data-id=\"640b6a28\" data-element_type=\"section\" data-e-type=\"section\" data-settings=\"{&quot;jet_parallax_layout_list&quot;:[]}\">\n\t\t\t\t\t\t<div class=\"elementor-container elementor-column-gap-default\">\n\t\t\t\t\t<div class=\"elementor-column elementor-col-50 elementor-inner-column elementor-element elementor-element-3f958609\" data-id=\"3f958609\" data-element_type=\"column\" data-e-type=\"column\">\n\t\t\t<div class=\"elementor-widget-wrap elementor-element-populated\">\n\t\t\t\t\t\t<div class=\"elementor-element elementor-element-3ea7c0e elementor-widget elementor-widget-heading\" data-id=\"3ea7c0e\" data-element_type=\"widget\" data-e-type=\"widget\" data-widget_type=\"heading.default\">\n\t\t\t\t<div class=\"elementor-widget-container\">\n\t\t\t\t\t<h4 class=\"elementor-heading-title elementor-size-default\">Gemeinsam stark <\/h4>\t\t\t\t<\/div>\n\t\t\t\t<\/div>\n\t\t\t\t<div class=\"elementor-element elementor-element-21bf2dfe elementor-widget elementor-widget-heading\" data-id=\"21bf2dfe\" data-element_type=\"widget\" data-e-type=\"widget\" data-widget_type=\"heading.default\">\n\t\t\t\t<div class=\"elementor-widget-container\">\n\t\t\t\t\t<h1 class=\"elementor-heading-title elementor-size-default\">KUNITED: Bad Neustadt + BIEBESHEIM<\/h1>\t\t\t\t<\/div>\n\t\t\t\t<\/div>\n\t\t\t\t<div class=\"elementor-element elementor-element-362444fd elementor-widget elementor-widget-heading\" data-id=\"362444fd\" data-element_type=\"widget\" data-e-type=\"widget\" data-widget_type=\"heading.default\">\n\t\t\t\t<div class=\"elementor-widget-container\">\n\t\t\t\t\t<h2 class=\"elementor-heading-title elementor-size-default\">ZWEI STANDORTE - EINE LEIDENSCHAFT<\/h2>\t\t\t\t<\/div>\n\t\t\t\t<\/div>\n\t\t\t\t<div class=\"elementor-element elementor-element-5f56715a elementor-widget elementor-widget-text-editor\" data-id=\"5f56715a\" data-element_type=\"widget\" data-e-type=\"widget\" data-widget_type=\"text-editor.default\">\n\t\t\t\t<div class=\"elementor-widget-container\">\n\t\t\t\t\t\t\t\t\t<p>Standortverbundenheit und Expertise: Wir von Kunert Wellpappe in Biebesheim und Bad Neustadt sind Ihr <strong>starker Partner f\u00fcr Verpackungen aus Wellpappe.<\/strong> Seit unserer Firmengr\u00fcndung im Jahr 1957 sind wir kontinuierlich gewachsen, um Ihnen eine bestm\u00f6gliche Betreuung zu erm\u00f6glichen. In unseren beiden Werken stellen sich 384 Mitarbeiterinnen und Mitarbeiter gern Ihren Anforderungen. Gemeinsam mit Ihnen entwickeln wir ma\u00dfgeschneiderte Verpackungen aus Wellpappe.<\/p>\t\t\t\t\t\t\t\t<\/div>\n\t\t\t\t<\/div>\n\t\t\t\t\t<\/div>\n\t\t<\/div>\n\t\t\t\t<div class=\"elementor-column elementor-col-50 elementor-inner-column elementor-element elementor-element-4cf5fd2a\" data-id=\"4cf5fd2a\" data-element_type=\"column\" data-e-type=\"column\">\n\t\t\t<div class=\"elementor-widget-wrap elementor-element-populated\">\n\t\t\t\t\t\t<div class=\"elementor-element elementor-element-13aed2a elementor-widget elementor-widget-image\" data-id=\"13aed2a\" data-element_type=\"widget\" data-e-type=\"widget\" data-widget_type=\"image.default\">\n\t\t\t\t<div class=\"elementor-widget-container\">\n\t\t\t\t\t\t\t\t\t\t\t\t\t\t\t<img fetchpriority=\"high\" decoding=\"async\" width=\"1024\" height=\"1024\" src=\"https:\/\/www.kunertwellpappe.de\/de\/wp-content\/uploads\/2023\/05\/www.kunertwellpappe.de-3-1024x1024.png\" class=\"attachment-large size-large wp-image-4711\" alt=\"\" srcset=\"https:\/\/www.kunertwellpappe.de\/de\/wp-content\/uploads\/2023\/05\/www.kunertwellpappe.de-3-1024x1024.png 1024w, https:\/\/www.kunertwellpappe.de\/de\/wp-content\/uploads\/2023\/05\/www.kunertwellpappe.de-3-300x300.png 300w, https:\/\/www.kunertwellpappe.de\/de\/wp-content\/uploads\/2023\/05\/www.kunertwellpappe.de-3-150x150.png 150w, https:\/\/www.kunertwellpappe.de\/de\/wp-content\/uploads\/2023\/05\/www.kunertwellpappe.de-3-768x768.png 768w, https:\/\/www.kunertwellpappe.de\/de\/wp-content\/uploads\/2023\/05\/www.kunertwellpappe.de-3-700x700.png 700w, https:\/\/www.kunertwellpappe.de\/de\/wp-content\/uploads\/2023\/05\/www.kunertwellpappe.de-3.png 1276w\" sizes=\"(max-width: 1024px) 100vw, 1024px\" \/>\t\t\t\t\t\t\t\t\t\t\t\t\t\t\t<\/div>\n\t\t\t\t<\/div>\n\t\t\t\t\t<\/div>\n\t\t<\/div>\n\t\t\t\t\t<\/div>\n\t\t<\/section>\n\t\t\t\t\t<\/div>\n\t\t<\/div>\n\t\t\t\t\t<\/div>\n\t\t<\/section>\n\t\t\t\t<section class=\"elementor-section elementor-top-section elementor-element elementor-element-23bbb6ae elementor-section-boxed elementor-section-height-default elementor-section-height-default\" data-id=\"23bbb6ae\" data-element_type=\"section\" data-e-type=\"section\" data-settings=\"{&quot;jet_parallax_layout_list&quot;:[]}\">\n\t\t\t\t\t\t<div class=\"elementor-container elementor-column-gap-default\">\n\t\t\t\t\t<div class=\"elementor-column elementor-col-100 elementor-top-column elementor-element elementor-element-35e33bab\" data-id=\"35e33bab\" data-element_type=\"column\" data-e-type=\"column\">\n\t\t\t<div class=\"elementor-widget-wrap elementor-element-populated\">\n\t\t\t\t\t\t<div class=\"elementor-element elementor-element-27524660 elementor-widget elementor-widget-heading\" data-id=\"27524660\" data-element_type=\"widget\" data-e-type=\"widget\" data-widget_type=\"heading.default\">\n\t\t\t\t<div class=\"elementor-widget-container\">\n\t\t\t\t\t<h2 class=\"elementor-heading-title elementor-size-default\">Kunert Wellpappe Biebesheim<\/h2>\t\t\t\t<\/div>\n\t\t\t\t<\/div>\n\t\t\t\t\t<\/div>\n\t\t<\/div>\n\t\t\t\t\t<\/div>\n\t\t<\/section>\n\t\t\t\t<section class=\"elementor-section elementor-top-section elementor-element elementor-element-6ea817d8 elementor-section-boxed elementor-section-height-default elementor-section-height-default\" data-id=\"6ea817d8\" data-element_type=\"section\" data-e-type=\"section\" data-settings=\"{&quot;jet_parallax_layout_list&quot;:[]}\">\n\t\t\t\t\t\t<div class=\"elementor-container elementor-column-gap-default\">\n\t\t\t\t\t<div class=\"elementor-column elementor-col-50 elementor-top-column elementor-element elementor-element-2d17f3b\" data-id=\"2d17f3b\" data-element_type=\"column\" data-e-type=\"column\">\n\t\t\t<div class=\"elementor-widget-wrap elementor-element-populated\">\n\t\t\t\t\t\t<div class=\"elementor-element elementor-element-7cebcada elementor-widget elementor-widget-text-editor\" data-id=\"7cebcada\" data-element_type=\"widget\" data-e-type=\"widget\" data-widget_type=\"text-editor.default\">\n\t\t\t\t<div class=\"elementor-widget-container\">\n\t\t\t\t\t\t\t\t\t<div class=\"teaser-media-element__text\"><p>Ob Industrie oder Konsumg\u00fcter: An unserem Standort in Biebesheim produzieren wir Verpackungen, die speziell auf Ihre Anforderungen zugeschnitten sind \u2013 ob <strong>Verkaufsf\u00f6rderer<\/strong>, <strong>Versand- <\/strong>oder <strong>Gefahrgutverpackung<\/strong>.<\/p><p>Zu unseren ma\u00dfgeschneiderten L\u00f6sungen z\u00e4hlen unter anderem auch unsere <strong>Stanzverpackungen<\/strong> und <strong>4-Punkt geklebte Verpackungen<\/strong> sowie <strong>Automatikbodenfaltschachteln<\/strong>.<\/p><p>F\u00fcr all unsere Produkte gilt: Von der Umsetzung bestehender Verpackungskonzepte bis zur Neuentwicklung setzen wir auf die enge Zusammenarbeit mit Ihnen.<\/p><p>Dar\u00fcber hinaus sind wir Ihr zuverl\u00e4ssiger Partner, wenn es um die <strong>Bedruckung<\/strong> geht. Unsere Kernkompetenz: der <strong>Flexodirektdruck<\/strong>. Von <strong>einfarbigem bis hochwertigem Sechs-Farben-Flexodruck<\/strong> bieten wir Ihnen langj\u00e4hrige Erfahrung. Wir erm\u00f6glichen Ihnen Flexodruck ganz nach Wunsch als Preprint, Offline- oder als Inline-Druck.<\/p><p>Unsere Mitarbeiterinnen und Mitarbeiter entwickeln gemeinsam mit Ihnen praxisgerechte L\u00f6sungen im Mehrfarbendruck. Qualit\u00e4t und Zuverl\u00e4ssigkeit sind dabei selbstverst\u00e4ndlich. Deshalb achten wir stets darauf, die Wellpappenqualit\u00e4ten sowie Bedruckstoffe auf Ihre besonderen Anforderungen anzupassen. Gemeinsam mit Ihnen entwickeln wir unsere Produktion fortw\u00e4hrend weiter, um Ihren Erfordernissen bestm\u00f6glich zu entsprechen.<\/p><\/div>\t\t\t\t\t\t\t\t<\/div>\n\t\t\t\t<\/div>\n\t\t\t\t\t<\/div>\n\t\t<\/div>\n\t\t\t\t<div class=\"elementor-column elementor-col-50 elementor-top-column elementor-element elementor-element-6f97022\" data-id=\"6f97022\" data-element_type=\"column\" data-e-type=\"column\">\n\t\t\t<div class=\"elementor-widget-wrap elementor-element-populated\">\n\t\t\t\t\t\t<div class=\"elementor-element elementor-element-7734a51 elementor-widget elementor-widget-image\" data-id=\"7734a51\" data-element_type=\"widget\" data-e-type=\"widget\" data-widget_type=\"image.default\">\n\t\t\t\t<div class=\"elementor-widget-container\">\n\t\t\t\t\t\t\t\t\t\t\t\t\t\t\t<img decoding=\"async\" width=\"768\" height=\"512\" src=\"https:\/\/www.kunertwellpappe.de\/de\/wp-content\/uploads\/2020\/06\/CC6B1898-44bfreistelller_hintergrund-768x512.jpg\" class=\"attachment-medium_large size-medium_large wp-image-1102\" alt=\"\" srcset=\"https:\/\/www.kunertwellpappe.de\/de\/wp-content\/uploads\/2020\/06\/CC6B1898-44bfreistelller_hintergrund-768x512.jpg 768w, https:\/\/www.kunertwellpappe.de\/de\/wp-content\/uploads\/2020\/06\/CC6B1898-44bfreistelller_hintergrund-300x200.jpg 300w, https:\/\/www.kunertwellpappe.de\/de\/wp-content\/uploads\/2020\/06\/CC6B1898-44bfreistelller_hintergrund.jpg 1024w\" sizes=\"(max-width: 768px) 100vw, 768px\" \/>\t\t\t\t\t\t\t\t\t\t\t\t\t\t\t<\/div>\n\t\t\t\t<\/div>\n\t\t\t\t<div class=\"elementor-element elementor-element-f6ced99 elementor-widget elementor-widget-image\" data-id=\"f6ced99\" data-element_type=\"widget\" data-e-type=\"widget\" data-widget_type=\"image.default\">\n\t\t\t\t<div class=\"elementor-widget-container\">\n\t\t\t\t\t\t\t\t\t\t\t\t\t\t\t<img decoding=\"async\" width=\"768\" height=\"768\" src=\"https:\/\/www.kunertwellpappe.de\/de\/wp-content\/uploads\/2021\/09\/Kunert-Wellpappe71-768x768.jpg\" class=\"attachment-medium_large size-medium_large wp-image-3760\" alt=\"\" srcset=\"https:\/\/www.kunertwellpappe.de\/de\/wp-content\/uploads\/2021\/09\/Kunert-Wellpappe71-768x768.jpg 768w, https:\/\/www.kunertwellpappe.de\/de\/wp-content\/uploads\/2021\/09\/Kunert-Wellpappe71-300x300.jpg 300w, https:\/\/www.kunertwellpappe.de\/de\/wp-content\/uploads\/2021\/09\/Kunert-Wellpappe71-1024x1024.jpg 1024w, https:\/\/www.kunertwellpappe.de\/de\/wp-content\/uploads\/2021\/09\/Kunert-Wellpappe71-150x150.jpg 150w, https:\/\/www.kunertwellpappe.de\/de\/wp-content\/uploads\/2021\/09\/Kunert-Wellpappe71-700x700.jpg 700w, https:\/\/www.kunertwellpappe.de\/de\/wp-content\/uploads\/2021\/09\/Kunert-Wellpappe71.jpg 1080w\" sizes=\"(max-width: 768px) 100vw, 768px\" \/>\t\t\t\t\t\t\t\t\t\t\t\t\t\t\t<\/div>\n\t\t\t\t<\/div>\n\t\t\t\t\t<\/div>\n\t\t<\/div>\n\t\t\t\t\t<\/div>\n\t\t<\/section>\n\t\t\t\t<section class=\"elementor-section elementor-top-section elementor-element elementor-element-111309cd elementor-section-boxed elementor-section-height-default elementor-section-height-default\" data-id=\"111309cd\" data-element_type=\"section\" data-e-type=\"section\" data-settings=\"{&quot;jet_parallax_layout_list&quot;:[]}\">\n\t\t\t\t\t\t<div class=\"elementor-container elementor-column-gap-default\">\n\t\t\t\t\t<div class=\"elementor-column elementor-col-50 elementor-top-column elementor-element elementor-element-34ae9d55\" data-id=\"34ae9d55\" data-element_type=\"column\" data-e-type=\"column\">\n\t\t\t<div class=\"elementor-widget-wrap elementor-element-populated\">\n\t\t\t\t\t\t<div class=\"elementor-element elementor-element-75f4d503 elementor-widget elementor-widget-image\" data-id=\"75f4d503\" data-element_type=\"widget\" data-e-type=\"widget\" data-widget_type=\"image.default\">\n\t\t\t\t<div class=\"elementor-widget-container\">\n\t\t\t\t\t\t\t\t\t\t\t\t\t\t\t<img loading=\"lazy\" decoding=\"async\" width=\"768\" height=\"644\" src=\"https:\/\/www.kunertwellpappe.de\/de\/wp-content\/uploads\/2023\/05\/Kunert-Wellpappe_Mathias-Kunert-4-768x644.jpg\" class=\"attachment-medium_large size-medium_large wp-image-4699\" alt=\"\" srcset=\"https:\/\/www.kunertwellpappe.de\/de\/wp-content\/uploads\/2023\/05\/Kunert-Wellpappe_Mathias-Kunert-4-768x644.jpg 768w, https:\/\/www.kunertwellpappe.de\/de\/wp-content\/uploads\/2023\/05\/Kunert-Wellpappe_Mathias-Kunert-4-300x251.jpg 300w, https:\/\/www.kunertwellpappe.de\/de\/wp-content\/uploads\/2023\/05\/Kunert-Wellpappe_Mathias-Kunert-4.jpg 940w\" sizes=\"(max-width: 768px) 100vw, 768px\" \/>\t\t\t\t\t\t\t\t\t\t\t\t\t\t\t<\/div>\n\t\t\t\t<\/div>\n\t\t\t\t<div class=\"elementor-element elementor-element-397c393 elementor-widget elementor-widget-image\" data-id=\"397c393\" data-element_type=\"widget\" data-e-type=\"widget\" data-widget_type=\"image.default\">\n\t\t\t\t<div class=\"elementor-widget-container\">\n\t\t\t\t\t\t\t\t\t\t\t\t\t\t\t<img loading=\"lazy\" decoding=\"async\" width=\"768\" height=\"575\" src=\"https:\/\/www.kunertwellpappe.de\/de\/wp-content\/uploads\/2020\/04\/Fa.-Kunert_Full_300dpi-0354-768x575.jpg\" class=\"attachment-medium_large size-medium_large wp-image-42\" alt=\"\" srcset=\"https:\/\/www.kunertwellpappe.de\/de\/wp-content\/uploads\/2020\/04\/Fa.-Kunert_Full_300dpi-0354-768x575.jpg 768w, https:\/\/www.kunertwellpappe.de\/de\/wp-content\/uploads\/2020\/04\/Fa.-Kunert_Full_300dpi-0354-300x225.jpg 300w, https:\/\/www.kunertwellpappe.de\/de\/wp-content\/uploads\/2020\/04\/Fa.-Kunert_Full_300dpi-0354-1024x767.jpg 1024w, https:\/\/www.kunertwellpappe.de\/de\/wp-content\/uploads\/2020\/04\/Fa.-Kunert_Full_300dpi-0354.jpg 1442w\" sizes=\"(max-width: 768px) 100vw, 768px\" \/>\t\t\t\t\t\t\t\t\t\t\t\t\t\t\t<\/div>\n\t\t\t\t<\/div>\n\t\t\t\t<div class=\"elementor-element elementor-element-97e0805 elementor-widget elementor-widget-image\" data-id=\"97e0805\" data-element_type=\"widget\" data-e-type=\"widget\" data-widget_type=\"image.default\">\n\t\t\t\t<div class=\"elementor-widget-container\">\n\t\t\t\t\t\t\t\t\t\t\t\t\t\t\t<img loading=\"lazy\" decoding=\"async\" width=\"768\" height=\"575\" src=\"https:\/\/www.kunertwellpappe.de\/de\/wp-content\/uploads\/2020\/04\/Fa.-Kunert_HD_72dpi-0368-768x575.jpg\" class=\"attachment-medium_large size-medium_large wp-image-51\" alt=\"\" srcset=\"https:\/\/www.kunertwellpappe.de\/de\/wp-content\/uploads\/2020\/04\/Fa.-Kunert_HD_72dpi-0368-768x575.jpg 768w, https:\/\/www.kunertwellpappe.de\/de\/wp-content\/uploads\/2020\/04\/Fa.-Kunert_HD_72dpi-0368-300x225.jpg 300w, https:\/\/www.kunertwellpappe.de\/de\/wp-content\/uploads\/2020\/04\/Fa.-Kunert_HD_72dpi-0368-1024x767.jpg 1024w, https:\/\/www.kunertwellpappe.de\/de\/wp-content\/uploads\/2020\/04\/Fa.-Kunert_HD_72dpi-0368.jpg 1442w\" sizes=\"(max-width: 768px) 100vw, 768px\" \/>\t\t\t\t\t\t\t\t\t\t\t\t\t\t\t<\/div>\n\t\t\t\t<\/div>\n\t\t\t\t\t<\/div>\n\t\t<\/div>\n\t\t\t\t<div class=\"elementor-column elementor-col-50 elementor-top-column elementor-element elementor-element-1ad98011\" data-id=\"1ad98011\" data-element_type=\"column\" data-e-type=\"column\">\n\t\t\t<div class=\"elementor-widget-wrap elementor-element-populated\">\n\t\t\t\t\t\t<div class=\"elementor-element elementor-element-17f1ccbd elementor-widget elementor-widget-heading\" data-id=\"17f1ccbd\" data-element_type=\"widget\" data-e-type=\"widget\" data-widget_type=\"heading.default\">\n\t\t\t\t<div class=\"elementor-widget-container\">\n\t\t\t\t\t<h2 class=\"elementor-heading-title elementor-size-default\">Kunert Wellpappe Bad Neustadt<\/h2>\t\t\t\t<\/div>\n\t\t\t\t<\/div>\n\t\t\t\t<div class=\"elementor-element elementor-element-59acd671 elementor-widget elementor-widget-text-editor\" data-id=\"59acd671\" data-element_type=\"widget\" data-e-type=\"widget\" data-widget_type=\"text-editor.default\">\n\t\t\t\t<div class=\"elementor-widget-container\">\n\t\t\t\t\t\t\t\t\t<div class=\"teaser-media-element__text\"><p>Von <strong>Schwergut- bis Sch\u00fcttgutverpackung<\/strong>, von <strong>kleinen Faltkisten bis gro\u00dfen Palettencontainern<\/strong>: An unserem Standort in Bad Neustadt setzen wir alles daran, gemeinsam mit Ihnen individuelle und innovative Verpackungskonzepte f\u00fcr jede Ihrer Anforderungen zu entwickeln. In enger Zusammenarbeit mit Ihnen realisieren wir nicht nur bestehende Verpackungskonzepte, sondern entwickeln auch f\u00fcr jeden Kunden neue, ma\u00dfgeschneiderte L\u00f6sungen.<\/p><p>An unserem Stammsitz in Bad Neustadt produzieren wir unter anderem <strong>Stanzverpackungen und Inline Faltkisten in ein- bis dreiwelligen Qualit\u00e4ten<\/strong>. Unser Team setzt dabei alles daran, praxisgerechte, umweltfreundliche und individuelle L\u00f6sungen f\u00fcr Sie zu finden. Neben der hohen Qualit\u00e4t unserer Produkte steht vor allem Ihre Anforderungen im Vordergrund. <strong>Unser Ziel: Gemeinsam die beste L\u00f6sung finden.<\/strong><\/p><\/div>\t\t\t\t\t\t\t\t<\/div>\n\t\t\t\t<\/div>\n\t\t\t\t\t<\/div>\n\t\t<\/div>\n\t\t\t\t\t<\/div>\n\t\t<\/section>\n\t\t\t\t<section class=\"elementor-section elementor-top-section elementor-element elementor-element-6099160 elementor-section-stretched elementor-section-height-min-height elementor-section-boxed elementor-section-height-default elementor-section-items-middle elementor-invisible\" data-id=\"6099160\" data-element_type=\"section\" data-e-type=\"section\" data-settings=\"{&quot;stretch_section&quot;:&quot;section-stretched&quot;,&quot;background_background&quot;:&quot;classic&quot;,&quot;animation&quot;:&quot;fadeInUp&quot;,&quot;jet_parallax_layout_list&quot;:[]}\">\n\t\t\t\t\t\t<div class=\"elementor-container elementor-column-gap-default\">\n\t\t\t\t\t<div class=\"elementor-column elementor-col-50 elementor-top-column elementor-element elementor-element-29fcc784\" data-id=\"29fcc784\" data-element_type=\"column\" data-e-type=\"column\" data-settings=\"{&quot;background_background&quot;:&quot;classic&quot;}\">\n\t\t\t<div class=\"elementor-widget-wrap elementor-element-populated\">\n\t\t\t\t\t\t<div class=\"elementor-element elementor-element-63d801dd elementor-widget elementor-widget-heading\" data-id=\"63d801dd\" data-element_type=\"widget\" data-e-type=\"widget\" data-widget_type=\"heading.default\">\n\t\t\t\t<div class=\"elementor-widget-container\">\n\t\t\t\t\t<h2 class=\"elementor-heading-title elementor-size-default\">DIE KUNERT-GRUPPE<\/h2>\t\t\t\t<\/div>\n\t\t\t\t<\/div>\n\t\t\t\t<div class=\"elementor-element elementor-element-194a96a6 elementor-widget elementor-widget-heading\" data-id=\"194a96a6\" data-element_type=\"widget\" data-e-type=\"widget\" data-widget_type=\"heading.default\">\n\t\t\t\t<div class=\"elementor-widget-container\">\n\t\t\t\t\t<h4 class=\"elementor-heading-title elementor-size-default\">Wo Sie uns brauchen, sind wir in der N\u00e4he<\/h4>\t\t\t\t<\/div>\n\t\t\t\t<\/div>\n\t\t\t\t<div class=\"elementor-element elementor-element-48b8c1e8 elementor-widget elementor-widget-text-editor\" data-id=\"48b8c1e8\" data-element_type=\"widget\" data-e-type=\"widget\" data-widget_type=\"text-editor.default\">\n\t\t\t\t<div class=\"elementor-widget-container\">\n\t\t\t\t\t\t\t\t\t<p>Als standortverbundener, starker Partner ist die Kunert Gruppe immer f\u00fcr Sie da. Seit unserer Firmengr\u00fcndung im Jahr 1893 sind wir kontinuierlich gewachsen, um Ihnen eine bestm\u00f6gliche Betreuung zu erm\u00f6glichen. Ob in Europa oder Asien: 2000 Mitarbeiter in 17 Werken stellen sich gern Ihren Anforderungen. Gemeinsam mit Ihnen entwickeln wir sowohl international, national als auch regional ma\u00dfgeschneiderte L\u00f6sungen aus H\u00fclsen, Verpackungen aus Wellpappe, Kantenschutz und H\u00fclsenkarton.<\/p>\t\t\t\t\t\t\t\t<\/div>\n\t\t\t\t<\/div>\n\t\t\t\t\t<\/div>\n\t\t<\/div>\n\t\t\t\t<div class=\"elementor-column elementor-col-50 elementor-top-column elementor-element elementor-element-54300733\" data-id=\"54300733\" data-element_type=\"column\" data-e-type=\"column\" data-settings=\"{&quot;background_background&quot;:&quot;classic&quot;}\">\n\t\t\t<div class=\"elementor-widget-wrap\">\n\t\t\t\t\t\t\t<\/div>\n\t\t<\/div>\n\t\t\t\t\t<\/div>\n\t\t<\/section>\n\t\t\t\t<section class=\"elementor-section elementor-top-section elementor-element elementor-element-bd29c81 elementor-section-stretched elementor-section-height-min-height elementor-section-boxed elementor-section-height-default elementor-section-items-middle elementor-invisible\" data-id=\"bd29c81\" data-element_type=\"section\" data-e-type=\"section\" data-settings=\"{&quot;stretch_section&quot;:&quot;section-stretched&quot;,&quot;background_background&quot;:&quot;classic&quot;,&quot;animation&quot;:&quot;fadeInUp&quot;,&quot;jet_parallax_layout_list&quot;:[]}\">\n\t\t\t\t\t\t<div class=\"elementor-container elementor-column-gap-default\">\n\t\t\t\t\t<div class=\"elementor-column elementor-col-100 elementor-top-column elementor-element elementor-element-42eee257\" data-id=\"42eee257\" data-element_type=\"column\" data-e-type=\"column\">\n\t\t\t<div class=\"elementor-widget-wrap elementor-element-populated\">\n\t\t\t\t\t\t<div class=\"elementor-element elementor-element-30da926b elementor-widget elementor-widget-text-editor\" data-id=\"30da926b\" data-element_type=\"widget\" data-e-type=\"widget\" data-widget_type=\"text-editor.default\">\n\t\t\t\t<div class=\"elementor-widget-container\">\n\t\t\t\t\t\t\t\t\t<div class=\"text\"><h3>Ihr standortverbundener Partner f\u00fcr ma\u00dfgeschneiderte L\u00f6sungen<\/h3><p>Unsere globale Ausrichtung und unsere bewusst lokale Orientierung erm\u00f6glichen es uns, Sie optimal zu begleiten. So sind wir in Europa und Asien mit zahlreichen Niederlassungen vertreten.<\/p><h3>Wir setzen f\u00fcr Sie auf starke Partner<\/h3><p>Ob Europa oder Asien, um Ihnen unsere Produkte in gleichwertiger Qualit\u00e4t liefern zu k\u00f6nnen, setzen wir nicht nur auf eigene Produktionsst\u00e4tten. Wir pflegen dar\u00fcber hinaus auch strategische Partnerschaften, die wir \u00fcber Jahre hinweg f\u00fcr Sie zu einem starken Netzwerk ausgebaut haben. Sowohl unser Partner Nippon Paper Core in Japan, mit dem uns eine strategische Allianz verbindet, als auch wir, die Kunert Gruppe, garantieren Ihnen eine reibungslose Produktion nach h\u00f6chsten Qualit\u00e4ts- und Umweltstandards. Unsere Wellpappenwerke sind zudem Mitglied der Alliabox, einem Netzwerk von Wellpappunternehmen in 18 L\u00e4ndern.<\/p><\/div>\t\t\t\t\t\t\t\t<\/div>\n\t\t\t\t<\/div>\n\t\t\t\t<section class=\"elementor-section elementor-inner-section elementor-element elementor-element-1a4db699 elementor-section-boxed elementor-section-height-default elementor-section-height-default\" data-id=\"1a4db699\" data-element_type=\"section\" data-e-type=\"section\" data-settings=\"{&quot;jet_parallax_layout_list&quot;:[]}\">\n\t\t\t\t\t\t<div class=\"elementor-container elementor-column-gap-default\">\n\t\t\t\t\t<div class=\"elementor-column elementor-col-33 elementor-inner-column elementor-element elementor-element-7f02cac4\" data-id=\"7f02cac4\" data-element_type=\"column\" data-e-type=\"column\">\n\t\t\t<div class=\"elementor-widget-wrap elementor-element-populated\">\n\t\t\t\t\t\t<div class=\"elementor-element elementor-element-7a9531b2 elementor-widget elementor-widget-text-editor\" data-id=\"7a9531b2\" data-element_type=\"widget\" data-e-type=\"widget\" data-widget_type=\"text-editor.default\">\n\t\t\t\t<div class=\"elementor-widget-container\">\n\t\t\t\t\t\t\t\t\t<p><span style=\"color: #003366;\"><strong>H\u00fclsen, Kantenschutz:<\/strong><\/span><\/p><div class=\"site-select__section\"><ul class=\"site-select__list\"><li class=\"site-select__list-item\"><span style=\"color: #003366;\"><a class=\"site-select__link\" lang=\"de\" style=\"color: #003366;\" href=\"https:\/\/www.paulundco.de\/de\/\" target=\"_blank\" rel=\"noopener\">Paul &amp; Co (DE)<\/a><\/span><\/li><li class=\"site-select__list-item\"><span style=\"color: #003366;\"><a class=\"site-select__link\" style=\"color: #003366;\" href=\"https:\/\/www.huelsenfabrik.ch\/de\/\" target=\"_blank\" rel=\"noopener\">H\u00fclsenfabrik Lenzhard (CH)<\/a><\/span><\/li><li class=\"site-select__list-item\"><span style=\"color: #003366;\"><a class=\"site-select__link\" style=\"color: #003366;\" href=\"https:\/\/www.paulundco.at\/de\/\" target=\"_blank\" rel=\"noopener\">Paul &amp; Co Austria (AT)<\/a><\/span><\/li><li class=\"site-select__list-item\"><span style=\"color: #003366;\"><a class=\"site-select__link\" lang=\"fr-fr\" style=\"color: #003366;\" href=\"https:\/\/www.beillard.fr\/fr\/\" target=\"_blank\" rel=\"noopener\">Beillard Tubes Carton (FR)<\/a><\/span><\/li><li class=\"site-select__list-item\"><span style=\"color: #003366;\"><a class=\"site-select__link\" lang=\"en\" style=\"color: #003366;\" href=\"https:\/\/www.paulasia.com\/en\/\" target=\"_blank\" rel=\"noopener\">Paul &amp; Co Asia (ID)<\/a><\/span><\/li><li class=\"site-select__list-item\"><span style=\"color: #003366;\"><a class=\"site-select__link\" lang=\"hu-hu\" style=\"color: #003366;\" href=\"https:\/\/www.halaspack.hu\/hu\/\" target=\"_blank\" rel=\"noopener\">Halaspack (HU)<\/a><\/span><\/li><\/ul><\/div><div class=\"site-select__section\">\u00a0<\/div>\t\t\t\t\t\t\t\t<\/div>\n\t\t\t\t<\/div>\n\t\t\t\t\t<\/div>\n\t\t<\/div>\n\t\t\t\t<div class=\"elementor-column elementor-col-33 elementor-inner-column elementor-element elementor-element-5d03c634\" data-id=\"5d03c634\" data-element_type=\"column\" data-e-type=\"column\">\n\t\t\t<div class=\"elementor-widget-wrap elementor-element-populated\">\n\t\t\t\t\t\t<div class=\"elementor-element elementor-element-5fc561ff elementor-widget elementor-widget-text-editor\" data-id=\"5fc561ff\" data-element_type=\"widget\" data-e-type=\"widget\" data-widget_type=\"text-editor.default\">\n\t\t\t\t<div class=\"elementor-widget-container\">\n\t\t\t\t\t\t\t\t\t<p><span style=\"color: #003366;\"><strong>H\u00fclsenkarton<\/strong><\/span><\/p><div class=\"site-select__section\"><ul class=\"site-select__list\"><li class=\"site-select__list-item\"><span style=\"color: #003366;\"><a class=\"site-select__link\" lang=\"fr-fr\" style=\"color: #003366;\" href=\"https:\/\/www.papeteries-du-rhin.com\/fr\/\" target=\"_blank\" rel=\"noopener\">Papeteries du Rhin (FR)<\/a><\/span><\/li><li class=\"site-select__list-item\"><span style=\"color: #003366;\"><a class=\"site-select__link\" lang=\"de\" style=\"color: #003366;\" href=\"https:\/\/www.macher.de\/de\/\" target=\"_blank\" rel=\"noopener\">Carl Macher (DE)<\/a><\/span><\/li><\/ul><\/div>\t\t\t\t\t\t\t\t<\/div>\n\t\t\t\t<\/div>\n\t\t\t\t\t<\/div>\n\t\t<\/div>\n\t\t\t\t<div class=\"elementor-column elementor-col-33 elementor-inner-column elementor-element elementor-element-b45e4e6\" data-id=\"b45e4e6\" data-element_type=\"column\" data-e-type=\"column\">\n\t\t\t<div class=\"elementor-widget-wrap elementor-element-populated\">\n\t\t\t\t\t\t<div class=\"elementor-element elementor-element-31555b5e elementor-widget elementor-widget-text-editor\" data-id=\"31555b5e\" data-element_type=\"widget\" data-e-type=\"widget\" data-widget_type=\"text-editor.default\">\n\t\t\t\t<div class=\"elementor-widget-container\">\n\t\t\t\t\t\t\t\t\t<p style=\"text-align: center;\">Sie m\u00f6chten alle Werke der Kunert Gruppe kennen lernen? Dann besuchen Sie die Webseite der <a class=\"internal-link\" title=\"Opens internal link in current window\" href=\"https:\/\/www.kunertgruppe.com\/de\/unternehmensgruppe\/standorte\/\" target=\"_blank\" rel=\"noopener\">Kunert Gruppe<\/a>.<\/p>\t\t\t\t\t\t\t\t<\/div>\n\t\t\t\t<\/div>\n\t\t\t\t<div class=\"elementor-element elementor-element-30a437cd elementor-widget elementor-widget-image\" data-id=\"30a437cd\" data-element_type=\"widget\" data-e-type=\"widget\" data-widget_type=\"image.default\">\n\t\t\t\t<div class=\"elementor-widget-container\">\n\t\t\t\t\t\t\t\t\t\t\t\t\t\t\t<img loading=\"lazy\" decoding=\"async\" width=\"768\" height=\"233\" src=\"https:\/\/www.kunertwellpappe.de\/de\/wp-content\/uploads\/2020\/07\/2-768x233.jpg\" class=\"attachment-medium_large size-medium_large wp-image-1311\" alt=\"\" srcset=\"https:\/\/www.kunertwellpappe.de\/de\/wp-content\/uploads\/2020\/07\/2-768x233.jpg 768w, https:\/\/www.kunertwellpappe.de\/de\/wp-content\/uploads\/2020\/07\/2-300x91.jpg 300w, https:\/\/www.kunertwellpappe.de\/de\/wp-content\/uploads\/2020\/07\/2-1024x311.jpg 1024w, https:\/\/www.kunertwellpappe.de\/de\/wp-content\/uploads\/2020\/07\/2.jpg 1400w\" sizes=\"(max-width: 768px) 100vw, 768px\" \/>\t\t\t\t\t\t\t\t\t\t\t\t\t\t\t<\/div>\n\t\t\t\t<\/div>\n\t\t\t\t\t<\/div>\n\t\t<\/div>\n\t\t\t\t\t<\/div>\n\t\t<\/section>\n\t\t\t\t\t<\/div>\n\t\t<\/div>\n\t\t\t\t\t<\/div>\n\t\t<\/section>\n\t\t\t\t<\/div>\n\t\t","protected":false},"excerpt":{"rendered":"<p>Gemeinsam stark KUNITED: Bad Neustadt + BIEBESHEIM ZWEI STANDORTE &#8211; EINE LEIDENSCHAFT Standortverbundenheit und Expertise: Wir von Kunert Wellpappe in Biebesheim und Bad Neustadt sind Ihr starker Partner f\u00fcr Verpackungen aus Wellpappe. Seit unserer Firmengr\u00fcndung im Jahr 1957 sind wir kontinuierlich gewachsen, um Ihnen eine bestm\u00f6gliche Betreuung zu erm\u00f6glichen. In unseren beiden Werken stellen sich &#8230; <a title=\"STANDORTE\" class=\"read-more\" href=\"https:\/\/www.kunertwellpappe.de\/de\/standorte\/\" aria-label=\"Mehr Informationen \u00fcber STANDORTE\">Weiterlesen<\/a><\/p>\n","protected":false},"author":3,"featured_media":0,"parent":0,"menu_order":0,"comment_status":"closed","ping_status":"closed","template":"","meta":{"_jf_save_progress":"","footnotes":""},"class_list":["post-1306","page","type-page","status-publish"],"_links":{"self":[{"href":"https:\/\/www.kunertwellpappe.de\/de\/wp-json\/wp\/v2\/pages\/1306","targetHints":{"allow":["GET"]}}],"collection":[{"href":"https:\/\/www.kunertwellpappe.de\/de\/wp-json\/wp\/v2\/pages"}],"about":[{"href":"https:\/\/www.kunertwellpappe.de\/de\/wp-json\/wp\/v2\/types\/page"}],"author":[{"embeddable":true,"href":"https:\/\/www.kunertwellpappe.de\/de\/wp-json\/wp\/v2\/users\/3"}],"replies":[{"embeddable":true,"href":"https:\/\/www.kunertwellpappe.de\/de\/wp-json\/wp\/v2\/comments?post=1306"}],"version-history":[{"count":35,"href":"https:\/\/www.kunertwellpappe.de\/de\/wp-json\/wp\/v2\/pages\/1306\/revisions"}],"predecessor-version":[{"id":6683,"href":"https:\/\/www.kunertwellpappe.de\/de\/wp-json\/wp\/v2\/pages\/1306\/revisions\/6683"}],"wp:attachment":[{"href":"https:\/\/www.kunertwellpappe.de\/de\/wp-json\/wp\/v2\/media?parent=1306"}],"curies":[{"name":"wp","href":"https:\/\/api.w.org\/{rel}","templated":true}]}}