{"id":101,"date":"2020-04-14T14:12:22","date_gmt":"2020-04-14T12:12:22","guid":{"rendered":"http:\/\/www.kunertwellpappe.de\/?page_id=101"},"modified":"2022-10-11T14:46:35","modified_gmt":"2022-10-11T12:46:35","slug":"news","status":"publish","type":"page","link":"https:\/\/www.kunertwellpappe.de\/de\/news\/","title":{"rendered":"NEWS"},"content":{"rendered":"\t\t<div data-elementor-type=\"wp-page\" data-elementor-id=\"101\" class=\"elementor elementor-101\" data-elementor-settings=\"{&quot;element_pack_global_tooltip_width&quot;:{&quot;unit&quot;:&quot;px&quot;,&quot;size&quot;:&quot;&quot;,&quot;sizes&quot;:[]},&quot;element_pack_global_tooltip_width_tablet&quot;:{&quot;unit&quot;:&quot;px&quot;,&quot;size&quot;:&quot;&quot;,&quot;sizes&quot;:[]},&quot;element_pack_global_tooltip_width_mobile&quot;:{&quot;unit&quot;:&quot;px&quot;,&quot;size&quot;:&quot;&quot;,&quot;sizes&quot;:[]},&quot;element_pack_global_tooltip_padding&quot;:{&quot;unit&quot;:&quot;px&quot;,&quot;top&quot;:&quot;&quot;,&quot;right&quot;:&quot;&quot;,&quot;bottom&quot;:&quot;&quot;,&quot;left&quot;:&quot;&quot;,&quot;isLinked&quot;:true},&quot;element_pack_global_tooltip_padding_tablet&quot;:{&quot;unit&quot;:&quot;px&quot;,&quot;top&quot;:&quot;&quot;,&quot;right&quot;:&quot;&quot;,&quot;bottom&quot;:&quot;&quot;,&quot;left&quot;:&quot;&quot;,&quot;isLinked&quot;:true},&quot;element_pack_global_tooltip_padding_mobile&quot;:{&quot;unit&quot;:&quot;px&quot;,&quot;top&quot;:&quot;&quot;,&quot;right&quot;:&quot;&quot;,&quot;bottom&quot;:&quot;&quot;,&quot;left&quot;:&quot;&quot;,&quot;isLinked&quot;:true},&quot;element_pack_global_tooltip_border_radius&quot;:{&quot;unit&quot;:&quot;px&quot;,&quot;top&quot;:&quot;&quot;,&quot;right&quot;:&quot;&quot;,&quot;bottom&quot;:&quot;&quot;,&quot;left&quot;:&quot;&quot;,&quot;isLinked&quot;:true},&quot;element_pack_global_tooltip_border_radius_tablet&quot;:{&quot;unit&quot;:&quot;px&quot;,&quot;top&quot;:&quot;&quot;,&quot;right&quot;:&quot;&quot;,&quot;bottom&quot;:&quot;&quot;,&quot;left&quot;:&quot;&quot;,&quot;isLinked&quot;:true},&quot;element_pack_global_tooltip_border_radius_mobile&quot;:{&quot;unit&quot;:&quot;px&quot;,&quot;top&quot;:&quot;&quot;,&quot;right&quot;:&quot;&quot;,&quot;bottom&quot;:&quot;&quot;,&quot;left&quot;:&quot;&quot;,&quot;isLinked&quot;:true}}\" data-elementor-post-type=\"page\">\n\t\t\t\t\t\t<section class=\"elementor-section elementor-top-section elementor-element elementor-element-32c2c63 elementor-section-stretched elementor-section-full_width elementor-section-height-min-height elementor-section-height-default elementor-section-items-middle\" data-id=\"32c2c63\" data-element_type=\"section\" data-e-type=\"section\" data-settings=\"{&quot;stretch_section&quot;:&quot;section-stretched&quot;,&quot;background_background&quot;:&quot;slideshow&quot;,&quot;background_slideshow_gallery&quot;:[{&quot;id&quot;:51,&quot;url&quot;:&quot;https:\\\/\\\/www.kunertwellpappe.de\\\/de\\\/wp-content\\\/uploads\\\/2020\\\/04\\\/Fa.-Kunert_HD_72dpi-0368.jpg&quot;},{&quot;id&quot;:52,&quot;url&quot;:&quot;https:\\\/\\\/www.kunertwellpappe.de\\\/de\\\/wp-content\\\/uploads\\\/2020\\\/04\\\/HD_72dpi-0342.jpg&quot;}],&quot;background_slideshow_ken_burns&quot;:&quot;yes&quot;,&quot;jet_parallax_layout_list&quot;:[],&quot;background_slideshow_loop&quot;:&quot;yes&quot;,&quot;background_slideshow_slide_duration&quot;:5000,&quot;background_slideshow_slide_transition&quot;:&quot;fade&quot;,&quot;background_slideshow_transition_duration&quot;:500,&quot;background_slideshow_ken_burns_zoom_direction&quot;:&quot;in&quot;}\">\n\t\t\t\t\t\t<div class=\"elementor-container elementor-column-gap-default\">\n\t\t\t\t\t<div class=\"elementor-column elementor-col-100 elementor-top-column elementor-element elementor-element-09f888d\" data-id=\"09f888d\" data-element_type=\"column\" data-e-type=\"column\">\n\t\t\t<div class=\"elementor-widget-wrap\">\n\t\t\t\t\t\t\t<\/div>\n\t\t<\/div>\n\t\t\t\t\t<\/div>\n\t\t<\/section>\n\t\t\t\t<section class=\"elementor-section elementor-top-section elementor-element elementor-element-0810e6a elementor-section-full_width elementor-section-stretched elementor-section-height-default elementor-section-height-default elementor-invisible\" data-id=\"0810e6a\" data-element_type=\"section\" data-e-type=\"section\" data-settings=\"{&quot;animation&quot;:&quot;fadeInUp&quot;,&quot;stretch_section&quot;:&quot;section-stretched&quot;,&quot;jet_parallax_layout_list&quot;:[]}\">\n\t\t\t\t\t\t<div class=\"elementor-container elementor-column-gap-default\">\n\t\t\t\t\t<div class=\"elementor-column elementor-col-100 elementor-top-column elementor-element elementor-element-522be29\" data-id=\"522be29\" data-element_type=\"column\" data-e-type=\"column\">\n\t\t\t<div class=\"elementor-widget-wrap elementor-element-populated\">\n\t\t\t\t\t\t<div class=\"elementor-element elementor-element-2e1a974 elementor-widget elementor-widget-heading\" data-id=\"2e1a974\" data-element_type=\"widget\" data-e-type=\"widget\" data-widget_type=\"heading.default\">\n\t\t\t\t<div class=\"elementor-widget-container\">\n\t\t\t\t\t<h2 class=\"elementor-heading-title elementor-size-default\">NEWS &amp; INTERESSANTES<\/h2>\t\t\t\t<\/div>\n\t\t\t\t<\/div>\n\t\t\t\t<div class=\"elementor-element elementor-element-96e463b elementor-widget elementor-widget-heading\" data-id=\"96e463b\" data-element_type=\"widget\" data-e-type=\"widget\" data-widget_type=\"heading.default\">\n\t\t\t\t<div class=\"elementor-widget-container\">\n\t\t\t\t\t<h1 class=\"elementor-heading-title elementor-size-default\">rund um WELLPAPPE und die KUNERT UNTERNEHMENSGRUPPE<\/h1>\t\t\t\t<\/div>\n\t\t\t\t<\/div>\n\t\t\t\t\t<\/div>\n\t\t<\/div>\n\t\t\t\t\t<\/div>\n\t\t<\/section>\n\t\t\t\t<section class=\"elementor-section elementor-top-section elementor-element elementor-element-0ce3408 elementor-section-stretched elementor-section-full_width elementor-section-height-default elementor-section-height-default elementor-invisible\" data-id=\"0ce3408\" data-element_type=\"section\" data-e-type=\"section\" data-settings=\"{&quot;animation&quot;:&quot;fadeInUp&quot;,&quot;stretch_section&quot;:&quot;section-stretched&quot;,&quot;jet_parallax_layout_list&quot;:[]}\">\n\t\t\t\t\t\t<div class=\"elementor-container elementor-column-gap-default\">\n\t\t\t\t\t<div class=\"elementor-column elementor-col-66 elementor-top-column elementor-element elementor-element-09a468f\" data-id=\"09a468f\" data-element_type=\"column\" data-e-type=\"column\">\n\t\t\t<div class=\"elementor-widget-wrap elementor-element-populated\">\n\t\t\t\t\t\t<div class=\"elementor-element elementor-element-bdb3dbb elementor-grid-3 elementor-grid-tablet-2 elementor-grid-mobile-1 elementor-posts--thumbnail-top elementor-posts--show-avatar elementor-card-shadow-yes elementor-posts__hover-gradient elementor-widget elementor-widget-posts\" data-id=\"bdb3dbb\" data-element_type=\"widget\" data-e-type=\"widget\" data-settings=\"{&quot;pagination_type&quot;:&quot;numbers&quot;,&quot;cards_row_gap&quot;:{&quot;unit&quot;:&quot;px&quot;,&quot;size&quot;:20,&quot;sizes&quot;:[]},&quot;cards_masonry&quot;:&quot;yes&quot;,&quot;cards_columns&quot;:&quot;3&quot;,&quot;cards_columns_tablet&quot;:&quot;2&quot;,&quot;cards_columns_mobile&quot;:&quot;1&quot;,&quot;cards_row_gap_tablet&quot;:{&quot;unit&quot;:&quot;px&quot;,&quot;size&quot;:&quot;&quot;,&quot;sizes&quot;:[]},&quot;cards_row_gap_mobile&quot;:{&quot;unit&quot;:&quot;px&quot;,&quot;size&quot;:&quot;&quot;,&quot;sizes&quot;:[]}}\" data-widget_type=\"posts.cards\">\n\t\t\t\t<div class=\"elementor-widget-container\">\n\t\t\t\t\t\t\t<div class=\"elementor-posts-container elementor-posts elementor-posts--skin-cards elementor-grid\" role=\"list\">\n\t\t\t\t<article class=\"elementor-post elementor-grid-item post-6939 post type-post status-publish format-standard has-post-thumbnail hentry category-allgemein\" role=\"listitem\">\n\t\t\t<div class=\"elementor-post__card\">\n\t\t\t\t<a class=\"elementor-post__thumbnail__link\" href=\"https:\/\/www.kunertwellpappe.de\/de\/tradition-trifft-transformation-warum-wir-gerade-jetzt-in-bad-neustadt-investieren\/\" tabindex=\"-1\"><div class=\"elementor-post__thumbnail\"><img fetchpriority=\"high\" decoding=\"async\" width=\"768\" height=\"769\" src=\"https:\/\/www.kunertwellpappe.de\/de\/wp-content\/uploads\/2026\/04\/Bildschirmfoto-2026-04-22-um-08.59.30-768x769.png\" class=\"attachment-medium_large size-medium_large wp-image-6940\" alt=\"\" srcset=\"https:\/\/www.kunertwellpappe.de\/de\/wp-content\/uploads\/2026\/04\/Bildschirmfoto-2026-04-22-um-08.59.30-768x769.png 768w, https:\/\/www.kunertwellpappe.de\/de\/wp-content\/uploads\/2026\/04\/Bildschirmfoto-2026-04-22-um-08.59.30-300x300.png 300w, https:\/\/www.kunertwellpappe.de\/de\/wp-content\/uploads\/2026\/04\/Bildschirmfoto-2026-04-22-um-08.59.30-1024x1024.png 1024w, https:\/\/www.kunertwellpappe.de\/de\/wp-content\/uploads\/2026\/04\/Bildschirmfoto-2026-04-22-um-08.59.30-150x150.png 150w, https:\/\/www.kunertwellpappe.de\/de\/wp-content\/uploads\/2026\/04\/Bildschirmfoto-2026-04-22-um-08.59.30-700x700.png 700w, https:\/\/www.kunertwellpappe.de\/de\/wp-content\/uploads\/2026\/04\/Bildschirmfoto-2026-04-22-um-08.59.30.png 1496w\" sizes=\"(max-width: 768px) 100vw, 768px\" \/><\/div><\/a>\n\t\t\t\t<div class=\"elementor-post__badge\">Allgemein<\/div>\n\t\t\t\t<div class=\"elementor-post__avatar\">\n\t\t\t\t\t<\/div>\n\t\t\t\t<div class=\"elementor-post__text\">\n\t\t\t\t<h3 class=\"elementor-post__title\">\n\t\t\t<a href=\"https:\/\/www.kunertwellpappe.de\/de\/tradition-trifft-transformation-warum-wir-gerade-jetzt-in-bad-neustadt-investieren\/\">\n\t\t\t\tTradition trifft Transformation: Warum wir gerade jetzt in Bad Neustadt investieren\t\t\t<\/a>\n\t\t<\/h3>\n\t\t\t\t<div class=\"elementor-post__excerpt\">\n\t\t\t<p>Die wirtschaftlichen Zeiten in Deutschland sind herausfordernd \u2013 das ist kein Geheimnis. Umso wichtiger ist es, klare Kante zu zeigen und mutig in die Zukunft<\/p>\n\t\t<\/div>\n\t\t\n\t\t<a class=\"elementor-post__read-more\" href=\"https:\/\/www.kunertwellpappe.de\/de\/tradition-trifft-transformation-warum-wir-gerade-jetzt-in-bad-neustadt-investieren\/\" aria-label=\"Mehr \u00fcber Tradition trifft Transformation: Warum wir gerade jetzt in Bad Neustadt investieren\" tabindex=\"-1\">\n\t\t\tWeiterlesen \u00bb\t\t<\/a>\n\n\t\t\t\t<\/div>\n\t\t\t\t<div class=\"elementor-post__meta-data\">\n\t\t\t\t\t<span class=\"elementor-post-date\">\n\t\t\t15. April 2026\t\t<\/span>\n\t\t\t\t<\/div>\n\t\t\t\t\t<\/div>\n\t\t<\/article>\n\t\t\t\t<article class=\"elementor-post elementor-grid-item post-6864 post type-post status-publish format-standard has-post-thumbnail hentry category-verpackungsloesung\" role=\"listitem\">\n\t\t\t<div class=\"elementor-post__card\">\n\t\t\t\t<a class=\"elementor-post__thumbnail__link\" href=\"https:\/\/www.kunertwellpappe.de\/de\/unsere-neue-bgm-cl-16-45-containerline-in-bad-neustadt\/\" tabindex=\"-1\"><div class=\"elementor-post__thumbnail\"><img decoding=\"async\" width=\"768\" height=\"768\" src=\"https:\/\/www.kunertwellpappe.de\/de\/wp-content\/uploads\/2025\/12\/Kunert-Wellpappe-_BGM-CL-768x768.jpg\" class=\"attachment-medium_large size-medium_large wp-image-6870\" alt=\"\" srcset=\"https:\/\/www.kunertwellpappe.de\/de\/wp-content\/uploads\/2025\/12\/Kunert-Wellpappe-_BGM-CL-768x768.jpg 768w, https:\/\/www.kunertwellpappe.de\/de\/wp-content\/uploads\/2025\/12\/Kunert-Wellpappe-_BGM-CL-300x300.jpg 300w, https:\/\/www.kunertwellpappe.de\/de\/wp-content\/uploads\/2025\/12\/Kunert-Wellpappe-_BGM-CL-1024x1024.jpg 1024w, https:\/\/www.kunertwellpappe.de\/de\/wp-content\/uploads\/2025\/12\/Kunert-Wellpappe-_BGM-CL-150x150.jpg 150w, https:\/\/www.kunertwellpappe.de\/de\/wp-content\/uploads\/2025\/12\/Kunert-Wellpappe-_BGM-CL-700x700.jpg 700w, https:\/\/www.kunertwellpappe.de\/de\/wp-content\/uploads\/2025\/12\/Kunert-Wellpappe-_BGM-CL.jpg 1276w\" sizes=\"(max-width: 768px) 100vw, 768px\" \/><\/div><\/a>\n\t\t\t\t<div class=\"elementor-post__badge\">Verpackungsl\u00f6sung<\/div>\n\t\t\t\t<div class=\"elementor-post__avatar\">\n\t\t\t\t\t<\/div>\n\t\t\t\t<div class=\"elementor-post__text\">\n\t\t\t\t<h3 class=\"elementor-post__title\">\n\t\t\t<a href=\"https:\/\/www.kunertwellpappe.de\/de\/unsere-neue-bgm-cl-16-45-containerline-in-bad-neustadt\/\">\n\t\t\t\tUnsere neue BGM CL 16\/45 Containerline in Bad Neustadt\t\t\t<\/a>\n\t\t<\/h3>\n\t\t\t\t<div class=\"elementor-post__excerpt\">\n\t\t\t<p>Gro\u00df gedacht, pr\u00e4zise umgesetzt \u2013 unsere neue BGM CL 16\/45 Containerline ist in Bad Neustadt voll in Fahrt. Nach einer intensiven Umbauphase produziert die Anlage<\/p>\n\t\t<\/div>\n\t\t\n\t\t<a class=\"elementor-post__read-more\" href=\"https:\/\/www.kunertwellpappe.de\/de\/unsere-neue-bgm-cl-16-45-containerline-in-bad-neustadt\/\" aria-label=\"Mehr \u00fcber Unsere neue BGM CL 16\/45 Containerline in Bad Neustadt\" tabindex=\"-1\">\n\t\t\tWeiterlesen \u00bb\t\t<\/a>\n\n\t\t\t\t<\/div>\n\t\t\t\t<div class=\"elementor-post__meta-data\">\n\t\t\t\t\t<span class=\"elementor-post-date\">\n\t\t\t2. Dezember 2025\t\t<\/span>\n\t\t\t\t<\/div>\n\t\t\t\t\t<\/div>\n\t\t<\/article>\n\t\t\t\t<article class=\"elementor-post elementor-grid-item post-6763 post type-post status-publish format-standard has-post-thumbnail hentry category-allgemein\" role=\"listitem\">\n\t\t\t<div class=\"elementor-post__card\">\n\t\t\t\t<a class=\"elementor-post__thumbnail__link\" href=\"https:\/\/www.kunertwellpappe.de\/de\/gemeinsam-hoch-hinaus-kunert-wellpappe-auf-dem-gipfel-des-ararat\/\" tabindex=\"-1\"><div class=\"elementor-post__thumbnail\"><img decoding=\"async\" width=\"768\" height=\"768\" src=\"https:\/\/www.kunertwellpappe.de\/de\/wp-content\/uploads\/2025\/07\/Kunert-Wellpappe-9-768x768.png\" class=\"attachment-medium_large size-medium_large wp-image-6764\" alt=\"\" srcset=\"https:\/\/www.kunertwellpappe.de\/de\/wp-content\/uploads\/2025\/07\/Kunert-Wellpappe-9-768x768.png 768w, https:\/\/www.kunertwellpappe.de\/de\/wp-content\/uploads\/2025\/07\/Kunert-Wellpappe-9-300x300.png 300w, https:\/\/www.kunertwellpappe.de\/de\/wp-content\/uploads\/2025\/07\/Kunert-Wellpappe-9-1024x1024.png 1024w, https:\/\/www.kunertwellpappe.de\/de\/wp-content\/uploads\/2025\/07\/Kunert-Wellpappe-9-150x150.png 150w, https:\/\/www.kunertwellpappe.de\/de\/wp-content\/uploads\/2025\/07\/Kunert-Wellpappe-9-700x700.png 700w, https:\/\/www.kunertwellpappe.de\/de\/wp-content\/uploads\/2025\/07\/Kunert-Wellpappe-9.png 1276w\" sizes=\"(max-width: 768px) 100vw, 768px\" \/><\/div><\/a>\n\t\t\t\t<div class=\"elementor-post__badge\">Allgemein<\/div>\n\t\t\t\t<div class=\"elementor-post__avatar\">\n\t\t\t\t\t<\/div>\n\t\t\t\t<div class=\"elementor-post__text\">\n\t\t\t\t<h3 class=\"elementor-post__title\">\n\t\t\t<a href=\"https:\/\/www.kunertwellpappe.de\/de\/gemeinsam-hoch-hinaus-kunert-wellpappe-auf-dem-gipfel-des-ararat\/\">\n\t\t\t\tGemeinsam hoch hinaus \u2013 Kunert Wellpappe auf dem Gipfel des Ararat\t\t\t<\/a>\n\t\t<\/h3>\n\t\t\t\t<div class=\"elementor-post__excerpt\">\n\t\t\t<p>Wenn Einsatz auf Leidenschaft trifft Was haben Wellpappe und ein 5.165 Meter hoher Berg gemeinsam? Auf den ersten Blick vielleicht nicht viel. Doch wer genauer<\/p>\n\t\t<\/div>\n\t\t\n\t\t<a class=\"elementor-post__read-more\" href=\"https:\/\/www.kunertwellpappe.de\/de\/gemeinsam-hoch-hinaus-kunert-wellpappe-auf-dem-gipfel-des-ararat\/\" aria-label=\"Mehr \u00fcber Gemeinsam hoch hinaus \u2013 Kunert Wellpappe auf dem Gipfel des Ararat\" tabindex=\"-1\">\n\t\t\tWeiterlesen \u00bb\t\t<\/a>\n\n\t\t\t\t<\/div>\n\t\t\t\t<div class=\"elementor-post__meta-data\">\n\t\t\t\t\t<span class=\"elementor-post-date\">\n\t\t\t25. Juli 2025\t\t<\/span>\n\t\t\t\t<\/div>\n\t\t\t\t\t<\/div>\n\t\t<\/article>\n\t\t\t\t<article class=\"elementor-post elementor-grid-item post-6712 post type-post status-publish format-standard has-post-thumbnail hentry category-allgemein\" role=\"listitem\">\n\t\t\t<div class=\"elementor-post__card\">\n\t\t\t\t<a class=\"elementor-post__thumbnail__link\" href=\"https:\/\/www.kunertwellpappe.de\/de\/40-jahre-engagement-und-zuverlaessigkeit-danke-herr-weigand\/\" tabindex=\"-1\"><div class=\"elementor-post__thumbnail\"><img loading=\"lazy\" decoding=\"async\" width=\"768\" height=\"768\" src=\"https:\/\/www.kunertwellpappe.de\/de\/wp-content\/uploads\/2025\/06\/Kunert-Wellpappe-_40-Jahre-768x768.jpg\" class=\"attachment-medium_large size-medium_large wp-image-6716\" alt=\"\" srcset=\"https:\/\/www.kunertwellpappe.de\/de\/wp-content\/uploads\/2025\/06\/Kunert-Wellpappe-_40-Jahre-768x768.jpg 768w, https:\/\/www.kunertwellpappe.de\/de\/wp-content\/uploads\/2025\/06\/Kunert-Wellpappe-_40-Jahre-300x300.jpg 300w, https:\/\/www.kunertwellpappe.de\/de\/wp-content\/uploads\/2025\/06\/Kunert-Wellpappe-_40-Jahre-1024x1024.jpg 1024w, https:\/\/www.kunertwellpappe.de\/de\/wp-content\/uploads\/2025\/06\/Kunert-Wellpappe-_40-Jahre-150x150.jpg 150w, https:\/\/www.kunertwellpappe.de\/de\/wp-content\/uploads\/2025\/06\/Kunert-Wellpappe-_40-Jahre-700x700.jpg 700w, https:\/\/www.kunertwellpappe.de\/de\/wp-content\/uploads\/2025\/06\/Kunert-Wellpappe-_40-Jahre.jpg 1276w\" sizes=\"(max-width: 768px) 100vw, 768px\" \/><\/div><\/a>\n\t\t\t\t<div class=\"elementor-post__badge\">Allgemein<\/div>\n\t\t\t\t<div class=\"elementor-post__avatar\">\n\t\t\t\t\t<\/div>\n\t\t\t\t<div class=\"elementor-post__text\">\n\t\t\t\t<h3 class=\"elementor-post__title\">\n\t\t\t<a href=\"https:\/\/www.kunertwellpappe.de\/de\/40-jahre-engagement-und-zuverlaessigkeit-danke-herr-weigand\/\">\n\t\t\t\t40 Jahre Engagement und Zuverl\u00e4ssigkeit \u2013 Danke, Herr Weigand!\t\t\t<\/a>\n\t\t<\/h3>\n\t\t\t\t<div class=\"elementor-post__excerpt\">\n\t\t\t<p>Im Juni 2025 gab es bei Kunert Wellpappe einen ganz besonderen Anlass zum Feiern: Unser langj\u00e4hriger Mitarbeiter\u00a0Peter Weigand\u00a0feierte sein\u00a040-j\u00e4hriges Betriebsjubil\u00e4um. Seit 1985 ist Herr Weigand<\/p>\n\t\t<\/div>\n\t\t\n\t\t<a class=\"elementor-post__read-more\" href=\"https:\/\/www.kunertwellpappe.de\/de\/40-jahre-engagement-und-zuverlaessigkeit-danke-herr-weigand\/\" aria-label=\"Mehr \u00fcber 40 Jahre Engagement und Zuverl\u00e4ssigkeit \u2013 Danke, Herr Weigand!\" tabindex=\"-1\">\n\t\t\tWeiterlesen \u00bb\t\t<\/a>\n\n\t\t\t\t<\/div>\n\t\t\t\t<div class=\"elementor-post__meta-data\">\n\t\t\t\t\t<span class=\"elementor-post-date\">\n\t\t\t17. Juni 2025\t\t<\/span>\n\t\t\t\t<\/div>\n\t\t\t\t\t<\/div>\n\t\t<\/article>\n\t\t\t\t<article class=\"elementor-post elementor-grid-item post-6689 post type-post status-publish format-standard has-post-thumbnail hentry category-allgemein\" role=\"listitem\">\n\t\t\t<div class=\"elementor-post__card\">\n\t\t\t\t<a class=\"elementor-post__thumbnail__link\" href=\"https:\/\/www.kunertwellpappe.de\/de\/kunert-wellpappe-unterstuetzt-den-handballnachwuchs\/\" tabindex=\"-1\"><div class=\"elementor-post__thumbnail\"><img loading=\"lazy\" decoding=\"async\" width=\"768\" height=\"576\" src=\"https:\/\/www.kunertwellpappe.de\/de\/wp-content\/uploads\/2025\/05\/Kunert-Wellpappe_Sponsoring-HSC-768x576.jpg\" class=\"attachment-medium_large size-medium_large wp-image-6690\" alt=\"\" srcset=\"https:\/\/www.kunertwellpappe.de\/de\/wp-content\/uploads\/2025\/05\/Kunert-Wellpappe_Sponsoring-HSC-768x576.jpg 768w, https:\/\/www.kunertwellpappe.de\/de\/wp-content\/uploads\/2025\/05\/Kunert-Wellpappe_Sponsoring-HSC-300x225.jpg 300w, https:\/\/www.kunertwellpappe.de\/de\/wp-content\/uploads\/2025\/05\/Kunert-Wellpappe_Sponsoring-HSC-1024x768.jpg 1024w, https:\/\/www.kunertwellpappe.de\/de\/wp-content\/uploads\/2025\/05\/Kunert-Wellpappe_Sponsoring-HSC-1536x1152.jpg 1536w, https:\/\/www.kunertwellpappe.de\/de\/wp-content\/uploads\/2025\/05\/Kunert-Wellpappe_Sponsoring-HSC-2048x1536.jpg 2048w\" sizes=\"(max-width: 768px) 100vw, 768px\" \/><\/div><\/a>\n\t\t\t\t<div class=\"elementor-post__badge\">Allgemein<\/div>\n\t\t\t\t<div class=\"elementor-post__avatar\">\n\t\t\t\t\t<\/div>\n\t\t\t\t<div class=\"elementor-post__text\">\n\t\t\t\t<h3 class=\"elementor-post__title\">\n\t\t\t<a href=\"https:\/\/www.kunertwellpappe.de\/de\/kunert-wellpappe-unterstuetzt-den-handballnachwuchs\/\">\n\t\t\t\tKunert\u00a0Wellpappe\u00a0unterst\u00fctzt\u00a0den\u00a0Handballnachwuchs-\t\t\t<\/a>\n\t\t<\/h3>\n\t\t\t\t<div class=\"elementor-post__excerpt\">\n\t\t\t<p>\ud83c\udfc6\u00a0Einsatz,\u00a0Teamgeist\u00a0und\u00a0ganz\u00a0viel\u00a0Spielfreude! Wir\u00a0freuen\u00a0uns\u00a0sehr,\u00a0die\u00a0E-Jugend\u00a0des\u00a0HSC\u00a0Bad\u00a0Neustadt\u00a0als\u00a0Sponsor\u00a0unterst\u00fctzen\u00a0zu\u00a0d\u00fcrfen \u2013\u00a0und\u00a0gratulieren\u00a0den\u00a0Jungmilanen\u00a0zu\u00a0einem\u00a0gro\u00dfartigen\u00a0Turniererfolg\u00a0am 10.\u00a0Mai\u00a0in\u00a0der\u00a0B\u00fcrgermeister-Goebels-Halle! Mit\u00a0temporeichem\u00a0Spiel,\u00a0beeindruckendem\u00a0Einsatz\u00a0und\u00a0einer\u00a0starken\u00a0Teamleistung\u00a0zeigten\u00a0die\u00a0Nachwuchsspieler*innen,\u00a0was\u00a0in\u00a0ihnen\u00a0steckt. Ein\u00a0gro\u00dfes\u00a0Lob\u00a0geht\u00a0auch\u00a0an\u00a0die\u00a0engagierten\u00a0Organisatoren,\u00a0Schiedsrichter\u00a0und\u00a0Unterst\u00fctzer \u2013\u00a0sowie\u00a0an\u00a0die\u00a0fairen\u00a0Gastmannschaften\u00a0aus\u00a0N\u00fcdlingen,\u00a0M\u00fcnnerstadt\u00a0und\u00a0Schweinfurt. Wir\u00a0sind\u00a0stolz,\u00a0Teil\u00a0dieses\u00a0sportlichen\u00a0Erfolgs\u00a0zu\u00a0sein\u00a0und\u00a0w\u00fcnschen\u00a0der\u00a0Mannschaft\u00a0weiterhin\u00a0viel\u00a0Spa\u00df\u00a0und\u00a0Erfolg\u00a0auf\u00a0ihrem\u00a0Weg! \ud83d\udcf8\u00a0Das\u00a0Foto\u00a0zeigt\u00a0die\u00a0E-Jugend\u00a0in\u00a0ihren\u00a0neuen\u00a0Trikots \u2013\u00a0bereit\u00a0f\u00fcr\u00a0viele\u00a0spannende\u00a0Spiele.(Foto:\u00a0HSC\u00a0Bad\u00a0Neustadt \u2013\u00a0Peter\u00a0Hahn) #KunertWellpappe #Sponsor #Jugendf\u00f6rderung #Handballliebe #HSCBadNeustadt #Jungmilane #Teamgeist #Nachwuchsarbeit #GemeinsamStark<\/p>\n\t\t<\/div>\n\t\t\n\t\t<a class=\"elementor-post__read-more\" href=\"https:\/\/www.kunertwellpappe.de\/de\/kunert-wellpappe-unterstuetzt-den-handballnachwuchs\/\" aria-label=\"Mehr \u00fcber Kunert\u00a0Wellpappe\u00a0unterst\u00fctzt\u00a0den\u00a0Handballnachwuchs-\" tabindex=\"-1\">\n\t\t\tWeiterlesen \u00bb\t\t<\/a>\n\n\t\t\t\t<\/div>\n\t\t\t\t<div class=\"elementor-post__meta-data\">\n\t\t\t\t\t<span class=\"elementor-post-date\">\n\t\t\t20. Mai 2025\t\t<\/span>\n\t\t\t\t<\/div>\n\t\t\t\t\t<\/div>\n\t\t<\/article>\n\t\t\t\t<article class=\"elementor-post elementor-grid-item post-6655 post type-post status-publish format-standard has-post-thumbnail hentry category-verpackungsloesung\" role=\"listitem\">\n\t\t\t<div class=\"elementor-post__card\">\n\t\t\t\t<a class=\"elementor-post__thumbnail__link\" href=\"https:\/\/www.kunertwellpappe.de\/de\/schuettgut-sicher-verpackt-mit-dem-kubin\/\" tabindex=\"-1\"><div class=\"elementor-post__thumbnail\"><img loading=\"lazy\" decoding=\"async\" width=\"768\" height=\"768\" src=\"https:\/\/www.kunertwellpappe.de\/de\/wp-content\/uploads\/2025\/03\/Kunert-Wellpappe-6-768x768.png\" class=\"attachment-medium_large size-medium_large wp-image-6656\" alt=\"\" srcset=\"https:\/\/www.kunertwellpappe.de\/de\/wp-content\/uploads\/2025\/03\/Kunert-Wellpappe-6-768x768.png 768w, https:\/\/www.kunertwellpappe.de\/de\/wp-content\/uploads\/2025\/03\/Kunert-Wellpappe-6-300x300.png 300w, https:\/\/www.kunertwellpappe.de\/de\/wp-content\/uploads\/2025\/03\/Kunert-Wellpappe-6-1024x1024.png 1024w, https:\/\/www.kunertwellpappe.de\/de\/wp-content\/uploads\/2025\/03\/Kunert-Wellpappe-6-150x150.png 150w, https:\/\/www.kunertwellpappe.de\/de\/wp-content\/uploads\/2025\/03\/Kunert-Wellpappe-6-700x700.png 700w, https:\/\/www.kunertwellpappe.de\/de\/wp-content\/uploads\/2025\/03\/Kunert-Wellpappe-6.png 1276w\" sizes=\"(max-width: 768px) 100vw, 768px\" \/><\/div><\/a>\n\t\t\t\t<div class=\"elementor-post__badge\">Verpackungsl\u00f6sung<\/div>\n\t\t\t\t<div class=\"elementor-post__avatar\">\n\t\t\t\t\t<\/div>\n\t\t\t\t<div class=\"elementor-post__text\">\n\t\t\t\t<h3 class=\"elementor-post__title\">\n\t\t\t<a href=\"https:\/\/www.kunertwellpappe.de\/de\/schuettgut-sicher-verpackt-mit-dem-kubin\/\">\n\t\t\t\tSch\u00fcttgut sicher verpackt \u2013 mit dem KuBin!\t\t\t<\/a>\n\t\t<\/h3>\n\t\t\t\t<div class=\"elementor-post__excerpt\">\n\t\t\t<p>Wenn es um die Verpackung von Sch\u00fcttg\u00fctern aller Art geht, ist unser KuBin die perfekte L\u00f6sung. Schnell und einfach im Aufbau. Kosteneffizient im Handling und<\/p>\n\t\t<\/div>\n\t\t\n\t\t<a class=\"elementor-post__read-more\" href=\"https:\/\/www.kunertwellpappe.de\/de\/schuettgut-sicher-verpackt-mit-dem-kubin\/\" aria-label=\"Mehr \u00fcber Sch\u00fcttgut sicher verpackt \u2013 mit dem KuBin!\" tabindex=\"-1\">\n\t\t\tWeiterlesen \u00bb\t\t<\/a>\n\n\t\t\t\t<\/div>\n\t\t\t\t<div class=\"elementor-post__meta-data\">\n\t\t\t\t\t<span class=\"elementor-post-date\">\n\t\t\t4. M\u00e4rz 2025\t\t<\/span>\n\t\t\t\t<\/div>\n\t\t\t\t\t<\/div>\n\t\t<\/article>\n\t\t\t\t<article class=\"elementor-post elementor-grid-item post-6651 post type-post status-publish format-standard has-post-thumbnail hentry category-nachhaltigkeit\" role=\"listitem\">\n\t\t\t<div class=\"elementor-post__card\">\n\t\t\t\t<a class=\"elementor-post__thumbnail__link\" href=\"https:\/\/www.kunertwellpappe.de\/de\/mehr-nachhaltigkeit-bei-kunert-wellpappe\/\" tabindex=\"-1\"><div class=\"elementor-post__thumbnail\"><img loading=\"lazy\" decoding=\"async\" width=\"768\" height=\"768\" src=\"https:\/\/www.kunertwellpappe.de\/de\/wp-content\/uploads\/2025\/02\/Kunert-Wellpappe-_nachhaltigkeit-3-768x768.png\" class=\"attachment-medium_large size-medium_large wp-image-6652\" alt=\"\" srcset=\"https:\/\/www.kunertwellpappe.de\/de\/wp-content\/uploads\/2025\/02\/Kunert-Wellpappe-_nachhaltigkeit-3-768x768.png 768w, https:\/\/www.kunertwellpappe.de\/de\/wp-content\/uploads\/2025\/02\/Kunert-Wellpappe-_nachhaltigkeit-3-300x300.png 300w, https:\/\/www.kunertwellpappe.de\/de\/wp-content\/uploads\/2025\/02\/Kunert-Wellpappe-_nachhaltigkeit-3-1024x1024.png 1024w, https:\/\/www.kunertwellpappe.de\/de\/wp-content\/uploads\/2025\/02\/Kunert-Wellpappe-_nachhaltigkeit-3-150x150.png 150w, https:\/\/www.kunertwellpappe.de\/de\/wp-content\/uploads\/2025\/02\/Kunert-Wellpappe-_nachhaltigkeit-3-700x700.png 700w, https:\/\/www.kunertwellpappe.de\/de\/wp-content\/uploads\/2025\/02\/Kunert-Wellpappe-_nachhaltigkeit-3.png 1276w\" sizes=\"(max-width: 768px) 100vw, 768px\" \/><\/div><\/a>\n\t\t\t\t<div class=\"elementor-post__badge\">Nachhaltigkeit<\/div>\n\t\t\t\t<div class=\"elementor-post__avatar\">\n\t\t\t\t\t<\/div>\n\t\t\t\t<div class=\"elementor-post__text\">\n\t\t\t\t<h3 class=\"elementor-post__title\">\n\t\t\t<a href=\"https:\/\/www.kunertwellpappe.de\/de\/mehr-nachhaltigkeit-bei-kunert-wellpappe\/\">\n\t\t\t\tMehr Nachhaltigkeit bei Kunert Wellpappe!\t\t\t<\/a>\n\t\t<\/h3>\n\t\t\t\t<div class=\"elementor-post__excerpt\">\n\t\t\t<p>Jeder Schritt z\u00e4hlt \u2013 und wir gehen sie konsequent! Unser aktuelles Nachhaltigkeitsprojekt zeigt, wie wir CO\u2082-Emissionen reduzieren und Ressourcen schonen. Ob durch optimierte Prozesse, recycelbare<\/p>\n\t\t<\/div>\n\t\t\n\t\t<a class=\"elementor-post__read-more\" href=\"https:\/\/www.kunertwellpappe.de\/de\/mehr-nachhaltigkeit-bei-kunert-wellpappe\/\" aria-label=\"Mehr \u00fcber Mehr Nachhaltigkeit bei Kunert Wellpappe!\" tabindex=\"-1\">\n\t\t\tWeiterlesen \u00bb\t\t<\/a>\n\n\t\t\t\t<\/div>\n\t\t\t\t<div class=\"elementor-post__meta-data\">\n\t\t\t\t\t<span class=\"elementor-post-date\">\n\t\t\t25. Februar 2025\t\t<\/span>\n\t\t\t\t<\/div>\n\t\t\t\t\t<\/div>\n\t\t<\/article>\n\t\t\t\t<article class=\"elementor-post elementor-grid-item post-6609 post type-post status-publish format-standard has-post-thumbnail hentry category-verpackungsloesung\" role=\"listitem\">\n\t\t\t<div class=\"elementor-post__card\">\n\t\t\t\t<a class=\"elementor-post__thumbnail__link\" href=\"https:\/\/www.kunertwellpappe.de\/de\/neue-modulargroessen-fuer-ueberseeverpackungen\/\" tabindex=\"-1\"><div class=\"elementor-post__thumbnail\"><img loading=\"lazy\" decoding=\"async\" width=\"768\" height=\"768\" src=\"https:\/\/www.kunertwellpappe.de\/de\/wp-content\/uploads\/2024\/12\/Kunert-Wellpappe-neue-Modulargroessen-768x768.jpg\" class=\"attachment-medium_large size-medium_large wp-image-6610\" alt=\"\" srcset=\"https:\/\/www.kunertwellpappe.de\/de\/wp-content\/uploads\/2024\/12\/Kunert-Wellpappe-neue-Modulargroessen-768x768.jpg 768w, https:\/\/www.kunertwellpappe.de\/de\/wp-content\/uploads\/2024\/12\/Kunert-Wellpappe-neue-Modulargroessen-300x300.jpg 300w, https:\/\/www.kunertwellpappe.de\/de\/wp-content\/uploads\/2024\/12\/Kunert-Wellpappe-neue-Modulargroessen-1024x1024.jpg 1024w, https:\/\/www.kunertwellpappe.de\/de\/wp-content\/uploads\/2024\/12\/Kunert-Wellpappe-neue-Modulargroessen-150x150.jpg 150w, https:\/\/www.kunertwellpappe.de\/de\/wp-content\/uploads\/2024\/12\/Kunert-Wellpappe-neue-Modulargroessen-700x700.jpg 700w, https:\/\/www.kunertwellpappe.de\/de\/wp-content\/uploads\/2024\/12\/Kunert-Wellpappe-neue-Modulargroessen.jpg 1276w\" sizes=\"(max-width: 768px) 100vw, 768px\" \/><\/div><\/a>\n\t\t\t\t<div class=\"elementor-post__badge\">Verpackungsl\u00f6sung<\/div>\n\t\t\t\t<div class=\"elementor-post__avatar\">\n\t\t\t\t\t<\/div>\n\t\t\t\t<div class=\"elementor-post__text\">\n\t\t\t\t<h3 class=\"elementor-post__title\">\n\t\t\t<a href=\"https:\/\/www.kunertwellpappe.de\/de\/neue-modulargroessen-fuer-ueberseeverpackungen\/\">\n\t\t\t\tNeue Modulargr\u00f6\u00dfen f\u00fcr \u00dcberseeverpackungen:\t\t\t<\/a>\n\t\t<\/h3>\n\t\t\t\t<div class=\"elementor-post__excerpt\">\n\t\t\t<p>\u00a0Effizienz trifft Flexibilit\u00e4t! \ud83d\udea2\ud83d\udce6 Wir haben unsere \u00dcberseeverpackungen weiter optimiert und freuen uns, Ihnen neue Modulargr\u00f6\u00dfen vorzustellen. Damit bieten wir ma\u00dfgeschneiderte L\u00f6sungen, die Ihre Logistik<\/p>\n\t\t<\/div>\n\t\t\n\t\t<a class=\"elementor-post__read-more\" href=\"https:\/\/www.kunertwellpappe.de\/de\/neue-modulargroessen-fuer-ueberseeverpackungen\/\" aria-label=\"Mehr \u00fcber Neue Modulargr\u00f6\u00dfen f\u00fcr \u00dcberseeverpackungen:\" tabindex=\"-1\">\n\t\t\tWeiterlesen \u00bb\t\t<\/a>\n\n\t\t\t\t<\/div>\n\t\t\t\t<div class=\"elementor-post__meta-data\">\n\t\t\t\t\t<span class=\"elementor-post-date\">\n\t\t\t16. Dezember 2024\t\t<\/span>\n\t\t\t\t<\/div>\n\t\t\t\t\t<\/div>\n\t\t<\/article>\n\t\t\t\t<article class=\"elementor-post elementor-grid-item post-6595 post type-post status-publish format-standard has-post-thumbnail hentry category-interview category-karriere\" role=\"listitem\">\n\t\t\t<div class=\"elementor-post__card\">\n\t\t\t\t<a class=\"elementor-post__thumbnail__link\" href=\"https:\/\/www.kunertwellpappe.de\/de\/%f0%9f%8e%a5-arbeiten-bei-kunert-wellpappe-harald-markgraf-ueber-kurze-wege-und-chancen\/\" tabindex=\"-1\"><div class=\"elementor-post__thumbnail\"><img loading=\"lazy\" decoding=\"async\" width=\"768\" height=\"768\" src=\"https:\/\/www.kunertwellpappe.de\/de\/wp-content\/uploads\/2024\/12\/Kunert-Wellpappe-Ausbildung-2-768x768.jpg\" class=\"attachment-medium_large size-medium_large wp-image-6596\" alt=\"\" srcset=\"https:\/\/www.kunertwellpappe.de\/de\/wp-content\/uploads\/2024\/12\/Kunert-Wellpappe-Ausbildung-2-768x768.jpg 768w, https:\/\/www.kunertwellpappe.de\/de\/wp-content\/uploads\/2024\/12\/Kunert-Wellpappe-Ausbildung-2-300x300.jpg 300w, https:\/\/www.kunertwellpappe.de\/de\/wp-content\/uploads\/2024\/12\/Kunert-Wellpappe-Ausbildung-2-1024x1024.jpg 1024w, https:\/\/www.kunertwellpappe.de\/de\/wp-content\/uploads\/2024\/12\/Kunert-Wellpappe-Ausbildung-2-150x150.jpg 150w, https:\/\/www.kunertwellpappe.de\/de\/wp-content\/uploads\/2024\/12\/Kunert-Wellpappe-Ausbildung-2-700x700.jpg 700w, https:\/\/www.kunertwellpappe.de\/de\/wp-content\/uploads\/2024\/12\/Kunert-Wellpappe-Ausbildung-2.jpg 1276w\" sizes=\"(max-width: 768px) 100vw, 768px\" \/><\/div><\/a>\n\t\t\t\t<div class=\"elementor-post__badge\">Interview<\/div>\n\t\t\t\t<div class=\"elementor-post__avatar\">\n\t\t\t\t\t<\/div>\n\t\t\t\t<div class=\"elementor-post__text\">\n\t\t\t\t<h3 class=\"elementor-post__title\">\n\t\t\t<a href=\"https:\/\/www.kunertwellpappe.de\/de\/%f0%9f%8e%a5-arbeiten-bei-kunert-wellpappe-harald-markgraf-ueber-kurze-wege-und-chancen\/\">\n\t\t\t\t\ud83c\udfa5 Arbeiten bei Kunert Wellpappe: Harald Markgraf \u00fcber kurze Wege und Chancen\t\t\t<\/a>\n\t\t<\/h3>\n\t\t\t\t<div class=\"elementor-post__excerpt\">\n\t\t\t<p>In einem Unternehmen wie Kunert Wellpappe zu arbeiten, bedeutet mehr als nur ein Job \u2013 es bedeutet, Teil einer Familie zu sein. Harald Markgraf, seit<\/p>\n\t\t<\/div>\n\t\t\n\t\t<a class=\"elementor-post__read-more\" href=\"https:\/\/www.kunertwellpappe.de\/de\/%f0%9f%8e%a5-arbeiten-bei-kunert-wellpappe-harald-markgraf-ueber-kurze-wege-und-chancen\/\" aria-label=\"Mehr \u00fcber \ud83c\udfa5 Arbeiten bei Kunert Wellpappe: Harald Markgraf \u00fcber kurze Wege und Chancen\" tabindex=\"-1\">\n\t\t\tWeiterlesen \u00bb\t\t<\/a>\n\n\t\t\t\t<\/div>\n\t\t\t\t<div class=\"elementor-post__meta-data\">\n\t\t\t\t\t<span class=\"elementor-post-date\">\n\t\t\t12. Dezember 2024\t\t<\/span>\n\t\t\t\t<\/div>\n\t\t\t\t\t<\/div>\n\t\t<\/article>\n\t\t\t\t<article class=\"elementor-post elementor-grid-item post-6431 post type-post status-publish format-standard has-post-thumbnail hentry category-allgemein\" role=\"listitem\">\n\t\t\t<div class=\"elementor-post__card\">\n\t\t\t\t<a class=\"elementor-post__thumbnail__link\" href=\"https:\/\/www.kunertwellpappe.de\/de\/erfolgreiche-zusammenarbeit-zwischen-ecobat-und-kunert-wellpappe\/\" tabindex=\"-1\"><div class=\"elementor-post__thumbnail\"><img loading=\"lazy\" decoding=\"async\" width=\"768\" height=\"768\" src=\"https:\/\/www.kunertwellpappe.de\/de\/wp-content\/uploads\/2024\/09\/Kunert-Wellpappe-Ausbildung-2-768x768.png\" class=\"attachment-medium_large size-medium_large wp-image-6432\" alt=\"\" srcset=\"https:\/\/www.kunertwellpappe.de\/de\/wp-content\/uploads\/2024\/09\/Kunert-Wellpappe-Ausbildung-2-768x768.png 768w, https:\/\/www.kunertwellpappe.de\/de\/wp-content\/uploads\/2024\/09\/Kunert-Wellpappe-Ausbildung-2-300x300.png 300w, https:\/\/www.kunertwellpappe.de\/de\/wp-content\/uploads\/2024\/09\/Kunert-Wellpappe-Ausbildung-2-1024x1024.png 1024w, https:\/\/www.kunertwellpappe.de\/de\/wp-content\/uploads\/2024\/09\/Kunert-Wellpappe-Ausbildung-2-150x150.png 150w, https:\/\/www.kunertwellpappe.de\/de\/wp-content\/uploads\/2024\/09\/Kunert-Wellpappe-Ausbildung-2-700x700.png 700w, https:\/\/www.kunertwellpappe.de\/de\/wp-content\/uploads\/2024\/09\/Kunert-Wellpappe-Ausbildung-2.png 1276w\" sizes=\"(max-width: 768px) 100vw, 768px\" \/><\/div><\/a>\n\t\t\t\t<div class=\"elementor-post__badge\">Allgemein<\/div>\n\t\t\t\t<div class=\"elementor-post__avatar\">\n\t\t\t\t\t<\/div>\n\t\t\t\t<div class=\"elementor-post__text\">\n\t\t\t\t<h3 class=\"elementor-post__title\">\n\t\t\t<a href=\"https:\/\/www.kunertwellpappe.de\/de\/erfolgreiche-zusammenarbeit-zwischen-ecobat-und-kunert-wellpappe\/\">\n\t\t\t\tErfolgreiche Zusammenarbeit zwischen ecobat und Kunert Wellpappe\t\t\t<\/a>\n\t\t<\/h3>\n\t\t\t\t<div class=\"elementor-post__excerpt\">\n\t\t\t<p>Seit November 2021 vertraut ecobat auf die zuverl\u00e4ssigen Verpackungsl\u00f6sungen von Kunert Wellpappe. In einem aktuellen Interview teilt ecobat seine Erfahrungen und gibt spannende Einblicke in<\/p>\n\t\t<\/div>\n\t\t\n\t\t<a class=\"elementor-post__read-more\" href=\"https:\/\/www.kunertwellpappe.de\/de\/erfolgreiche-zusammenarbeit-zwischen-ecobat-und-kunert-wellpappe\/\" aria-label=\"Mehr \u00fcber Erfolgreiche Zusammenarbeit zwischen ecobat und Kunert Wellpappe\" tabindex=\"-1\">\n\t\t\tWeiterlesen \u00bb\t\t<\/a>\n\n\t\t\t\t<\/div>\n\t\t\t\t<div class=\"elementor-post__meta-data\">\n\t\t\t\t\t<span class=\"elementor-post-date\">\n\t\t\t26. September 2024\t\t<\/span>\n\t\t\t\t<\/div>\n\t\t\t\t\t<\/div>\n\t\t<\/article>\n\t\t\t\t<article class=\"elementor-post elementor-grid-item post-6425 post type-post status-publish format-standard has-post-thumbnail hentry category-verpackung category-verpackungsloesung\" role=\"listitem\">\n\t\t\t<div class=\"elementor-post__card\">\n\t\t\t\t<a class=\"elementor-post__thumbnail__link\" href=\"https:\/\/www.kunertwellpappe.de\/de\/unsere-neue-ee-welle-effizienz-trifft-auf-umweltbewusstsein\/\" tabindex=\"-1\"><div class=\"elementor-post__thumbnail\"><img loading=\"lazy\" decoding=\"async\" width=\"768\" height=\"768\" src=\"https:\/\/www.kunertwellpappe.de\/de\/wp-content\/uploads\/2024\/09\/EE-Welle-768x768.jpg\" class=\"attachment-medium_large size-medium_large wp-image-6426\" alt=\"\" srcset=\"https:\/\/www.kunertwellpappe.de\/de\/wp-content\/uploads\/2024\/09\/EE-Welle-768x768.jpg 768w, https:\/\/www.kunertwellpappe.de\/de\/wp-content\/uploads\/2024\/09\/EE-Welle-300x300.jpg 300w, https:\/\/www.kunertwellpappe.de\/de\/wp-content\/uploads\/2024\/09\/EE-Welle-1024x1024.jpg 1024w, https:\/\/www.kunertwellpappe.de\/de\/wp-content\/uploads\/2024\/09\/EE-Welle-150x150.jpg 150w, https:\/\/www.kunertwellpappe.de\/de\/wp-content\/uploads\/2024\/09\/EE-Welle-700x700.jpg 700w, https:\/\/www.kunertwellpappe.de\/de\/wp-content\/uploads\/2024\/09\/EE-Welle.jpg 1276w\" sizes=\"(max-width: 768px) 100vw, 768px\" \/><\/div><\/a>\n\t\t\t\t<div class=\"elementor-post__badge\">Verpackung<\/div>\n\t\t\t\t<div class=\"elementor-post__avatar\">\n\t\t\t\t\t<\/div>\n\t\t\t\t<div class=\"elementor-post__text\">\n\t\t\t\t<h3 class=\"elementor-post__title\">\n\t\t\t<a href=\"https:\/\/www.kunertwellpappe.de\/de\/unsere-neue-ee-welle-effizienz-trifft-auf-umweltbewusstsein\/\">\n\t\t\t\tUnsere neue EE-Welle: Effizienz trifft auf Umweltbewusstsein\t\t\t<\/a>\n\t\t<\/h3>\n\t\t\t\t<div class=\"elementor-post__excerpt\">\n\t\t\t<p>In Zeiten, in denen nachhaltige L\u00f6sungen mehr denn je im Fokus stehen, setzen wir mit unserer neuen EE-Welle einen weiteren Meilenstein in der Wellpappen-Technologie. Diese<\/p>\n\t\t<\/div>\n\t\t\n\t\t<a class=\"elementor-post__read-more\" href=\"https:\/\/www.kunertwellpappe.de\/de\/unsere-neue-ee-welle-effizienz-trifft-auf-umweltbewusstsein\/\" aria-label=\"Mehr \u00fcber Unsere neue EE-Welle: Effizienz trifft auf Umweltbewusstsein\" tabindex=\"-1\">\n\t\t\tWeiterlesen \u00bb\t\t<\/a>\n\n\t\t\t\t<\/div>\n\t\t\t\t<div class=\"elementor-post__meta-data\">\n\t\t\t\t\t<span class=\"elementor-post-date\">\n\t\t\t18. September 2024\t\t<\/span>\n\t\t\t\t<\/div>\n\t\t\t\t\t<\/div>\n\t\t<\/article>\n\t\t\t\t<article class=\"elementor-post elementor-grid-item post-6406 post type-post status-publish format-standard has-post-thumbnail hentry category-allgemein category-auszeichnung\" role=\"listitem\">\n\t\t\t<div class=\"elementor-post__card\">\n\t\t\t\t<a class=\"elementor-post__thumbnail__link\" href=\"https:\/\/www.kunertwellpappe.de\/de\/herzlichen-glueckwunsch-an-unseren-meister-niklas-kessler\/\" tabindex=\"-1\"><div class=\"elementor-post__thumbnail\"><img loading=\"lazy\" decoding=\"async\" width=\"768\" height=\"768\" src=\"https:\/\/www.kunertwellpappe.de\/de\/wp-content\/uploads\/2024\/08\/Kunert-Wellpappe-Ausbildung-768x768.jpg\" class=\"attachment-medium_large size-medium_large wp-image-6407\" alt=\"\" srcset=\"https:\/\/www.kunertwellpappe.de\/de\/wp-content\/uploads\/2024\/08\/Kunert-Wellpappe-Ausbildung-768x768.jpg 768w, https:\/\/www.kunertwellpappe.de\/de\/wp-content\/uploads\/2024\/08\/Kunert-Wellpappe-Ausbildung-300x300.jpg 300w, https:\/\/www.kunertwellpappe.de\/de\/wp-content\/uploads\/2024\/08\/Kunert-Wellpappe-Ausbildung-1024x1024.jpg 1024w, https:\/\/www.kunertwellpappe.de\/de\/wp-content\/uploads\/2024\/08\/Kunert-Wellpappe-Ausbildung-150x150.jpg 150w, https:\/\/www.kunertwellpappe.de\/de\/wp-content\/uploads\/2024\/08\/Kunert-Wellpappe-Ausbildung-700x700.jpg 700w, https:\/\/www.kunertwellpappe.de\/de\/wp-content\/uploads\/2024\/08\/Kunert-Wellpappe-Ausbildung.jpg 1276w\" sizes=\"(max-width: 768px) 100vw, 768px\" \/><\/div><\/a>\n\t\t\t\t<div class=\"elementor-post__badge\">Allgemein<\/div>\n\t\t\t\t<div class=\"elementor-post__avatar\">\n\t\t\t\t\t<\/div>\n\t\t\t\t<div class=\"elementor-post__text\">\n\t\t\t\t<h3 class=\"elementor-post__title\">\n\t\t\t<a href=\"https:\/\/www.kunertwellpappe.de\/de\/herzlichen-glueckwunsch-an-unseren-meister-niklas-kessler\/\">\n\t\t\t\tHerzlichen Gl\u00fcckwunsch an unseren Meister Niklas Ke\u00dfler!\t\t\t<\/a>\n\t\t<\/h3>\n\t\t\t\t<div class=\"elementor-post__excerpt\">\n\t\t\t<p>Wir sind unglaublich stolz auf unseren Mitarbeiter Niklas Ke\u00dfler, der mit seinen herausragenden Pr\u00fcfungsergebnissen den Meisterbecher der VGP (Vereinigung Gernsbacher Papiermacher e.V.) erhalten hat! \ud83c\udfc6<\/p>\n\t\t<\/div>\n\t\t\n\t\t<a class=\"elementor-post__read-more\" href=\"https:\/\/www.kunertwellpappe.de\/de\/herzlichen-glueckwunsch-an-unseren-meister-niklas-kessler\/\" aria-label=\"Mehr \u00fcber Herzlichen Gl\u00fcckwunsch an unseren Meister Niklas Ke\u00dfler!\" tabindex=\"-1\">\n\t\t\tWeiterlesen \u00bb\t\t<\/a>\n\n\t\t\t\t<\/div>\n\t\t\t\t<div class=\"elementor-post__meta-data\">\n\t\t\t\t\t<span class=\"elementor-post-date\">\n\t\t\t8. August 2024\t\t<\/span>\n\t\t\t\t<\/div>\n\t\t\t\t\t<\/div>\n\t\t<\/article>\n\t\t\t\t<article class=\"elementor-post elementor-grid-item post-6358 post type-post status-publish format-standard has-post-thumbnail hentry category-allgemein\" role=\"listitem\">\n\t\t\t<div class=\"elementor-post__card\">\n\t\t\t\t<a class=\"elementor-post__thumbnail__link\" href=\"https:\/\/www.kunertwellpappe.de\/de\/fahrradleasing-bei-kunert-wellpappe\/\" tabindex=\"-1\"><div class=\"elementor-post__thumbnail\"><img loading=\"lazy\" decoding=\"async\" width=\"768\" height=\"768\" src=\"https:\/\/www.kunertwellpappe.de\/de\/wp-content\/uploads\/2024\/06\/Kunert-Wellpappe-Postingmaterial-16-768x768.jpg\" class=\"attachment-medium_large size-medium_large wp-image-6360\" alt=\"\" srcset=\"https:\/\/www.kunertwellpappe.de\/de\/wp-content\/uploads\/2024\/06\/Kunert-Wellpappe-Postingmaterial-16-768x768.jpg 768w, https:\/\/www.kunertwellpappe.de\/de\/wp-content\/uploads\/2024\/06\/Kunert-Wellpappe-Postingmaterial-16-300x300.jpg 300w, https:\/\/www.kunertwellpappe.de\/de\/wp-content\/uploads\/2024\/06\/Kunert-Wellpappe-Postingmaterial-16-1024x1024.jpg 1024w, https:\/\/www.kunertwellpappe.de\/de\/wp-content\/uploads\/2024\/06\/Kunert-Wellpappe-Postingmaterial-16-150x150.jpg 150w, https:\/\/www.kunertwellpappe.de\/de\/wp-content\/uploads\/2024\/06\/Kunert-Wellpappe-Postingmaterial-16-700x700.jpg 700w, https:\/\/www.kunertwellpappe.de\/de\/wp-content\/uploads\/2024\/06\/Kunert-Wellpappe-Postingmaterial-16.jpg 1276w\" sizes=\"(max-width: 768px) 100vw, 768px\" \/><\/div><\/a>\n\t\t\t\t<div class=\"elementor-post__badge\">Allgemein<\/div>\n\t\t\t\t<div class=\"elementor-post__avatar\">\n\t\t\t\t\t<\/div>\n\t\t\t\t<div class=\"elementor-post__text\">\n\t\t\t\t<h3 class=\"elementor-post__title\">\n\t\t\t<a href=\"https:\/\/www.kunertwellpappe.de\/de\/fahrradleasing-bei-kunert-wellpappe\/\">\n\t\t\t\tFahrradleasing bei Kunert Wellpappe\u00a0\t\t\t<\/a>\n\t\t<\/h3>\n\t\t\t\t<div class=\"elementor-post__excerpt\">\n\t\t\t<p>Steigende Temperaturen, steigende Radlerzahlen \u2013 Fahrradleasing bei Kunert Wellpappe\u00a0\ud83d\udeb4\u200d\u2642\ufe0f\ud83c\udf1e Mit den w\u00e4rmeren Temperaturen sehen wir immer mehr unserer Mitarbeiter:innen, die den Weg zur Arbeit mit<\/p>\n\t\t<\/div>\n\t\t\n\t\t<a class=\"elementor-post__read-more\" href=\"https:\/\/www.kunertwellpappe.de\/de\/fahrradleasing-bei-kunert-wellpappe\/\" aria-label=\"Mehr \u00fcber Fahrradleasing bei Kunert Wellpappe\u00a0\" tabindex=\"-1\">\n\t\t\tWeiterlesen \u00bb\t\t<\/a>\n\n\t\t\t\t<\/div>\n\t\t\t\t<div class=\"elementor-post__meta-data\">\n\t\t\t\t\t<span class=\"elementor-post-date\">\n\t\t\t26. Juni 2024\t\t<\/span>\n\t\t\t\t<\/div>\n\t\t\t\t\t<\/div>\n\t\t<\/article>\n\t\t\t\t<article class=\"elementor-post elementor-grid-item post-6348 post type-post status-publish format-standard has-post-thumbnail hentry category-kuloesungen category-verpackungsloesung tag-schuettgutverpackung\" role=\"listitem\">\n\t\t\t<div class=\"elementor-post__card\">\n\t\t\t\t<a class=\"elementor-post__thumbnail__link\" href=\"https:\/\/www.kunertwellpappe.de\/de\/optimale-schuettgutverpackungen-fuer-den-sicheren-transport-fliessfaehiger-produkte\/\" tabindex=\"-1\"><div class=\"elementor-post__thumbnail\"><img loading=\"lazy\" decoding=\"async\" width=\"768\" height=\"768\" src=\"https:\/\/www.kunertwellpappe.de\/de\/wp-content\/uploads\/2024\/06\/Kunert-Wellpappe_Schuettgutverpackung-768x768.png\" class=\"attachment-medium_large size-medium_large wp-image-6349\" alt=\"\" srcset=\"https:\/\/www.kunertwellpappe.de\/de\/wp-content\/uploads\/2024\/06\/Kunert-Wellpappe_Schuettgutverpackung-768x768.png 768w, https:\/\/www.kunertwellpappe.de\/de\/wp-content\/uploads\/2024\/06\/Kunert-Wellpappe_Schuettgutverpackung-300x300.png 300w, https:\/\/www.kunertwellpappe.de\/de\/wp-content\/uploads\/2024\/06\/Kunert-Wellpappe_Schuettgutverpackung-1024x1024.png 1024w, https:\/\/www.kunertwellpappe.de\/de\/wp-content\/uploads\/2024\/06\/Kunert-Wellpappe_Schuettgutverpackung-150x150.png 150w, https:\/\/www.kunertwellpappe.de\/de\/wp-content\/uploads\/2024\/06\/Kunert-Wellpappe_Schuettgutverpackung-700x700.png 700w, https:\/\/www.kunertwellpappe.de\/de\/wp-content\/uploads\/2024\/06\/Kunert-Wellpappe_Schuettgutverpackung.png 1276w\" sizes=\"(max-width: 768px) 100vw, 768px\" \/><\/div><\/a>\n\t\t\t\t<div class=\"elementor-post__badge\">KuL\u00f6sungen<\/div>\n\t\t\t\t<div class=\"elementor-post__avatar\">\n\t\t\t\t\t<\/div>\n\t\t\t\t<div class=\"elementor-post__text\">\n\t\t\t\t<h3 class=\"elementor-post__title\">\n\t\t\t<a href=\"https:\/\/www.kunertwellpappe.de\/de\/optimale-schuettgutverpackungen-fuer-den-sicheren-transport-fliessfaehiger-produkte\/\">\n\t\t\t\tOptimale Sch\u00fcttgutverpackungen f\u00fcr den sicheren Transport flie\u00dff\u00e4higer Produkte!\t\t\t<\/a>\n\t\t<\/h3>\n\t\t\t\t<div class=\"elementor-post__excerpt\">\n\t\t\t<p>Der Versand von flie\u00dff\u00e4higen Produkten wie Saatgut, Mais, Weizen oder Sonnenblumenkernen erfordert spezielle Verpackungsl\u00f6sungen, um Sch\u00e4den w\u00e4hrend des Transports zu vermeiden. Bei Kunert Wellpappe bieten<\/p>\n\t\t<\/div>\n\t\t\n\t\t<a class=\"elementor-post__read-more\" href=\"https:\/\/www.kunertwellpappe.de\/de\/optimale-schuettgutverpackungen-fuer-den-sicheren-transport-fliessfaehiger-produkte\/\" aria-label=\"Mehr \u00fcber Optimale Sch\u00fcttgutverpackungen f\u00fcr den sicheren Transport flie\u00dff\u00e4higer Produkte!\" tabindex=\"-1\">\n\t\t\tWeiterlesen \u00bb\t\t<\/a>\n\n\t\t\t\t<\/div>\n\t\t\t\t<div class=\"elementor-post__meta-data\">\n\t\t\t\t\t<span class=\"elementor-post-date\">\n\t\t\t21. Juni 2024\t\t<\/span>\n\t\t\t\t<\/div>\n\t\t\t\t\t<\/div>\n\t\t<\/article>\n\t\t\t\t<article class=\"elementor-post elementor-grid-item post-6332 post type-post status-publish format-standard has-post-thumbnail hentry category-ausbildung category-auszeichnung\" role=\"listitem\">\n\t\t\t<div class=\"elementor-post__card\">\n\t\t\t\t<a class=\"elementor-post__thumbnail__link\" href=\"https:\/\/www.kunertwellpappe.de\/de\/einblicke-in-die-projektarbeiten-zur-13-pmt-projektmesse-in-lindau\/\" tabindex=\"-1\"><div class=\"elementor-post__thumbnail\"><img loading=\"lazy\" decoding=\"async\" width=\"768\" height=\"768\" src=\"https:\/\/www.kunertwellpappe.de\/de\/wp-content\/uploads\/2024\/06\/Kunert-Wellpappe-Ausbildung-768x768.png\" class=\"attachment-medium_large size-medium_large wp-image-6336\" alt=\"\" srcset=\"https:\/\/www.kunertwellpappe.de\/de\/wp-content\/uploads\/2024\/06\/Kunert-Wellpappe-Ausbildung-768x768.png 768w, https:\/\/www.kunertwellpappe.de\/de\/wp-content\/uploads\/2024\/06\/Kunert-Wellpappe-Ausbildung-300x300.png 300w, https:\/\/www.kunertwellpappe.de\/de\/wp-content\/uploads\/2024\/06\/Kunert-Wellpappe-Ausbildung-1024x1024.png 1024w, https:\/\/www.kunertwellpappe.de\/de\/wp-content\/uploads\/2024\/06\/Kunert-Wellpappe-Ausbildung-150x150.png 150w, https:\/\/www.kunertwellpappe.de\/de\/wp-content\/uploads\/2024\/06\/Kunert-Wellpappe-Ausbildung-700x700.png 700w, https:\/\/www.kunertwellpappe.de\/de\/wp-content\/uploads\/2024\/06\/Kunert-Wellpappe-Ausbildung.png 1276w\" sizes=\"(max-width: 768px) 100vw, 768px\" \/><\/div><\/a>\n\t\t\t\t<div class=\"elementor-post__badge\">Ausbildung<\/div>\n\t\t\t\t<div class=\"elementor-post__avatar\">\n\t\t\t\t\t<\/div>\n\t\t\t\t<div class=\"elementor-post__text\">\n\t\t\t\t<h3 class=\"elementor-post__title\">\n\t\t\t<a href=\"https:\/\/www.kunertwellpappe.de\/de\/einblicke-in-die-projektarbeiten-zur-13-pmt-projektmesse-in-lindau\/\">\n\t\t\t\tEinblicke in die Projektarbeiten zur  13. PMT-Projektmesse in Lindau\t\t\t<\/a>\n\t\t<\/h3>\n\t\t\t\t<div class=\"elementor-post__excerpt\">\n\t\t\t<p>Wir freuen uns, die besonderen Arbeiten unserer Auszubildenden Maxim Hensel und Maximilian M\u00fcltner vorzustellen, die auf der 13. PMT-Projektmesse in der BSZ Lindau ihre Projektarbeiten<\/p>\n\t\t<\/div>\n\t\t\n\t\t<a class=\"elementor-post__read-more\" href=\"https:\/\/www.kunertwellpappe.de\/de\/einblicke-in-die-projektarbeiten-zur-13-pmt-projektmesse-in-lindau\/\" aria-label=\"Mehr \u00fcber Einblicke in die Projektarbeiten zur  13. PMT-Projektmesse in Lindau\" tabindex=\"-1\">\n\t\t\tWeiterlesen \u00bb\t\t<\/a>\n\n\t\t\t\t<\/div>\n\t\t\t\t<div class=\"elementor-post__meta-data\">\n\t\t\t\t\t<span class=\"elementor-post-date\">\n\t\t\t14. Juni 2024\t\t<\/span>\n\t\t\t\t<\/div>\n\t\t\t\t\t<\/div>\n\t\t<\/article>\n\t\t\t\t<article class=\"elementor-post elementor-grid-item post-6341 post type-post status-publish format-standard has-post-thumbnail hentry category-ausbildung category-auszeichnung\" role=\"listitem\">\n\t\t\t<div class=\"elementor-post__card\">\n\t\t\t\t<a class=\"elementor-post__thumbnail__link\" href=\"https:\/\/www.kunertwellpappe.de\/de\/%f0%9f%8e%89-ehrung-der-tutoren-auf-der-13-pmt-projektmesse-%f0%9f%8e%89\/\" tabindex=\"-1\"><div class=\"elementor-post__thumbnail\"><img loading=\"lazy\" decoding=\"async\" width=\"768\" height=\"768\" src=\"https:\/\/www.kunertwellpappe.de\/de\/wp-content\/uploads\/2024\/06\/Kunert-Wellpappe-Ausbildung-4-768x768.png\" class=\"attachment-medium_large size-medium_large wp-image-6335\" alt=\"\" srcset=\"https:\/\/www.kunertwellpappe.de\/de\/wp-content\/uploads\/2024\/06\/Kunert-Wellpappe-Ausbildung-4-768x768.png 768w, https:\/\/www.kunertwellpappe.de\/de\/wp-content\/uploads\/2024\/06\/Kunert-Wellpappe-Ausbildung-4-300x300.png 300w, https:\/\/www.kunertwellpappe.de\/de\/wp-content\/uploads\/2024\/06\/Kunert-Wellpappe-Ausbildung-4-1024x1024.png 1024w, https:\/\/www.kunertwellpappe.de\/de\/wp-content\/uploads\/2024\/06\/Kunert-Wellpappe-Ausbildung-4-150x150.png 150w, https:\/\/www.kunertwellpappe.de\/de\/wp-content\/uploads\/2024\/06\/Kunert-Wellpappe-Ausbildung-4-700x700.png 700w, https:\/\/www.kunertwellpappe.de\/de\/wp-content\/uploads\/2024\/06\/Kunert-Wellpappe-Ausbildung-4.png 1276w\" sizes=\"(max-width: 768px) 100vw, 768px\" \/><\/div><\/a>\n\t\t\t\t<div class=\"elementor-post__badge\">Ausbildung<\/div>\n\t\t\t\t<div class=\"elementor-post__avatar\">\n\t\t\t\t\t<\/div>\n\t\t\t\t<div class=\"elementor-post__text\">\n\t\t\t\t<h3 class=\"elementor-post__title\">\n\t\t\t<a href=\"https:\/\/www.kunertwellpappe.de\/de\/%f0%9f%8e%89-ehrung-der-tutoren-auf-der-13-pmt-projektmesse-%f0%9f%8e%89\/\">\n\t\t\t\t\ud83c\udf89 Ehrung der Tutoren auf der 13. PMT-Projektmesse \ud83c\udf89\t\t\t<\/a>\n\t\t<\/h3>\n\t\t\t\t<div class=\"elementor-post__excerpt\">\n\t\t\t<p>W\u00e4hrend der 13. PMT-Projektmesse in Lindau wurden die engagierten Tutoren der Abteilung Packmitteltechnologie in einer kleinen Feierstunde ausgezeichnet.\u00a0\ud83d\udc4f Auch David Schmitt von Kunert Wellpappe Bad<\/p>\n\t\t<\/div>\n\t\t\n\t\t<a class=\"elementor-post__read-more\" href=\"https:\/\/www.kunertwellpappe.de\/de\/%f0%9f%8e%89-ehrung-der-tutoren-auf-der-13-pmt-projektmesse-%f0%9f%8e%89\/\" aria-label=\"Mehr \u00fcber \ud83c\udf89 Ehrung der Tutoren auf der 13. PMT-Projektmesse \ud83c\udf89\" tabindex=\"-1\">\n\t\t\tWeiterlesen \u00bb\t\t<\/a>\n\n\t\t\t\t<\/div>\n\t\t\t\t<div class=\"elementor-post__meta-data\">\n\t\t\t\t\t<span class=\"elementor-post-date\">\n\t\t\t12. Juni 2024\t\t<\/span>\n\t\t\t\t<\/div>\n\t\t\t\t\t<\/div>\n\t\t<\/article>\n\t\t\t\t<article class=\"elementor-post elementor-grid-item post-6276 post type-post status-publish format-standard has-post-thumbnail hentry category-allgemein\" role=\"listitem\">\n\t\t\t<div class=\"elementor-post__card\">\n\t\t\t\t<a class=\"elementor-post__thumbnail__link\" href=\"https:\/\/www.kunertwellpappe.de\/de\/industrie-hautnah-rollen-fuer-die-welle\/\" tabindex=\"-1\"><div class=\"elementor-post__thumbnail\"><img loading=\"lazy\" decoding=\"async\" width=\"768\" height=\"634\" src=\"https:\/\/www.kunertwellpappe.de\/de\/wp-content\/uploads\/2024\/06\/aktiv-01.06.24-Kunert-768x634.png\" class=\"attachment-medium_large size-medium_large wp-image-6277\" alt=\"\" srcset=\"https:\/\/www.kunertwellpappe.de\/de\/wp-content\/uploads\/2024\/06\/aktiv-01.06.24-Kunert-768x634.png 768w, https:\/\/www.kunertwellpappe.de\/de\/wp-content\/uploads\/2024\/06\/aktiv-01.06.24-Kunert-300x248.png 300w, https:\/\/www.kunertwellpappe.de\/de\/wp-content\/uploads\/2024\/06\/aktiv-01.06.24-Kunert-1024x845.png 1024w, https:\/\/www.kunertwellpappe.de\/de\/wp-content\/uploads\/2024\/06\/aktiv-01.06.24-Kunert-1536x1267.png 1536w, https:\/\/www.kunertwellpappe.de\/de\/wp-content\/uploads\/2024\/06\/aktiv-01.06.24-Kunert-2048x1690.png 2048w\" sizes=\"(max-width: 768px) 100vw, 768px\" \/><\/div><\/a>\n\t\t\t\t<div class=\"elementor-post__badge\">Allgemein<\/div>\n\t\t\t\t<div class=\"elementor-post__avatar\">\n\t\t\t\t\t<\/div>\n\t\t\t\t<div class=\"elementor-post__text\">\n\t\t\t\t<h3 class=\"elementor-post__title\">\n\t\t\t<a href=\"https:\/\/www.kunertwellpappe.de\/de\/industrie-hautnah-rollen-fuer-die-welle\/\">\n\t\t\t\tIndustrie hautnah: Rollen f\u00fcr die Welle\t\t\t<\/a>\n\t\t<\/h3>\n\t\t\t\t<div class=\"elementor-post__excerpt\">\n\t\t\t<p>Vielen Dank an \u201eaktiv\u201c! Die Autorin Maja Becker-Mohr gibt in Ihrem Bericht \u201eRollen f\u00fcr die Welle\u201c einen interessanten Blick hinter die Kulissen von Kunert Wellpappe<\/p>\n\t\t<\/div>\n\t\t\n\t\t<a class=\"elementor-post__read-more\" href=\"https:\/\/www.kunertwellpappe.de\/de\/industrie-hautnah-rollen-fuer-die-welle\/\" aria-label=\"Mehr \u00fcber Industrie hautnah: Rollen f\u00fcr die Welle\" tabindex=\"-1\">\n\t\t\tWeiterlesen \u00bb\t\t<\/a>\n\n\t\t\t\t<\/div>\n\t\t\t\t<div class=\"elementor-post__meta-data\">\n\t\t\t\t\t<span class=\"elementor-post-date\">\n\t\t\t10. Juni 2024\t\t<\/span>\n\t\t\t\t<\/div>\n\t\t\t\t\t<\/div>\n\t\t<\/article>\n\t\t\t\t<article class=\"elementor-post elementor-grid-item post-6190 post type-post status-publish format-standard has-post-thumbnail hentry category-interview\" role=\"listitem\">\n\t\t\t<div class=\"elementor-post__card\">\n\t\t\t\t<a class=\"elementor-post__thumbnail__link\" href=\"https:\/\/www.kunertwellpappe.de\/de\/interview-mit-tamina-hilgert-industriemechanikerin-bei-kunert-wellpappe\/\" tabindex=\"-1\"><div class=\"elementor-post__thumbnail\"><img loading=\"lazy\" decoding=\"async\" width=\"768\" height=\"512\" src=\"https:\/\/www.kunertwellpappe.de\/de\/wp-content\/uploads\/2023\/12\/72dpi_mgo-media_6X2A3444-768x512.jpg\" class=\"attachment-medium_large size-medium_large wp-image-5375\" alt=\"\" srcset=\"https:\/\/www.kunertwellpappe.de\/de\/wp-content\/uploads\/2023\/12\/72dpi_mgo-media_6X2A3444-768x512.jpg 768w, https:\/\/www.kunertwellpappe.de\/de\/wp-content\/uploads\/2023\/12\/72dpi_mgo-media_6X2A3444-300x200.jpg 300w, https:\/\/www.kunertwellpappe.de\/de\/wp-content\/uploads\/2023\/12\/72dpi_mgo-media_6X2A3444-1024x683.jpg 1024w, https:\/\/www.kunertwellpappe.de\/de\/wp-content\/uploads\/2023\/12\/72dpi_mgo-media_6X2A3444-1536x1024.jpg 1536w, https:\/\/www.kunertwellpappe.de\/de\/wp-content\/uploads\/2023\/12\/72dpi_mgo-media_6X2A3444.jpg 1620w\" sizes=\"(max-width: 768px) 100vw, 768px\" \/><\/div><\/a>\n\t\t\t\t<div class=\"elementor-post__badge\">Interview<\/div>\n\t\t\t\t<div class=\"elementor-post__avatar\">\n\t\t\t\t\t<\/div>\n\t\t\t\t<div class=\"elementor-post__text\">\n\t\t\t\t<h3 class=\"elementor-post__title\">\n\t\t\t<a href=\"https:\/\/www.kunertwellpappe.de\/de\/interview-mit-tamina-hilgert-industriemechanikerin-bei-kunert-wellpappe\/\">\n\t\t\t\tInterview mit Tamina Hilgert &#8211; Industriemechanikerin bei KUNERT Wellpappe\t\t\t<\/a>\n\t\t<\/h3>\n\t\t\t\t<div class=\"elementor-post__excerpt\">\n\t\t\t<p>1 Wie alt bist Du Tamina? 21 2 Und welche Ausbildung hast Du gemacht? Ich bin Industriemechanikerin und habe die Ausbildung 2022 abgeschlossen. 3 Hast<\/p>\n\t\t<\/div>\n\t\t\n\t\t<a class=\"elementor-post__read-more\" href=\"https:\/\/www.kunertwellpappe.de\/de\/interview-mit-tamina-hilgert-industriemechanikerin-bei-kunert-wellpappe\/\" aria-label=\"Mehr \u00fcber Interview mit Tamina Hilgert &#8211; Industriemechanikerin bei KUNERT Wellpappe\" tabindex=\"-1\">\n\t\t\tWeiterlesen \u00bb\t\t<\/a>\n\n\t\t\t\t<\/div>\n\t\t\t\t<div class=\"elementor-post__meta-data\">\n\t\t\t\t\t<span class=\"elementor-post-date\">\n\t\t\t10. Mai 2024\t\t<\/span>\n\t\t\t\t<\/div>\n\t\t\t\t\t<\/div>\n\t\t<\/article>\n\t\t\t\t<\/div>\n\t\t\n\t\t\t\t<div class=\"e-load-more-anchor\" data-page=\"1\" data-max-page=\"6\" data-next-page=\"https:\/\/www.kunertwellpappe.de\/de\/wp-json\/wp\/v2\/pages\/101\/page\/2\/\"><\/div>\n\t\t\t\t<nav class=\"elementor-pagination\" aria-label=\"Seitennummerierung\">\n\t\t\t<span aria-current=\"page\" class=\"page-numbers current\"><span class=\"elementor-screen-only\">Seite<\/span>1<\/span>\n<a class=\"page-numbers\" href=\"https:\/\/www.kunertwellpappe.de\/de\/wp-json\/wp\/v2\/pages\/101\/page\/2\/\"><span class=\"elementor-screen-only\">Seite<\/span>2<\/a>\n<a class=\"page-numbers\" href=\"https:\/\/www.kunertwellpappe.de\/de\/wp-json\/wp\/v2\/pages\/101\/page\/3\/\"><span class=\"elementor-screen-only\">Seite<\/span>3<\/a>\n<a class=\"page-numbers\" href=\"https:\/\/www.kunertwellpappe.de\/de\/wp-json\/wp\/v2\/pages\/101\/page\/4\/\"><span class=\"elementor-screen-only\">Seite<\/span>4<\/a>\n<a class=\"page-numbers\" href=\"https:\/\/www.kunertwellpappe.de\/de\/wp-json\/wp\/v2\/pages\/101\/page\/5\/\"><span class=\"elementor-screen-only\">Seite<\/span>5<\/a>\t\t<\/nav>\n\t\t\t\t\t\t<\/div>\n\t\t\t\t<\/div>\n\t\t\t\t\t<\/div>\n\t\t<\/div>\n\t\t\t\t<div class=\"elementor-column elementor-col-33 elementor-top-column elementor-element elementor-element-68c49af\" data-id=\"68c49af\" data-element_type=\"column\" data-e-type=\"column\" data-settings=\"{&quot;background_background&quot;:&quot;classic&quot;}\">\n\t\t\t<div class=\"elementor-widget-wrap elementor-element-populated\">\n\t\t\t\t\t\t<div class=\"elementor-element elementor-element-f907673 elementor-widget elementor-widget-wp-widget-search\" data-id=\"f907673\" data-element_type=\"widget\" data-e-type=\"widget\" data-widget_type=\"wp-widget-search.default\">\n\t\t\t\t<div class=\"elementor-widget-container\">\n\t\t\t\t\t<form method=\"get\" class=\"search-form\" action=\"https:\/\/www.kunertwellpappe.de\/de\/\">\n\t<label>\n\t\t<span class=\"screen-reader-text\">Suche nach:<\/span>\n\t\t<input type=\"search\" class=\"search-field\" placeholder=\"Suchen\u00a0\u2026\" value=\"\" name=\"s\" title=\"Suche nach:\">\n\t<\/label>\n\t<input type=\"submit\" class=\"search-submit\" value=\"Suchen\"><\/form>\n\t\t\t\t<\/div>\n\t\t\t\t<\/div>\n\t\t\t\t<div class=\"elementor-element elementor-element-13dbad9 elementor-widget elementor-widget-wp-widget-categories\" data-id=\"13dbad9\" data-element_type=\"widget\" data-e-type=\"widget\" data-widget_type=\"wp-widget-categories.default\">\n\t\t\t\t<div class=\"elementor-widget-container\">\n\t\t\t\t\t<h5>KATEGORIEN<\/h5>\n\t\t\t<ul>\n\t\t\t\t\t<li class=\"cat-item cat-item-1\"><a href=\"https:\/\/www.kunertwellpappe.de\/de\/category\/allgemein\/\">Allgemein<\/a>\n<\/li>\n\t<li class=\"cat-item cat-item-18\"><a href=\"https:\/\/www.kunertwellpappe.de\/de\/category\/ausbildung\/\">Ausbildung<\/a>\n<\/li>\n\t<li class=\"cat-item cat-item-16\"><a href=\"https:\/\/www.kunertwellpappe.de\/de\/category\/auszeichnung\/\">Auszeichnung<\/a>\n<\/li>\n\t<li class=\"cat-item cat-item-34\"><a href=\"https:\/\/www.kunertwellpappe.de\/de\/category\/automobilbranche\/\">Automobilbranche<\/a>\n<\/li>\n\t<li class=\"cat-item cat-item-45\"><a href=\"https:\/\/www.kunertwellpappe.de\/de\/category\/co2-einsparung\/\">CO2-Einsparung<\/a>\n<\/li>\n\t<li class=\"cat-item cat-item-52\"><a href=\"https:\/\/www.kunertwellpappe.de\/de\/category\/interview\/\">Interview<\/a>\n<\/li>\n\t<li class=\"cat-item cat-item-42\"><a href=\"https:\/\/www.kunertwellpappe.de\/de\/category\/karriere\/\">Karriere<\/a>\n<\/li>\n\t<li class=\"cat-item cat-item-35\"><a href=\"https:\/\/www.kunertwellpappe.de\/de\/category\/konstruktionsverpackung\/\">Konstruktionsverpackung<\/a>\n<\/li>\n\t<li class=\"cat-item cat-item-43\"><a href=\"https:\/\/www.kunertwellpappe.de\/de\/category\/kuloesungen\/\">KuL\u00f6sungen<\/a>\n<\/li>\n\t<li class=\"cat-item cat-item-39\"><a href=\"https:\/\/www.kunertwellpappe.de\/de\/category\/logistik\/\">Logistik<\/a>\n<\/li>\n\t<li class=\"cat-item cat-item-19\"><a href=\"https:\/\/www.kunertwellpappe.de\/de\/category\/messe\/\">Messe<\/a>\n<\/li>\n\t<li class=\"cat-item cat-item-38\"><a href=\"https:\/\/www.kunertwellpappe.de\/de\/category\/nachhaltigkeit\/\">Nachhaltigkeit<\/a>\n<\/li>\n\t<li class=\"cat-item cat-item-14\"><a href=\"https:\/\/www.kunertwellpappe.de\/de\/category\/pressemitteilung\/\">Pressemitteilung<\/a>\n<\/li>\n\t<li class=\"cat-item cat-item-8\"><a href=\"https:\/\/www.kunertwellpappe.de\/de\/category\/verpackung\/\">Verpackung<\/a>\n<\/li>\n\t<li class=\"cat-item cat-item-7\"><a href=\"https:\/\/www.kunertwellpappe.de\/de\/category\/verpackungsloesung\/\">Verpackungsl\u00f6sung<\/a>\n<\/li>\n\t<li class=\"cat-item cat-item-46\"><a href=\"https:\/\/www.kunertwellpappe.de\/de\/category\/weiterbildung\/\">Weiterbildung<\/a>\n<\/li>\n\t\t\t<\/ul>\n\n\t\t\t\t\t\t\t<\/div>\n\t\t\t\t<\/div>\n\t\t\t\t<div class=\"elementor-element elementor-element-38e3698 elementor-widget elementor-widget-wp-widget-tag_cloud\" data-id=\"38e3698\" data-element_type=\"widget\" data-e-type=\"widget\" data-widget_type=\"wp-widget-tag_cloud.default\">\n\t\t\t\t<div class=\"elementor-widget-container\">\n\t\t\t\t\t<h5>THEMENFELDER<\/h5><div class=\"tagcloud\"><a href=\"https:\/\/www.kunertwellpappe.de\/de\/tag\/a-level-auszeichnung\/\" class=\"tag-cloud-link tag-link-26 tag-link-position-1\" style=\"font-size: 8pt;\" aria-label=\"A-Level-Auszeichnung (1\u00a0Eintrag)\">A-Level-Auszeichnung<\/a>\n<a href=\"https:\/\/www.kunertwellpappe.de\/de\/tag\/design\/\" class=\"tag-cloud-link tag-link-12 tag-link-position-2\" style=\"font-size: 8pt;\" aria-label=\"Design (1\u00a0Eintrag)\">Design<\/a>\n<a href=\"https:\/\/www.kunertwellpappe.de\/de\/tag\/e-commerce-verpackungen\/\" class=\"tag-cloud-link tag-link-51 tag-link-position-3\" style=\"font-size: 8pt;\" aria-label=\"E-Commerce Verpackungen (1\u00a0Eintrag)\">E-Commerce Verpackungen<\/a>\n<a href=\"https:\/\/www.kunertwellpappe.de\/de\/tag\/einweihung\/\" class=\"tag-cloud-link tag-link-15 tag-link-position-4\" style=\"font-size: 8pt;\" aria-label=\"Einweihung (1\u00a0Eintrag)\">Einweihung<\/a>\n<a href=\"https:\/\/www.kunertwellpappe.de\/de\/tag\/entwicklung\/\" class=\"tag-cloud-link tag-link-11 tag-link-position-5\" style=\"font-size: 8pt;\" aria-label=\"Entwicklung (1\u00a0Eintrag)\">Entwicklung<\/a>\n<a href=\"https:\/\/www.kunertwellpappe.de\/de\/tag\/faltkisten\/\" class=\"tag-cloud-link tag-link-36 tag-link-position-6\" style=\"font-size: 8pt;\" aria-label=\"Faltkisten (1\u00a0Eintrag)\">Faltkisten<\/a>\n<a href=\"https:\/\/www.kunertwellpappe.de\/de\/tag\/garnrollenverpackung\/\" class=\"tag-cloud-link tag-link-10 tag-link-position-7\" style=\"font-size: 8pt;\" aria-label=\"Garnrollenverpackung (1\u00a0Eintrag)\">Garnrollenverpackung<\/a>\n<a href=\"https:\/\/www.kunertwellpappe.de\/de\/tag\/gebaeudeneubau\/\" class=\"tag-cloud-link tag-link-22 tag-link-position-8\" style=\"font-size: 8pt;\" aria-label=\"Geb\u00e4udeneubau (1\u00a0Eintrag)\">Geb\u00e4udeneubau<\/a>\n<a href=\"https:\/\/www.kunertwellpappe.de\/de\/tag\/innovationspreis\/\" class=\"tag-cloud-link tag-link-17 tag-link-position-9\" style=\"font-size: 8pt;\" aria-label=\"Innovationspreis (1\u00a0Eintrag)\">Innovationspreis<\/a>\n<a href=\"https:\/\/www.kunertwellpappe.de\/de\/tag\/kammersieger\/\" class=\"tag-cloud-link tag-link-21 tag-link-position-10\" style=\"font-size: 22pt;\" aria-label=\"Kammersieger (2\u00a0Eintr\u00e4ge)\">Kammersieger<\/a>\n<a href=\"https:\/\/www.kunertwellpappe.de\/de\/tag\/konstruktive-inneneinrichtung%e2%80%8b\/\" class=\"tag-cloud-link tag-link-37 tag-link-position-11\" style=\"font-size: 8pt;\" aria-label=\"konstruktive Inneneinrichtung\u200b (1\u00a0Eintrag)\">konstruktive Inneneinrichtung\u200b<\/a>\n<a href=\"https:\/\/www.kunertwellpappe.de\/de\/tag\/lagerbehaelter\/\" class=\"tag-cloud-link tag-link-33 tag-link-position-12\" style=\"font-size: 8pt;\" aria-label=\"Lagerbeh\u00e4lter (1\u00a0Eintrag)\">Lagerbeh\u00e4lter<\/a>\n<a href=\"https:\/\/www.kunertwellpappe.de\/de\/tag\/lieferzuverlaessigkeit\/\" class=\"tag-cloud-link tag-link-28 tag-link-position-13\" style=\"font-size: 8pt;\" aria-label=\"Lieferzuverl\u00e4ssigkeit (1\u00a0Eintrag)\">Lieferzuverl\u00e4ssigkeit<\/a>\n<a href=\"https:\/\/www.kunertwellpappe.de\/de\/tag\/nachhaltigkeit\/\" class=\"tag-cloud-link tag-link-24 tag-link-position-14\" style=\"font-size: 8pt;\" aria-label=\"Nachhaltigkeit (1\u00a0Eintrag)\">Nachhaltigkeit<\/a>\n<a href=\"https:\/\/www.kunertwellpappe.de\/de\/tag\/neues-logistikzentrum\/\" class=\"tag-cloud-link tag-link-29 tag-link-position-15\" style=\"font-size: 8pt;\" aria-label=\"neues Logistikzentrum (1\u00a0Eintrag)\">neues Logistikzentrum<\/a>\n<a href=\"https:\/\/www.kunertwellpappe.de\/de\/tag\/qualitaet\/\" class=\"tag-cloud-link tag-link-27 tag-link-position-16\" style=\"font-size: 8pt;\" aria-label=\"Qualit\u00e4t (1\u00a0Eintrag)\">Qualit\u00e4t<\/a>\n<a href=\"https:\/\/www.kunertwellpappe.de\/de\/tag\/schuettgutverpackung\/\" class=\"tag-cloud-link tag-link-53 tag-link-position-17\" style=\"font-size: 8pt;\" aria-label=\"Sch\u00fcttgutverpackung (1\u00a0Eintrag)\">Sch\u00fcttgutverpackung<\/a>\n<a href=\"https:\/\/www.kunertwellpappe.de\/de\/tag\/soziale-verantwortung\/\" class=\"tag-cloud-link tag-link-23 tag-link-position-18\" style=\"font-size: 8pt;\" aria-label=\"soziale Verantwortung (1\u00a0Eintrag)\">soziale Verantwortung<\/a>\n<a href=\"https:\/\/www.kunertwellpappe.de\/de\/tag\/start-ups\/\" class=\"tag-cloud-link tag-link-30 tag-link-position-19\" style=\"font-size: 22pt;\" aria-label=\"Start Ups (2\u00a0Eintr\u00e4ge)\">Start Ups<\/a>\n<a href=\"https:\/\/www.kunertwellpappe.de\/de\/tag\/umweltfreundlich\/\" class=\"tag-cloud-link tag-link-25 tag-link-position-20\" style=\"font-size: 8pt;\" aria-label=\"Umweltfreundlich (1\u00a0Eintrag)\">Umweltfreundlich<\/a>\n<a href=\"https:\/\/www.kunertwellpappe.de\/de\/tag\/wabendesign\/\" class=\"tag-cloud-link tag-link-9 tag-link-position-21\" style=\"font-size: 8pt;\" aria-label=\"Wabendesign (1\u00a0Eintrag)\">Wabendesign<\/a><\/div>\n\t\t\t\t<\/div>\n\t\t\t\t<\/div>\n\t\t\t\t<div class=\"elementor-element elementor-element-467748d elementor-widget elementor-widget-wp-widget-archives\" data-id=\"467748d\" data-element_type=\"widget\" data-e-type=\"widget\" data-widget_type=\"wp-widget-archives.default\">\n\t\t\t\t<div class=\"elementor-widget-container\">\n\t\t\t\t\t<h5>ARCHIV<\/h5>\n\t\t\t<ul>\n\t\t\t\t\t<li><a href=\"https:\/\/www.kunertwellpappe.de\/de\/2026\/04\/\">April 2026<\/a><\/li>\n\t<li><a href=\"https:\/\/www.kunertwellpappe.de\/de\/2025\/12\/\">Dezember 2025<\/a><\/li>\n\t<li><a href=\"https:\/\/www.kunertwellpappe.de\/de\/2025\/07\/\">Juli 2025<\/a><\/li>\n\t<li><a href=\"https:\/\/www.kunertwellpappe.de\/de\/2025\/06\/\">Juni 2025<\/a><\/li>\n\t<li><a href=\"https:\/\/www.kunertwellpappe.de\/de\/2025\/05\/\">Mai 2025<\/a><\/li>\n\t<li><a href=\"https:\/\/www.kunertwellpappe.de\/de\/2025\/03\/\">M\u00e4rz 2025<\/a><\/li>\n\t<li><a href=\"https:\/\/www.kunertwellpappe.de\/de\/2025\/02\/\">Februar 2025<\/a><\/li>\n\t<li><a href=\"https:\/\/www.kunertwellpappe.de\/de\/2024\/12\/\">Dezember 2024<\/a><\/li>\n\t<li><a href=\"https:\/\/www.kunertwellpappe.de\/de\/2024\/09\/\">September 2024<\/a><\/li>\n\t<li><a href=\"https:\/\/www.kunertwellpappe.de\/de\/2024\/08\/\">August 2024<\/a><\/li>\n\t<li><a href=\"https:\/\/www.kunertwellpappe.de\/de\/2024\/06\/\">Juni 2024<\/a><\/li>\n\t<li><a href=\"https:\/\/www.kunertwellpappe.de\/de\/2024\/05\/\">Mai 2024<\/a><\/li>\n\t<li><a href=\"https:\/\/www.kunertwellpappe.de\/de\/2024\/04\/\">April 2024<\/a><\/li>\n\t<li><a href=\"https:\/\/www.kunertwellpappe.de\/de\/2024\/03\/\">M\u00e4rz 2024<\/a><\/li>\n\t<li><a href=\"https:\/\/www.kunertwellpappe.de\/de\/2024\/02\/\">Februar 2024<\/a><\/li>\n\t<li><a href=\"https:\/\/www.kunertwellpappe.de\/de\/2023\/12\/\">Dezember 2023<\/a><\/li>\n\t<li><a href=\"https:\/\/www.kunertwellpappe.de\/de\/2023\/11\/\">November 2023<\/a><\/li>\n\t<li><a href=\"https:\/\/www.kunertwellpappe.de\/de\/2023\/09\/\">September 2023<\/a><\/li>\n\t<li><a href=\"https:\/\/www.kunertwellpappe.de\/de\/2023\/08\/\">August 2023<\/a><\/li>\n\t<li><a href=\"https:\/\/www.kunertwellpappe.de\/de\/2023\/07\/\">Juli 2023<\/a><\/li>\n\t<li><a href=\"https:\/\/www.kunertwellpappe.de\/de\/2023\/06\/\">Juni 2023<\/a><\/li>\n\t<li><a href=\"https:\/\/www.kunertwellpappe.de\/de\/2023\/05\/\">Mai 2023<\/a><\/li>\n\t<li><a href=\"https:\/\/www.kunertwellpappe.de\/de\/2023\/03\/\">M\u00e4rz 2023<\/a><\/li>\n\t<li><a href=\"https:\/\/www.kunertwellpappe.de\/de\/2023\/01\/\">Januar 2023<\/a><\/li>\n\t<li><a href=\"https:\/\/www.kunertwellpappe.de\/de\/2022\/12\/\">Dezember 2022<\/a><\/li>\n\t<li><a href=\"https:\/\/www.kunertwellpappe.de\/de\/2022\/11\/\">November 2022<\/a><\/li>\n\t<li><a href=\"https:\/\/www.kunertwellpappe.de\/de\/2022\/10\/\">Oktober 2022<\/a><\/li>\n\t<li><a href=\"https:\/\/www.kunertwellpappe.de\/de\/2022\/08\/\">August 2022<\/a><\/li>\n\t<li><a href=\"https:\/\/www.kunertwellpappe.de\/de\/2022\/07\/\">Juli 2022<\/a><\/li>\n\t<li><a href=\"https:\/\/www.kunertwellpappe.de\/de\/2022\/06\/\">Juni 2022<\/a><\/li>\n\t<li><a href=\"https:\/\/www.kunertwellpappe.de\/de\/2022\/04\/\">April 2022<\/a><\/li>\n\t<li><a href=\"https:\/\/www.kunertwellpappe.de\/de\/2022\/03\/\">M\u00e4rz 2022<\/a><\/li>\n\t<li><a href=\"https:\/\/www.kunertwellpappe.de\/de\/2022\/01\/\">Januar 2022<\/a><\/li>\n\t<li><a href=\"https:\/\/www.kunertwellpappe.de\/de\/2021\/12\/\">Dezember 2021<\/a><\/li>\n\t<li><a href=\"https:\/\/www.kunertwellpappe.de\/de\/2021\/10\/\">Oktober 2021<\/a><\/li>\n\t<li><a href=\"https:\/\/www.kunertwellpappe.de\/de\/2021\/09\/\">September 2021<\/a><\/li>\n\t<li><a href=\"https:\/\/www.kunertwellpappe.de\/de\/2021\/07\/\">Juli 2021<\/a><\/li>\n\t<li><a href=\"https:\/\/www.kunertwellpappe.de\/de\/2021\/06\/\">Juni 2021<\/a><\/li>\n\t<li><a href=\"https:\/\/www.kunertwellpappe.de\/de\/2021\/03\/\">M\u00e4rz 2021<\/a><\/li>\n\t<li><a href=\"https:\/\/www.kunertwellpappe.de\/de\/2021\/02\/\">Februar 2021<\/a><\/li>\n\t<li><a href=\"https:\/\/www.kunertwellpappe.de\/de\/2021\/01\/\">Januar 2021<\/a><\/li>\n\t<li><a href=\"https:\/\/www.kunertwellpappe.de\/de\/2020\/12\/\">Dezember 2020<\/a><\/li>\n\t<li><a href=\"https:\/\/www.kunertwellpappe.de\/de\/2020\/11\/\">November 2020<\/a><\/li>\n\t<li><a href=\"https:\/\/www.kunertwellpappe.de\/de\/2020\/10\/\">Oktober 2020<\/a><\/li>\n\t<li><a href=\"https:\/\/www.kunertwellpappe.de\/de\/2020\/09\/\">September 2020<\/a><\/li>\n\t<li><a href=\"https:\/\/www.kunertwellpappe.de\/de\/2020\/08\/\">August 2020<\/a><\/li>\n\t<li><a href=\"https:\/\/www.kunertwellpappe.de\/de\/2020\/06\/\">Juni 2020<\/a><\/li>\n\t<li><a href=\"https:\/\/www.kunertwellpappe.de\/de\/2020\/05\/\">Mai 2020<\/a><\/li>\n\t<li><a href=\"https:\/\/www.kunertwellpappe.de\/de\/2020\/04\/\">April 2020<\/a><\/li>\n\t<li><a href=\"https:\/\/www.kunertwellpappe.de\/de\/2020\/01\/\">Januar 2020<\/a><\/li>\n\t<li><a href=\"https:\/\/www.kunertwellpappe.de\/de\/2019\/12\/\">Dezember 2019<\/a><\/li>\n\t<li><a href=\"https:\/\/www.kunertwellpappe.de\/de\/2019\/09\/\">September 2019<\/a><\/li>\n\t<li><a href=\"https:\/\/www.kunertwellpappe.de\/de\/2018\/10\/\">Oktober 2018<\/a><\/li>\n\t<li><a href=\"https:\/\/www.kunertwellpappe.de\/de\/2018\/09\/\">September 2018<\/a><\/li>\n\t<li><a href=\"https:\/\/www.kunertwellpappe.de\/de\/2018\/07\/\">Juli 2018<\/a><\/li>\n\t<li><a href=\"https:\/\/www.kunertwellpappe.de\/de\/2018\/03\/\">M\u00e4rz 2018<\/a><\/li>\n\t<li><a href=\"https:\/\/www.kunertwellpappe.de\/de\/2017\/11\/\">November 2017<\/a><\/li>\n\t<li><a href=\"https:\/\/www.kunertwellpappe.de\/de\/2017\/10\/\">Oktober 2017<\/a><\/li>\n\t<li><a href=\"https:\/\/www.kunertwellpappe.de\/de\/2017\/09\/\">September 2017<\/a><\/li>\n\t<li><a href=\"https:\/\/www.kunertwellpappe.de\/de\/2017\/07\/\">Juli 2017<\/a><\/li>\n\t<li><a href=\"https:\/\/www.kunertwellpappe.de\/de\/2017\/06\/\">Juni 2017<\/a><\/li>\n\t<li><a href=\"https:\/\/www.kunertwellpappe.de\/de\/2017\/05\/\">Mai 2017<\/a><\/li>\n\t<li><a href=\"https:\/\/www.kunertwellpappe.de\/de\/2017\/01\/\">Januar 2017<\/a><\/li>\n\t<li><a href=\"https:\/\/www.kunertwellpappe.de\/de\/2016\/11\/\">November 2016<\/a><\/li>\n\t\t\t<\/ul>\n\n\t\t\t\t\t\t\t<\/div>\n\t\t\t\t<\/div>\n\t\t\t\t\t<\/div>\n\t\t<\/div>\n\t\t\t\t\t<\/div>\n\t\t<\/section>\n\t\t\t\t<\/div>\n\t\t","protected":false},"excerpt":{"rendered":"<p>NEWS &#038; INTERESSANTES rund um WELLPAPPE und die KUNERT UNTERNEHMENSGRUPPE<\/p>\n","protected":false},"author":3,"featured_media":0,"parent":0,"menu_order":0,"comment_status":"closed","ping_status":"closed","template":"","meta":{"_jf_save_progress":"","footnotes":""},"class_list":["post-101","page","type-page","status-publish","hentry"],"_links":{"self":[{"href":"https:\/\/www.kunertwellpappe.de\/de\/wp-json\/wp\/v2\/pages\/101","targetHints":{"allow":["GET"]}}],"collection":[{"href":"https:\/\/www.kunertwellpappe.de\/de\/wp-json\/wp\/v2\/pages"}],"about":[{"href":"https:\/\/www.kunertwellpappe.de\/de\/wp-json\/wp\/v2\/types\/page"}],"author":[{"embeddable":true,"href":"https:\/\/www.kunertwellpappe.de\/de\/wp-json\/wp\/v2\/users\/3"}],"replies":[{"embeddable":true,"href":"https:\/\/www.kunertwellpappe.de\/de\/wp-json\/wp\/v2\/comments?post=101"}],"version-history":[{"count":31,"href":"https:\/\/www.kunertwellpappe.de\/de\/wp-json\/wp\/v2\/pages\/101\/revisions"}],"predecessor-version":[{"id":4372,"href":"https:\/\/www.kunertwellpappe.de\/de\/wp-json\/wp\/v2\/pages\/101\/revisions\/4372"}],"wp:attachment":[{"href":"https:\/\/www.kunertwellpappe.de\/de\/wp-json\/wp\/v2\/media?parent=101"}],"curies":[{"name":"wp","href":"https:\/\/api.w.org\/{rel}","templated":true}]}}